{"id":9973,"date":"2020-11-24T19:24:12","date_gmt":"2020-11-24T23:24:12","guid":{"rendered":"https:\/\/elsurti.com\/?post_type=caso-plan-terror&#038;p=9973"},"modified":"2022-07-06T12:51:20","modified_gmt":"2022-07-06T16:51:20","slug":"violencia-sexual-contra-campesinas-en-desalojo-liderado-por-ministro-del-interior","status":"publish","type":"caso-plan-terror","link":"https:\/\/elsurti.com\/pt\/soberanas\/violencias\/caso-plan-terror\/violencia-sexual-contra-campesinas-en-desalojo-liderado-por-ministro-del-interior\/","title":{"rendered":"Violencia sexual contra campesinas en desalojo liderado por ministro del Interior"},"content":{"rendered":"<p><a rel=\"noreferrer noopener\" href=\"https:\/\/elsurti.com\/pt\/un-crimen-de-poder\/\" target=\"_blank\">Mujeres campesinas denunciaron a polic\u00edas comandados por el entonces ministro del Interior Walter Bower por abuso sexual y tortura. <\/a>Cerca de 400 polic\u00edas desalojaron la ocupaci\u00f3n de una fracci\u00f3n de la estancia de los Burr\u00f3 Sarubbi. Uno de los propietarios era Nicol\u00e1s Burr\u00f3 Sarubbi, antiguo miembro del Consejo del Instituto de Bienestar Rural (IBR), el actual Indert. M\u00e1s de 800 campesinos y campesinas hab\u00edan ingresado all\u00ed por considerarlo un latifundio improductivo: una sola familia ten\u00eda 17.000 hect\u00e1reas. Un a\u00f1o despu\u00e9s del desalojo, el comisario que encabez\u00f3 el operativo, Jos\u00e9 Dolores S\u00e1nchez, fue ascendido a sub comandante de la Polic\u00eda.<\/p>","protected":false},"excerpt":{"rendered":"<p>Un grupo de campesinas denunci\u00f3 violencia sexual y tortura por parte de polic\u00edas en un brutal desalojo.<\/p>","protected":false},"author":1,"featured_media":10055,"template":"","tags":[],"fenomeno":[49],"tema":[50],"acf":[],"_links":{"self":[{"href":"https:\/\/elsurti.com\/pt\/wp-json\/wp\/v2\/caso-plan-terror\/9973"}],"collection":[{"href":"https:\/\/elsurti.com\/pt\/wp-json\/wp\/v2\/caso-plan-terror"}],"about":[{"href":"https:\/\/elsurti.com\/pt\/wp-json\/wp\/v2\/types\/caso-plan-terror"}],"author":[{"embeddable":true,"href":"https:\/\/elsurti.com\/pt\/wp-json\/wp\/v2\/users\/1"}],"version-history":[{"count":3,"href":"https:\/\/elsurti.com\/pt\/wp-json\/wp\/v2\/caso-plan-terror\/9973\/revisions"}],"predecessor-version":[{"id":9978,"href":"https:\/\/elsurti.com\/pt\/wp-json\/wp\/v2\/caso-plan-terror\/9973\/revisions\/9978"}],"wp:featuredmedia":[{"embeddable":true,"href":"https:\/\/elsurti.com\/pt\/wp-json\/wp\/v2\/media\/10055"}],"wp:attachment":[{"href":"https:\/\/elsurti.com\/pt\/wp-json\/wp\/v2\/media?parent=9973"}],"wp:term":[{"taxonomy":"post_tag","embeddable":true,"href":"https:\/\/elsurti.com\/pt\/wp-json\/wp\/v2\/tags?post=9973"},{"taxonomy":"fenomeno","embeddable":true,"href":"https:\/\/elsurti.com\/pt\/wp-json\/wp\/v2\/fenomeno?post=9973"},{"taxonomy":"tema","embeddable":true,"href":"https:\/\/elsurti.com\/pt\/wp-json\/wp\/v2\/tema?post=9973"}],"curies":[{"name":"wp","href":"https:\/\/api.w.org\/{rel}","templated":true}]}}