{"id":65998,"date":"2024-09-12T21:02:54","date_gmt":"2024-09-13T01:02:54","guid":{"rendered":"https:\/\/elsurti.com\/?page_id=65998"},"modified":"2024-09-16T10:40:58","modified_gmt":"2024-09-16T14:40:58","slug":"una-de-cal-y-otra-de-miseria","status":"publish","type":"page","link":"https:\/\/elsurti.com\/pt\/una-de-cal-y-otra-de-miseria\/","title":{"rendered":"Una de cal y otra de miseria"},"content":{"rendered":"<div data-elementor-type=\"wp-page\" data-elementor-id=\"65998\" class=\"elementor elementor-65998\" data-elementor-post-type=\"page\">\n\t\t\t\t\t\t<section data-particle_enable=\"false\" data-particle-mobile-disabled=\"false\" class=\"elementor-section elementor-top-section elementor-element elementor-element-7d4b2a6 elementor-section-height-min-height elementor-section-items-top elementor-section-content-middle elementor-section-boxed elementor-section-height-default\" data-id=\"7d4b2a6\" data-element_type=\"section\" data-settings=\"{&quot;background_background&quot;:&quot;video&quot;,&quot;background_video_link&quot;:&quot;https:\\\/\\\/elsurti.com\\\/wp-content\\\/uploads\\\/2024\\\/09\\\/ElSurti-Vallemi-Oscuro.mp4&quot;,&quot;background_play_on_mobile&quot;:&quot;yes&quot;}\">\n\t\t\t\t\t\t\t\t<div class=\"elementor-background-video-container\">\n\t\t\t\t\t\t\t\t\t\t\t\t\t<video class=\"elementor-background-video-hosted elementor-html5-video\" autoplay muted playsinline loop><\/video>\n\t\t\t\t\t\t\t\t\t\t\t<\/div>\n\t\t\t\t\t\t\t\t<div class=\"elementor-container elementor-column-gap-default\">\n\t\t\t\t\t<div class=\"elementor-column elementor-col-100 elementor-top-column elementor-element elementor-element-e4ce84e\" data-id=\"e4ce84e\" data-element_type=\"column\">\n\t\t\t<div class=\"elementor-widget-wrap elementor-element-populated\">\n\t\t\t\t\t\t<div class=\"elementor-element elementor-element-fae158d elementor-align-center elementor-mobile-align-center elementor-widget elementor-widget-button\" data-id=\"fae158d\" data-element_type=\"widget\" data-widget_type=\"button.default\">\n\t\t\t\t<div class=\"elementor-widget-container\">\n\t\t\t\t\t\t\t<div class=\"elementor-button-wrapper\">\n\t\t\t\t\t<a class=\"elementor-button elementor-button-link elementor-size-xs\" href=\"https:\/\/elsurti.com\/pt\/futuros\/\">\n\t\t\t\t\t\t<span class=\"elementor-button-content-wrapper\">\n\t\t\t\t\t\t\t\t\t<span class=\"elementor-button-text\">Futuros<\/span>\n\t\t\t\t\t<\/span>\n\t\t\t\t\t<\/a>\n\t\t\t\t<\/div>\n\t\t\t\t\t\t<\/div>\n\t\t\t\t<\/div>\n\t\t\t\t<div class=\"elementor-element elementor-element-fb6e0cc elementor-widget elementor-widget-heading\" data-id=\"fb6e0cc\" data-element_type=\"widget\" data-widget_type=\"heading.default\">\n\t\t\t\t<div class=\"elementor-widget-container\">\n\t\t\t<h2 class=\"elementor-heading-title elementor-size-default\">Una de cal y otra de miseria<\/h2>\t\t<\/div>\n\t\t\t\t<\/div>\n\t\t\t\t<div class=\"elementor-element elementor-element-8d69a2d elementor-widget elementor-widget-heading\" data-id=\"8d69a2d\" data-element_type=\"widget\" data-widget_type=\"heading.default\">\n\t\t\t\t<div class=\"elementor-widget-container\">\n\t\t\t<h4 class=\"elementor-heading-title elementor-size-default\">El boom de la construcci\u00f3n y el agro se sostiene con el trabajo f\u00edsico y en condiciones extremas de obreros de la industria de la cal y el cemento. <\/h4>\t\t<\/div>\n\t\t\t\t<\/div>\n\t\t\t\t<div class=\"elementor-element elementor-element-fcb8d89 elementor-widget elementor-widget-heading\" data-id=\"fcb8d89\" data-element_type=\"widget\" data-widget_type=\"heading.default\">\n\t\t\t\t<div class=\"elementor-widget-container\">\n\t\t\t<h4 class=\"elementor-heading-title elementor-size-default\"><br>reportaje: aldo ben\u00edtez \u00b7 edici\u00f3n: jazm\u00edn acu\u00f1a<\/h4>\t\t<\/div>\n\t\t\t\t<\/div>\n\t\t\t\t\t<\/div>\n\t\t<\/div>\n\t\t\t\t\t<\/div>\n\t\t<\/section>\n\t\t\t\t<section data-particle_enable=\"false\" data-particle-mobile-disabled=\"false\" class=\"elementor-section elementor-top-section elementor-element elementor-element-57dd133 elementor-section-boxed elementor-section-height-default elementor-section-height-default\" data-id=\"57dd133\" data-element_type=\"section\">\n\t\t\t\t\t\t<div class=\"elementor-container elementor-column-gap-default\">\n\t\t\t\t\t<div class=\"elementor-column elementor-col-100 elementor-top-column elementor-element elementor-element-d146d98\" data-id=\"d146d98\" data-element_type=\"column\">\n\t\t\t<div class=\"elementor-widget-wrap elementor-element-populated\">\n\t\t\t\t\t\t<div class=\"elementor-element elementor-element-b5e6fc6 elementor-widget elementor-widget-heading\" data-id=\"b5e6fc6\" data-element_type=\"widget\" data-widget_type=\"heading.default\">\n\t\t\t\t<div class=\"elementor-widget-container\">\n\t\t\t<h2 class=\"elementor-heading-title elementor-size-default\">En ning\u00fan lugar como Vallem\u00ed es tan descarnada la contradicci\u00f3n entre la riqueza de las \u00e9lites econ\u00f3micas de Paraguay y la pobreza de quienes producen su materia prima.<\/h2>\t\t<\/div>\n\t\t\t\t<\/div>\n\t\t\t\t<div class=\"elementor-element elementor-element-7cc558a elementor-widget elementor-widget-text-editor\" data-id=\"7cc558a\" data-element_type=\"widget\" data-widget_type=\"text-editor.default\">\n\t\t\t\t<div class=\"elementor-widget-container\">\n\t\t\t\t\t\t\t<p style=\"text-align: center;\">Publicado: 16\u00b711\u00b72024<\/p>\t\t\t\t\t\t<\/div>\n\t\t\t\t<\/div>\n\t\t\t\t<div class=\"elementor-element elementor-element-4270ce9 elementor-drop-cap-yes elementor-drop-cap-view-default elementor-widget elementor-widget-text-editor\" data-id=\"4270ce9\" data-element_type=\"widget\" data-settings=\"{&quot;drop_cap&quot;:&quot;yes&quot;}\" data-widget_type=\"text-editor.default\">\n\t\t\t\t<div class=\"elementor-widget-container\">\n\t\t\t\t\t\t\t<p>Las piedras calizas deben caber en una mano. Sentado sobre el tronco de un lapacho, un ni\u00f1o de 11 a\u00f1os trata de romperlas con un martillo. Pica, pica, pica, hasta que lo logra. Los restos de uno de los enormes minerales extra\u00eddos de un cerro convertido en cantera, una explotaci\u00f3n minera a cielo abierto, se quiebran. Deben quedar lo m\u00e1s peque\u00f1as posible para tirarlas a la calera, un horno artesanal, de donde finalmente saldr\u00e1n convertidas en cal viva.<\/p>\t\t\t\t\t\t<\/div>\n\t\t\t\t<\/div>\n\t\t\t\t<div class=\"elementor-element elementor-element-6499b50 elementor-widget elementor-widget-text-editor\" data-id=\"6499b50\" data-element_type=\"widget\" data-widget_type=\"text-editor.default\">\n\t\t\t\t<div class=\"elementor-widget-container\">\n\t\t\t\t\t\t\t<p>Del horno, que ya est\u00e1 encendido, sale un humo espeso, asfixiante y que cubre con un polvo blanco toda la zona donde ni\u00f1os, adolescentes y adultos trabajan picando piedras. Son cerca de las 11 de la ma\u00f1ana de un d\u00eda de julio, y aunque es invierno en Paraguay, hace calor y a\u00fan m\u00e1s en esta cantera de Vallem\u00ed, en el distrito de San L\u00e1zaro del departamento de Concepci\u00f3n, frontera con Brasil. Esta escena se repite sin pausas todo el a\u00f1o, de lunes a s\u00e1bado, desde antes que salga el sol y durante diez horas seguidas por d\u00eda. Si hay mayor demanda, las familias tambi\u00e9n sacrifican sus domingos.<\/p><p>El trabajo se hace sin nada en la cabeza o en las manos para protegerse. Como m\u00e1ximo sistema de seguridad, los caleros y mineros llevan alg\u00fan trapo o una remera en el rostro para evitar inhalar el humo o resistir el calor. Las manos de la mayor\u00eda se poblaron de tantos callos que act\u00faan como una capa protectora de la piel. Pero en esta ciudad, coraz\u00f3n de la producci\u00f3n de cemento y cal del pa\u00eds, la cuesti\u00f3n es simple: <b>hay que llegar a producir al menos 200 bolsas de cal para comer hoy. Ma\u00f1ana ser\u00e1 otro d\u00eda.\u00a0<\/b><\/p><p>En el horno de Edson Ram\u00edrez, un hombre robusto de 49 a\u00f1os, con la piel curtida y la voz ronca, el fuego est\u00e1 activo y debe superar los 1.000 grados de temperatura para que las piedras calizas puedan cocinarse. Lo construyeron su padre y su abuelo en los a\u00f1os 70. Ram\u00edrez dice que naci\u00f3 y creci\u00f3 entre cal, rocas y canteras, que esto es lo \u00fanico que sabe y quiere hacer en su vida. Su situaci\u00f3n es similar a la de varias familias del distrito de San L\u00e1zaro, donde viven <a href=\"https:\/\/elsurti.com\/wp-content\/uploads\/2024\/09\/PoblacionSanLazaro.pdf\">12.121 personas<\/a> seg\u00fan los \u00faltimos censos.<b> Son familias que llevan d\u00e9cadas explotando los cerros que rodean Vallem\u00ed a paso lento pero incesante y cuya forma de trabajo sigue siendo r\u00fastica, autogestionada y peligrosa.\u00a0<\/b><\/p><p>Para Ram\u00edrez no hay dudas. \u00abSi no trabajamos en esto, no tenemos ninguna oportunidad\u00bb. Con \u00e9l trabajan 12 personas.<\/p>\t\t\t\t\t\t<\/div>\n\t\t\t\t<\/div>\n\t\t\t\t<div class=\"elementor-element elementor-element-cf4292c elementor-widget elementor-widget-image\" data-id=\"cf4292c\" data-element_type=\"widget\" data-widget_type=\"image.default\">\n\t\t\t\t<div class=\"elementor-widget-container\">\n\t\t\t\t\t\t\t\t\t\t<figure class=\"wp-caption\">\n\t\t\t\t\t\t\t\t\t\t<img fetchpriority=\"high\" decoding=\"async\" width=\"1024\" height=\"683\" src=\"https:\/\/elsurti.com\/wp-content\/uploads\/2024\/09\/ElisaMarecos-12-1024x683.jpg\" class=\"attachment-large size-large wp-image-66008\" alt=\"\" srcset=\"https:\/\/elsurti.com\/wp-content\/uploads\/2024\/09\/ElisaMarecos-12-1024x683.jpg 1024w, https:\/\/elsurti.com\/wp-content\/uploads\/2024\/09\/ElisaMarecos-12-300x200.jpg 300w, https:\/\/elsurti.com\/wp-content\/uploads\/2024\/09\/ElisaMarecos-12-768x512.jpg 768w, https:\/\/elsurti.com\/wp-content\/uploads\/2024\/09\/ElisaMarecos-12-50x33.jpg 50w, https:\/\/elsurti.com\/wp-content\/uploads\/2024\/09\/ElisaMarecos-12-1600x1067.jpg 1600w, https:\/\/elsurti.com\/wp-content\/uploads\/2024\/09\/ElisaMarecos-12-1536x1024.jpg 1536w, https:\/\/elsurti.com\/wp-content\/uploads\/2024\/09\/ElisaMarecos-12-2048x1365.jpg 2048w, https:\/\/elsurti.com\/wp-content\/uploads\/2024\/09\/ElisaMarecos-12-18x12.jpg 18w\" sizes=\"(max-width: 1024px) 100vw, 1024px\" \/>\t\t\t\t\t\t\t\t\t\t\t<figcaption class=\"widget-image-caption wp-caption-text\">Una de las pocas oportunidades laborales que tienen pobladores  de Vallem\u00ed, incluyendo adolescentes, es el trabajo en las caleras picando las piedras que se convertir\u00e1n en cal. Foto: Elisa Marecos &amp; Sandino Flecha.<\/figcaption>\n\t\t\t\t\t\t\t\t\t\t<\/figure>\n\t\t\t\t\t\t\t<\/div>\n\t\t\t\t<\/div>\n\t\t\t\t<div class=\"elementor-element elementor-element-050c691 elementor-widget elementor-widget-text-editor\" data-id=\"050c691\" data-element_type=\"widget\" data-widget_type=\"text-editor.default\">\n\t\t\t\t<div class=\"elementor-widget-container\">\n\t\t\t\t\t\t\t<p>Toda la escena transcurre en tierras de la Industria Nacional del Cemento o INC, empresa estatal propietaria de 13 cerros en Vallem\u00ed en un territorio de 3.000 hect\u00e1reas. Las piedras que se comercializan en la zona salen de canteras bajo su dominio.\u00a0<\/p><p>La calera de Ram\u00edrez tiene siete metros de altura con una abertura en lo alto por donde se lo alimenta con le\u00f1as y las piedras que se deben cocinar. Cuando est\u00e1n cocidas caen en la base del horno. Los trabajadores se turnan para sacarlas y aguantar el calor. Operan con rastrillos y unas carretillas de hierro capaces de soportar altas temperaturas y el peso de los materiales trabajados. Como no hay ning\u00fan tipo de \u00abmedidor de minerales\u00bb, los caleros conf\u00edan en su conocimiento emp\u00edrico para determinar cuando el producto est\u00e1 listo. Con un simple sonido que hacen al caer, dicen reconocer la pureza del mineral. Con una pala separan los que son m\u00e1s puros y que servir\u00e1n para la venta.<\/p><p>Lo que queda como cal viva se deposita en bolsas apiladas bajo un peque\u00f1o techo improvisado de eternit que funge como dep\u00f3sito. Bolsas de 30 kilos de caleras como la de Edson Ram\u00edrez se venden a proveedores de la construcci\u00f3n a menos de 2 d\u00f3lares americanos (G 13.500) en Vallem\u00ed. Este mismo producto, una vez que llega a Asunci\u00f3n u otra zona del pa\u00eds puede costar m\u00e1s del doble (entre G 30.000 y 35.000).\u00a0<\/p><p>Si su destino final no es un proyecto de casa, de infraestructura p\u00fablica o un edificio lujoso de la capital \u2014la cara visible de un \u201cboom inmobiliario\u201d que ostentan las desarrolladoras\u2014, las bolsas se destinan a las grandes extensiones de tierra del agronegocio, rubro que encontr\u00f3 en la cal agr\u00edcola una forma de combatir la degradaci\u00f3n del suelo, especialmente de los cultivos para soja.\u00a0<\/p><p>En ese caso, las bolsas no son de cal viva, sino de piedras dolomitas explotadas de las canteras de Vallem\u00ed. Empresas agro caleras pagan a los mineros unos 9 d\u00f3lares (G 68.000) por cada tonelada de este mineral. Luego, procesan las piedras para convertirlas en cal agr\u00edcola que venden a 23 d\u00f3lares (G 180.000) la tonelada.<\/p>\t\t\t\t\t\t<\/div>\n\t\t\t\t<\/div>\n\t\t\t\t<div class=\"elementor-element elementor-element-dd0d8be elementor-widget elementor-widget-image\" data-id=\"dd0d8be\" data-element_type=\"widget\" data-widget_type=\"image.default\">\n\t\t\t\t<div class=\"elementor-widget-container\">\n\t\t\t\t\t\t\t\t\t\t<figure class=\"wp-caption\">\n\t\t\t\t\t\t\t\t\t\t<img decoding=\"async\" width=\"1024\" height=\"683\" src=\"https:\/\/elsurti.com\/wp-content\/uploads\/2024\/09\/ElisaMarecos-6-1024x683.jpg\" class=\"attachment-large size-large wp-image-66018\" alt=\"\" srcset=\"https:\/\/elsurti.com\/wp-content\/uploads\/2024\/09\/ElisaMarecos-6-1024x683.jpg 1024w, https:\/\/elsurti.com\/wp-content\/uploads\/2024\/09\/ElisaMarecos-6-300x200.jpg 300w, https:\/\/elsurti.com\/wp-content\/uploads\/2024\/09\/ElisaMarecos-6-768x512.jpg 768w, https:\/\/elsurti.com\/wp-content\/uploads\/2024\/09\/ElisaMarecos-6-50x33.jpg 50w, https:\/\/elsurti.com\/wp-content\/uploads\/2024\/09\/ElisaMarecos-6-1600x1067.jpg 1600w, https:\/\/elsurti.com\/wp-content\/uploads\/2024\/09\/ElisaMarecos-6-1536x1024.jpg 1536w, https:\/\/elsurti.com\/wp-content\/uploads\/2024\/09\/ElisaMarecos-6-2048x1365.jpg 2048w, https:\/\/elsurti.com\/wp-content\/uploads\/2024\/09\/ElisaMarecos-6-18x12.jpg 18w\" sizes=\"(max-width: 1024px) 100vw, 1024px\" \/>\t\t\t\t\t\t\t\t\t\t\t<figcaption class=\"widget-image-caption wp-caption-text\">Cal viva reci\u00e9n salida de un horno. El procesamiento de este mineral comienza con la explosi\u00f3n de las canteras. Foto: Elisa Marecos &amp; Sandino Flecha.<\/figcaption>\n\t\t\t\t\t\t\t\t\t\t<\/figure>\n\t\t\t\t\t\t\t<\/div>\n\t\t\t\t<\/div>\n\t\t\t\t<div class=\"elementor-element elementor-element-896e25f elementor-widget elementor-widget-text-editor\" data-id=\"896e25f\" data-element_type=\"widget\" data-widget_type=\"text-editor.default\">\n\t\t\t\t<div class=\"elementor-widget-container\">\n\t\t\t\t\t\t\t<h1>Lo que esconde el boom de la construcci\u00f3n y el agronegocio<\/h1><p>Tanto la construcci\u00f3n como el agronegocio fueron dos de las industrias que explican <a href=\"https:\/\/drive.google.com\/file\/d\/1c3RXQMtnCgNBOe42t6lxN2g3sxlasR8D\/view?usp=sharing\">el crecimiento macroecon\u00f3mico<\/a> del pa\u00eds. Solo en un a\u00f1o, de agosto de 2023 a agosto de 2024, el Ministerio de Obras P\u00fablicas (MOPC) desembols\u00f3 unos 461,7 millones d\u00f3lares (G 3,5 billones) en el rubro obras ejecutadas, cifra que duplica la del periodo anterior. En cuanto al agronegocio, la exportaci\u00f3n de soja en 2023 <a href=\"https:\/\/capeco.org.py\/2023\/12\/21\/capeco-realizo-la-evaluacion-2023-del-sector-agricola-y-su-cadena-de-valor\/\">se triplic\u00f3 con respecto al 2022<\/a>, con m\u00e1s de 6 millones de toneladas del grano comercializadas. Paraguay es el <a href=\"https:\/\/capeco.org.py\/ranking-mundial-es\/\">tercer mayor exportador<\/a> de la oleaginosa en el mundo, y el sexto mayor productor. Los multimillonarios ingresos y ganancias de estos sectores no son inocuos: <b>ambos emiten las mayores cantidades de gases de efecto invernadero en Paraguay, culpables del calentamiento global.<\/b><\/p><p>Cada a\u00f1o se estima que <a href=\"https:\/\/www.nature.com\/articles\/s41598-022-18773-w\">un tercio de las emisiones globales <\/a>de gases provienen del sistema de producci\u00f3n de alimentos, donde el agronegocio tiene un rol clave. En Paraguay, es el sector que m\u00e1s gases emite: <a href=\"https:\/\/drive.google.com\/file\/d\/1yI4w34TLWXIu_Sufq7B0cum1yFLLB9i4\/view?usp=sharing\">50,2% del total de las emisiones<\/a> del pa\u00eds. Este porcentaje no contempla las emisiones resultado de actividades como el \u201ccambio de uso de suelo\u201d, que implica la p\u00e9rdida acelerada de bosques \u00fanicos como los del Chaco y el Bosque Atl\u00e1ntico Alto Paran\u00e1 por la deforestaci\u00f3n, y con ello la capacidad de capturar el carbono que calienta peligrosamente el planeta.<\/p><p>La industria de la cal y el cemento tambi\u00e9n hace su parte. En el sector industrial de Paraguay, <a href=\"https:\/\/drive.google.com\/file\/d\/1yI4w34TLWXIu_Sufq7B0cum1yFLLB9i4\/view?usp=sharing\">su producci\u00f3n<\/a> representa el 34,88% de las emisiones de CO2. A nivel global es responsable del <a href=\"https:\/\/www.nature.com\/articles\/s41467-023-43660-x\">8% de las emisiones<\/a>, y la producci\u00f3n se proyecta al alza. No sorprende: despu\u00e9s del agua, el cemento es el material hecho por humanos <a href=\"https:\/\/www.theguardian.com\/cities\/2019\/feb\/25\/concrete-the-most-destructive-material-on-earth\">m\u00e1s consumido<\/a> de la Tierra. Tambi\u00e9n, el que m\u00e1s abusos de poder instiga. Seg\u00fan un estudio de <a href=\"https:\/\/www.transparency.org\/es\/press\/20081209-ti-report-emerging-economic-giants-show-high-levels-of-corporate-b\">Transparencia Internacional<\/a>, la industria de la construcci\u00f3n es la m\u00e1s corrupta en el mundo. La historia reciente de Latinoam\u00e9rica es testigo. Uno de los mayores esc\u00e1ndalos de corrupci\u00f3n, la operaci\u00f3n Lava Jato, tuvo de protagonistas a constructoras como Odebrecht, involucradas en megaproyectos de infraestructura p\u00fablica en varios pa\u00edses.\u00a0<\/p><p>Los sobrecostos en obras y otras irregularidades en la construcci\u00f3n explican las peores posiciones de Paraguay en los rankings regionales y globales de corrupci\u00f3n. La aparente irracionalidad de algunos desarrollos tambi\u00e9n se entienden con fen\u00f3menos como la especulaci\u00f3n inmobiliaria. Pero la incapacidad de reventa de departamentos en megaedificios que se erigen en Asunci\u00f3n <a href=\"https:\/\/www.ultimahora.com\/sospechosa-proliferacion-edificios-fantasmas-asuncion-n3051536\">despierta sospechas<\/a>. En 2023, la Secretar\u00eda de Tributaci\u00f3n (SET) orden\u00f3 fiscalizar a decenas de empresas del rubro por indicios de <a href=\"https:\/\/www.ultimahora.com\/set-detecta-indicios-de-evasion-y-lavado-en-el-negocio-inmobiliario\">lavado de dinero y evasi\u00f3n de impuestos<\/a>.\u00a0<\/p><p>Los ingresos que dejan de recibir los gobiernos, el crimen organizado asociado al lavado y la degradaci\u00f3n ambiental son algunas de las caras poco glamorosas del crecimiento econ\u00f3mico del pa\u00eds. <b>Pero en ning\u00fan lugar como en Vallem\u00ed se vuelve m\u00e1s visible la contradicci\u00f3n entre la riqueza de las \u00e9lites del agro y la construcci\u00f3n, y la pobreza de quienes producen la materia prima que en parte sostiene a ambos sectores.<\/b> El d\u00eda a d\u00eda de caleros y mineros, con los rostros sucios y cansados, inhalando polvos que <a href=\"https:\/\/www.sciencedirect.com\/science\/article\/abs\/pii\/S0045653518321957\">pueden enfermarlos<\/a>, posibilitan esa riqueza. Todo con la complicidad del Estado.<\/p>\t\t\t\t\t\t<\/div>\n\t\t\t\t<\/div>\n\t\t\t\t<div class=\"elementor-element elementor-element-7b6aba8 elementor-widget elementor-widget-image\" data-id=\"7b6aba8\" data-element_type=\"widget\" data-widget_type=\"image.default\">\n\t\t\t\t<div class=\"elementor-widget-container\">\n\t\t\t\t\t\t\t\t\t\t<figure class=\"wp-caption\">\n\t\t\t\t\t\t\t\t\t\t<img decoding=\"async\" width=\"1024\" height=\"683\" src=\"https:\/\/elsurti.com\/wp-content\/uploads\/2024\/09\/SandinoFlecha-4-1-1024x683.jpg\" class=\"attachment-large size-large wp-image-66019\" alt=\"\" srcset=\"https:\/\/elsurti.com\/wp-content\/uploads\/2024\/09\/SandinoFlecha-4-1-1024x683.jpg 1024w, https:\/\/elsurti.com\/wp-content\/uploads\/2024\/09\/SandinoFlecha-4-1-300x200.jpg 300w, https:\/\/elsurti.com\/wp-content\/uploads\/2024\/09\/SandinoFlecha-4-1-768x512.jpg 768w, https:\/\/elsurti.com\/wp-content\/uploads\/2024\/09\/SandinoFlecha-4-1-50x33.jpg 50w, https:\/\/elsurti.com\/wp-content\/uploads\/2024\/09\/SandinoFlecha-4-1-1600x1067.jpg 1600w, https:\/\/elsurti.com\/wp-content\/uploads\/2024\/09\/SandinoFlecha-4-1-1536x1024.jpg 1536w, https:\/\/elsurti.com\/wp-content\/uploads\/2024\/09\/SandinoFlecha-4-1-2048x1365.jpg 2048w, https:\/\/elsurti.com\/wp-content\/uploads\/2024\/09\/SandinoFlecha-4-1-18x12.jpg 18w\" sizes=\"(max-width: 1024px) 100vw, 1024px\" \/>\t\t\t\t\t\t\t\t\t\t\t<figcaption class=\"widget-image-caption wp-caption-text\">Los trabajadores de las caleras operan mayormente sin sistemas de seguridad requeridos. Foto: Elisa Marecos &amp; Sandino Flecha.<\/figcaption>\n\t\t\t\t\t\t\t\t\t\t<\/figure>\n\t\t\t\t\t\t\t<\/div>\n\t\t\t\t<\/div>\n\t\t\t\t<div class=\"elementor-element elementor-element-9e9d528 elementor-widget elementor-widget-text-editor\" data-id=\"9e9d528\" data-element_type=\"widget\" data-widget_type=\"text-editor.default\">\n\t\t\t\t<div class=\"elementor-widget-container\">\n\t\t\t\t\t\t\t<h1><b>Due\u00f1os de nada en tierras p\u00fablicas\u00a0<\/b><\/h1><p>Las dinamitas en gel, conocidas como \u00abbananas\u00bb, se colocan en agujeros abiertos sobre grandes rocas del cerro de donde saldr\u00e1n las piedras calizas o dolomitas que son abundantes en el distrito de San L\u00e1zaro. Una especie de cuerda, el \u201ccord\u00f3n detonante\u201d, se anexa a la mecha para hacer contacto con el \u201cfulminante de fuego\u201d, un diminuto artefacto parecido a una colilla de cigarrillo, pero de metal, que permite la detonaci\u00f3n.\u00a0<\/p><p>Se extiende el cord\u00f3n detonante. Los trabajadores alrededor saben que deben alejarse. La ceremonia est\u00e1 lista. S\u00f3lo queda encender la mecha y esperar que sea una \u00abbuena explosi\u00f3n\u00bb.\u00a0<\/p><p>A pesar de los casi 400 metros de distancia, el suelo se sacude un poco bajo los pies de los observadores. El ruido de la explosi\u00f3n intimida. A lo lejos se ve una mezcla espesa de arena, piedras, tierra y polvo que sale expulsada hacia arriba, como un chorro de agua que revienta. La felicidad de Juan Pablo Torres, encargado de la explotaci\u00f3n de esta cantera, es total. Sabe que ha sido una buena explosi\u00f3n.\u00a0<\/p><p>\u201cNo volaron piedras a gran altura. Eso quiere decir que la dinamita quebr\u00f3 las grandes piedras y las levant\u00f3\u201d, explica mientras camina apresurado hacia el pozo profundo que qued\u00f3 en el lugar dinamitado. Tiene 43 a\u00f1os, y aunque estudi\u00f3 en Asunci\u00f3n, volvi\u00f3 a San L\u00e1zaro para trabajar en las canteras. Dice que son parte de su vida y el sustento econ\u00f3mico de su familia.<\/p>\t\t\t\t\t\t<\/div>\n\t\t\t\t<\/div>\n\t\t\t\t<div class=\"elementor-element elementor-element-d3c0fcf elementor-widget elementor-widget-image\" data-id=\"d3c0fcf\" data-element_type=\"widget\" data-widget_type=\"image.default\">\n\t\t\t\t<div class=\"elementor-widget-container\">\n\t\t\t\t\t\t\t\t\t\t<figure class=\"wp-caption\">\n\t\t\t\t\t\t\t\t\t\t<img loading=\"lazy\" decoding=\"async\" width=\"1024\" height=\"767\" src=\"https:\/\/elsurti.com\/wp-content\/uploads\/2024\/09\/SandinoFlecha-2-1024x767.jpg\" class=\"attachment-large size-large wp-image-66021\" alt=\"\" srcset=\"https:\/\/elsurti.com\/wp-content\/uploads\/2024\/09\/SandinoFlecha-2-1024x767.jpg 1024w, https:\/\/elsurti.com\/wp-content\/uploads\/2024\/09\/SandinoFlecha-2-300x225.jpg 300w, https:\/\/elsurti.com\/wp-content\/uploads\/2024\/09\/SandinoFlecha-2-768x575.jpg 768w, https:\/\/elsurti.com\/wp-content\/uploads\/2024\/09\/SandinoFlecha-2-50x37.jpg 50w, https:\/\/elsurti.com\/wp-content\/uploads\/2024\/09\/SandinoFlecha-2-1600x1198.jpg 1600w, https:\/\/elsurti.com\/wp-content\/uploads\/2024\/09\/SandinoFlecha-2-1536x1150.jpg 1536w, https:\/\/elsurti.com\/wp-content\/uploads\/2024\/09\/SandinoFlecha-2-2048x1534.jpg 2048w, https:\/\/elsurti.com\/wp-content\/uploads\/2024\/09\/SandinoFlecha-2-16x12.jpg 16w\" sizes=\"(max-width: 1024px) 100vw, 1024px\" \/>\t\t\t\t\t\t\t\t\t\t\t<figcaption class=\"widget-image-caption wp-caption-text\">En Vallem\u00ed, el coraz\u00f3n de la producci\u00f3n de cal y cemento en Paraguay, las tardes se cubren de un manto de polvo que sale de los hornos y el constante movimiento de camiones. Foto: Elisa Marecos &amp; Sandino Flecha.<\/figcaption>\n\t\t\t\t\t\t\t\t\t\t<\/figure>\n\t\t\t\t\t\t\t<\/div>\n\t\t\t\t<\/div>\n\t\t\t\t<div class=\"elementor-element elementor-element-aa7f578 elementor-widget elementor-widget-text-editor\" data-id=\"aa7f578\" data-element_type=\"widget\" data-widget_type=\"text-editor.default\">\n\t\t\t\t<div class=\"elementor-widget-container\">\n\t\t\t\t\t\t\t<p>En 1947, mucho antes de la incursi\u00f3n de la INC, la empresa Vallem\u00ed SA inici\u00f3 la explotaci\u00f3n a mayor escala. Esta firma de capital argentino se adue\u00f1\u00f3 de miles de hect\u00e1reas en la regi\u00f3n para hacer negocios con los minerales. Oper\u00f3 algunos a\u00f1os hasta que en 1967 se declar\u00f3 en quiebra y todos sus bienes pasaron a nombre del Banco Central del Paraguay. Fue entonces que el dictador Alfredo Stroessner decidi\u00f3 crear la cementera estatal, que empez\u00f3 a operar oficialmente en 1970 y se convirti\u00f3 en un actor principal en el micromundo de habitantes como Juan Pablo Torres.\u00a0<\/p><p>Ten\u00eda raz\u00f3n sobre la explosi\u00f3n. Ha sido un \u00e9xito. El sitio, que era como un terrapl\u00e9n de piedra, se convirti\u00f3 en una peque\u00f1a monta\u00f1a de grandes rocas. \u00c9l y los doce\u00a0 trabajadores que operan en la cantera a su cargo las seleccionan y las separan seg\u00fan el mineral que tiene predominio. Por un lado van las calizas, y por el otro las dolomitas, que se diferencian por el color.\u00a0<\/p><p>Las dolomitas se venden a grandes f\u00e1bricas que las convierten en cal agr\u00edcola. Las calizas van a los hornos artesanales como los de Edson Ram\u00edrez. Hace unas d\u00e9cadas operaba una calera por cada cantera. Hoy hay menos caleras funcionando &#8211; <a href=\"https:\/\/drive.google.com\/file\/d\/1r8z7o3SaDJic4hGg_y41sGqLdwPayxN0\/view?usp=sharing\">quince <\/a>seg\u00fan el municipio &#8211; pero el trabajo en las canteras sigue siendo el sustento econ\u00f3mico de toda la zona. All\u00ed funcionan alrededor de 40, aunque para el Viceministerio de Minas y Energ\u00edas solo est\u00e1n habilitadas <a href=\"https:\/\/drive.google.com\/file\/d\/13gP5hHYoJG1mai_YQpUFnb-F6h0b9D6s\/view?usp=sharing\">seis en San L\u00e1zaro<\/a>. <b>Torres, al igual que ocho mineros con quienes hablamos para este reportaje, asegura que el pago en las canteras no compensa los gastos de explotarlas.\u00a0<\/b><\/p><p>Cada minero o calero debe pagar un canon a la INC de poco m\u00e1s de 1 d\u00f3lar (G 8.000)\u00a0 por tonelada de piedras extra\u00eddas de los cerros en sus tierras. Los mineros venden cada tonelada de estas piedras por 9 d\u00f3lares (G 68.000) a proveedores de la construcci\u00f3n o el agronegocio. El canon representa 11% del precio de venta.\u00a0<\/p><p>Manuel Z\u00e1rate, asesor jur\u00eddico de la INC, dice que en buena \u00e9poca de producci\u00f3n la cementera recauda por el canon m\u00e1s de 130 mil d\u00f3lares al mes (G 1000 millones). Lo cobran desde 2014 y para el asesor sigue siendo un monto \u00ednfimo por la extracci\u00f3n de minerales de sus canteras. <b>A pesar de ingresos directos como estos, que en un a\u00f1o pueden superar el mill\u00f3n y medio de d\u00f3lares, la empresa estatal sostiene el mote de <\/b><a href=\"https:\/\/www.ultimahora.com\/inc-es-una-empresa-deficitaria-sostiene-titular-la-cementera-estatal-n3023253\"><b>deficitaria<\/b><\/a><b> desde hace varios a\u00f1os.<\/b> Aunque no se puede comprobar, Z\u00e1rate dice que el dinero recaudado ingresa al flujo de caja de la INC y cubre costos tan diversos como el mantenimiento de equipos, el pago de trabajadores de la cementera, incluso deudas.<\/p>\t\t\t\t\t\t<\/div>\n\t\t\t\t<\/div>\n\t\t\t\t<div class=\"elementor-element elementor-element-bad98dd elementor-widget elementor-widget-image\" data-id=\"bad98dd\" data-element_type=\"widget\" data-widget_type=\"image.default\">\n\t\t\t\t<div class=\"elementor-widget-container\">\n\t\t\t\t\t\t\t\t\t\t<figure class=\"wp-caption\">\n\t\t\t\t\t\t\t\t\t\t<img loading=\"lazy\" decoding=\"async\" width=\"1024\" height=\"683\" src=\"https:\/\/elsurti.com\/wp-content\/uploads\/2024\/09\/ElisaMarecos-26-1024x683.jpg\" class=\"attachment-large size-large wp-image-66033\" alt=\"\" srcset=\"https:\/\/elsurti.com\/wp-content\/uploads\/2024\/09\/ElisaMarecos-26-1024x683.jpg 1024w, https:\/\/elsurti.com\/wp-content\/uploads\/2024\/09\/ElisaMarecos-26-300x200.jpg 300w, https:\/\/elsurti.com\/wp-content\/uploads\/2024\/09\/ElisaMarecos-26-768x512.jpg 768w, https:\/\/elsurti.com\/wp-content\/uploads\/2024\/09\/ElisaMarecos-26-50x33.jpg 50w, https:\/\/elsurti.com\/wp-content\/uploads\/2024\/09\/ElisaMarecos-26-1600x1067.jpg 1600w, https:\/\/elsurti.com\/wp-content\/uploads\/2024\/09\/ElisaMarecos-26-1536x1024.jpg 1536w, https:\/\/elsurti.com\/wp-content\/uploads\/2024\/09\/ElisaMarecos-26-2048x1365.jpg 2048w, https:\/\/elsurti.com\/wp-content\/uploads\/2024\/09\/ElisaMarecos-26-18x12.jpg 18w\" sizes=\"(max-width: 1024px) 100vw, 1024px\" \/>\t\t\t\t\t\t\t\t\t\t\t<figcaption class=\"widget-image-caption wp-caption-text\">Del trabajo de las caleras o mineras que est\u00e1n en cerros de Vallem\u00ed, bajo dominio de la cementera estatal INC, dependen miles de familias que viven en la regi\u00f3n.Foto: Elisa Marecos &amp; Sandino Flecha.<\/figcaption>\n\t\t\t\t\t\t\t\t\t\t<\/figure>\n\t\t\t\t\t\t\t<\/div>\n\t\t\t\t<\/div>\n\t\t\t\t<div class=\"elementor-element elementor-element-08777b3 elementor-widget elementor-widget-text-editor\" data-id=\"08777b3\" data-element_type=\"widget\" data-widget_type=\"text-editor.default\">\n\t\t\t\t<div class=\"elementor-widget-container\">\n\t\t\t\t\t\t\t<p>Mientras tanto, trabajadores autogestionados como Miguel Torres, padre de Juan Pablo Torres, se quejan de que trabajan para empatar. Adem\u00e1s de pagar el canon, deben comprar los explosivos a la Direcci\u00f3n de Materiales B\u00e9licos (Dimabel), alquilar maquinarias pesadas para extraer las piedras y camiones para transportarlas. En algunos casos alquilan perforadoras cuando las rocas son muy grandes y las empresas no las aceptan para procesarlas. Pero nada es seguro.\u00a0<\/p><p>\u00a0\u00abA veces algunos de los compa\u00f1eros llevan las piedras y deben esperar varias horas. De repente, el encargado (de la agrocalera) dice que la piedra no es buena. Ah\u00ed no hay nada qu\u00e9 hacer. Todo es p\u00e9rdida\u00bb, dice Torres.\u00a0<\/p><p>El vocero de la INC dice que no mienten, pero hay algunas medias verdades. Le resulta llamativo que las familias sigan trabajando en medio de precariedades porque, seg\u00fan \u00e9l, el sector genera mucho dinero por mes y por a\u00f1o. Pero Z\u00e1rate reconoce las disparidades entre las condiciones de producci\u00f3n de estos trabajadores y grandes f\u00e1bricas que en los \u00faltimos a\u00f1os se han asentado en el lugar con mejores equipamientos y tecnolog\u00eda, superando incluso la capacidad de la INC.\u00a0<\/p><p>Tal es el caso de Cementos Concepci\u00f3n CECON, empresa vinculada al expresidente Horacio Cartes &#8211; quien tiene sanciones del Departamento de Estado de EE.UU. por corrupci\u00f3n &#8211; y cuyos directivos fueron acusados de incurrir en puertas giratorias. El presidente de la INC durante la administraci\u00f3n de Cartes, Jorge M\u00e9ndez Cuevas, <a href=\"https:\/\/elsurti.com\/pt\/laprecisa\/chequeo\/2022\/04\/12\/las-puertas-giratorias-del-cartismo\/\">se convirti\u00f3 en gerente general de Cecon<\/a> poco despu\u00e9s de dejar su puesto en el gobierno, hecho se\u00f1alado como una forma de apropiaci\u00f3n irregular de informaci\u00f3n privilegiada del Estado.\u00a0<\/p><p>La empresa instal\u00f3 <a href=\"https:\/\/www.lanacion.com.py\/foco\/2023\/09\/26\/cecon-realiza-presentacion-financiera-y-proyecciones-de-crecimiento\/\">una enorme planta en San L\u00e1zaro<\/a> en 2019 por \u201csu f\u00e1cil acceso a rutas internacionales, la disponibilidad de materia prima local y la cercan\u00eda a polos industriales\u201d. En sus proyecciones de 2023 esperaba cubrir 45% de la producci\u00f3n local de cemento. Para mineros y caleros de San L\u00e1zaro, la planta no ha representado un beneficio ni un problema. Pero para la INC, la llegada de Cecon no ha sido intrascendente.\u00a0<\/p><p>En los \u00faltimos a\u00f1os la empresa estatal ha tenido un marcado descenso en su producci\u00f3n seg\u00fan datos de la propia instituci\u00f3n.\u00a0En cinco a\u00f1os redujo su capacidad a la mitad: <b>de un pico de producci\u00f3n de cemento de 649 millones de kilos en 2018 baj\u00f3 a 373 millones en 2023.<\/b> Seg\u00fan Manuel Z\u00e1rate, cuando la actual administraci\u00f3n de Gerardo Guerrero Agusti tom\u00f3 la entidad no llegaba a cubrir siquiera el 18% de la demanda del mercado. En febrero de 2024 el ente repunt\u00f3 y <a href=\"https:\/\/www.inc.gov.py\/index.php\/noticias\/participacion-del-cemento-vallemi-en-el-mercado-nacional-paso-de-18-30-en-4-meses-de-gestion#:~:text=El%20presidente%20Guerrero%20Agusti%20se%C3%B1al%C3%B3,millones%20de%20bolsas%20de%20cemento.\">alcanz\u00f3 una cobertura del 30%<\/a>. <b>Pero el d\u00e9ficit de producci\u00f3n en los \u00faltimos a\u00f1os <\/b><a href=\"https:\/\/www.hoy.com.py\/comercio-e-industrias\/cecon-se-encamina-a-convertirse-en-la-cementera-mas-grande-del-pais\/amp\"><b>coincide con la instalaci\u00f3n de Cecon<\/b><\/a><b>.<\/b><\/p><p>En marzo de 2024, el presidente Santiago Pe\u00f1a, af\u00edn al expresidente Cartes, reglament\u00f3 la <a href=\"https:\/\/silpy.congreso.gov.py\/web\/expediente\/104184\">Ley<\/a> de pavimentos r\u00edgidos en proyectos de obras viales, que vuelve obligatorio el uso de cemento nacional para las obras p\u00fablicas. La normativa, que ya fue promulgada en 2017, finalmente tiene una reglamentaci\u00f3n y con ello entra en vigencia. <b>Esto ocurre justo cuando la cementera del entorno del expresidente se posiciona como <\/b><a href=\"https:\/\/www.lanacion.com.py\/negocios\/2023\/02\/08\/cecon-la-fabrica-de-cemento-mas-grande-del-pais-produce-casi-5000-bolsas-por-hora\/\"><b>la mayor productora de cemento<\/b><\/a><b> a nivel nacional.<\/b> La reglamentaci\u00f3n podr\u00eda ser una buena noticia para los mineros y caleros artesanales de Vallem\u00ed, pero en la pr\u00e1ctica no lo es. Mientras el Estado siga desatendiendo su situaci\u00f3n y las grandes empresas aumenten su predominio sobre el mercado, los ganadores seguir\u00e1n siendo otros.<\/p>\t\t\t\t\t\t<\/div>\n\t\t\t\t<\/div>\n\t\t\t\t<div class=\"elementor-element elementor-element-7e0d790 elementor-widget elementor-widget-image\" data-id=\"7e0d790\" data-element_type=\"widget\" data-widget_type=\"image.default\">\n\t\t\t\t<div class=\"elementor-widget-container\">\n\t\t\t\t\t\t\t\t\t\t<figure class=\"wp-caption\">\n\t\t\t\t\t\t\t\t\t\t<img loading=\"lazy\" decoding=\"async\" width=\"1024\" height=\"683\" src=\"https:\/\/elsurti.com\/wp-content\/uploads\/2024\/09\/ElisaMarecos-13-1024x683.jpg\" class=\"attachment-large size-large wp-image-66020\" alt=\"\" srcset=\"https:\/\/elsurti.com\/wp-content\/uploads\/2024\/09\/ElisaMarecos-13-1024x683.jpg 1024w, https:\/\/elsurti.com\/wp-content\/uploads\/2024\/09\/ElisaMarecos-13-300x200.jpg 300w, https:\/\/elsurti.com\/wp-content\/uploads\/2024\/09\/ElisaMarecos-13-768x512.jpg 768w, https:\/\/elsurti.com\/wp-content\/uploads\/2024\/09\/ElisaMarecos-13-50x33.jpg 50w, https:\/\/elsurti.com\/wp-content\/uploads\/2024\/09\/ElisaMarecos-13-1600x1067.jpg 1600w, https:\/\/elsurti.com\/wp-content\/uploads\/2024\/09\/ElisaMarecos-13-1536x1024.jpg 1536w, https:\/\/elsurti.com\/wp-content\/uploads\/2024\/09\/ElisaMarecos-13-2048x1365.jpg 2048w, https:\/\/elsurti.com\/wp-content\/uploads\/2024\/09\/ElisaMarecos-13-18x12.jpg 18w\" sizes=\"(max-width: 1024px) 100vw, 1024px\" \/>\t\t\t\t\t\t\t\t\t\t\t<figcaption class=\"widget-image-caption wp-caption-text\">La cal viva o agr\u00edcola se convierten en el principal insumo para los sectores de la construcci\u00f3n y el agronegocio, respectivamente. Todo sale de los cerros de Vallem\u00ed. Foto: Elisa Marecos &amp; Sandino Flecha.<\/figcaption>\n\t\t\t\t\t\t\t\t\t\t<\/figure>\n\t\t\t\t\t\t\t<\/div>\n\t\t\t\t<\/div>\n\t\t\t\t<div class=\"elementor-element elementor-element-80a2894 elementor-widget elementor-widget-text-editor\" data-id=\"80a2894\" data-element_type=\"widget\" data-widget_type=\"text-editor.default\">\n\t\t\t\t<div class=\"elementor-widget-container\">\n\t\t\t\t\t\t\t<h1><b>Futuro incierto\u00a0<\/b><\/h1><p>Aunque se han asociado en forma de cooperativa, estos trabajadores no logran concretar grandes pr\u00e9stamos para obtener mayor capital. Digno Ca\u00f1ete, que preside la Federaci\u00f3n de Mineros de San L\u00e1zaro, dice que <b>uno de los graves problemas para los mineros peque\u00f1os es que no son due\u00f1os de nada. Ni de la cantera que trabajan ni de las maquinarias que operan. Todo lo prestan o alquilan. <\/b>En la federaci\u00f3n re\u00fane a nueve asociaciones que aglutinan a m\u00e1s de 500 trabajadores.\u00a0<\/p><p>El asesor jur\u00eddico de la INC asegura que tratan de ayudarlos, aunque cree que el rol de la empresa estatal se debe limitar a producir cemento y que no falte en el pa\u00eds. \u00abPero como (los mineros y caleros) est\u00e1n en una zona de influencia de nuestra f\u00e1brica, bueno, nos tenemos que ocupar. Lastimosamente, esperan m\u00e1s de lo que nosotros podemos dar\u00bb.<\/p><p>El 3 de marzo de este a\u00f1o, la INC efectiviz\u00f3 una <a href=\"https:\/\/elsurti.com\/wp-content\/uploads\/2024\/09\/Resol-INC-082-2022-suspension-de-actividades-en-Santa-Elena-cumbre-1-y-adyacencias.pdf\">prohibici\u00f3n de explotar la zona conocida como Cumbre 1 del Cerro Santa Elena,<\/a> uno de los cerros bajo su dominio. Esto significa que ya no se pueden hacer explosiones para sacar minerales. Solo queda recoger las piedras desprendidas. <b>La resoluci\u00f3n afecta a 35 mineros que explotan el lugar hace m\u00e1s de tres d\u00e9cadas. La INC alega motivos ambientales. <\/b>La explotaci\u00f3n est\u00e1 alterando una zona considerada \u00e1rea silvestre protegida y propone reubicar a los mineros en otra zona.<\/p><p>El proceso de reubicaci\u00f3n deb\u00eda terminarse, pero los mineros siguen esperando otra soluci\u00f3n. Volver a encontrar minerales les llevar\u00e1 mucho tiempo por la capa de tierra y arena que tiene la nueva zona.\u00a0<\/p><p>Arnaldo Contrera es uno de los afectados con la resoluci\u00f3n. Junto a \u00e9l trabajan otros ocho mineros y dice que le llev\u00f3 12 a\u00f1os encontrar piedra caliza de calidad en ese cerro. \u00abTuve que vender empanadas en estos \u00faltimos d\u00edas. No tengo otra opci\u00f3n\u201d. Con la voz quebrada se pregunta qu\u00e9 le va a dar a su familia si el trabajo en las canteras es lo \u00fanico que sabe.<\/p>\t\t\t\t\t\t<\/div>\n\t\t\t\t<\/div>\n\t\t\t\t<div class=\"elementor-element elementor-element-b1a1e4c elementor-widget elementor-widget-image\" data-id=\"b1a1e4c\" data-element_type=\"widget\" data-widget_type=\"image.default\">\n\t\t\t\t<div class=\"elementor-widget-container\">\n\t\t\t\t\t\t\t\t\t\t<figure class=\"wp-caption\">\n\t\t\t\t\t\t\t\t\t\t<img loading=\"lazy\" decoding=\"async\" width=\"1024\" height=\"683\" src=\"https:\/\/elsurti.com\/wp-content\/uploads\/2024\/09\/ElisaMarecos-4-2-1024x683.jpg\" class=\"attachment-large size-large wp-image-66024\" alt=\"\" srcset=\"https:\/\/elsurti.com\/wp-content\/uploads\/2024\/09\/ElisaMarecos-4-2-1024x683.jpg 1024w, https:\/\/elsurti.com\/wp-content\/uploads\/2024\/09\/ElisaMarecos-4-2-300x200.jpg 300w, https:\/\/elsurti.com\/wp-content\/uploads\/2024\/09\/ElisaMarecos-4-2-768x512.jpg 768w, https:\/\/elsurti.com\/wp-content\/uploads\/2024\/09\/ElisaMarecos-4-2-50x33.jpg 50w, https:\/\/elsurti.com\/wp-content\/uploads\/2024\/09\/ElisaMarecos-4-2-1600x1067.jpg 1600w, https:\/\/elsurti.com\/wp-content\/uploads\/2024\/09\/ElisaMarecos-4-2-1536x1024.jpg 1536w, https:\/\/elsurti.com\/wp-content\/uploads\/2024\/09\/ElisaMarecos-4-2-2048x1365.jpg 2048w, https:\/\/elsurti.com\/wp-content\/uploads\/2024\/09\/ElisaMarecos-4-2-18x12.jpg 18w\" sizes=\"(max-width: 1024px) 100vw, 1024px\" \/>\t\t\t\t\t\t\t\t\t\t\t<figcaption class=\"widget-image-caption wp-caption-text\">La fisonom\u00eda de la ciudad de Vallem\u00ed y alrededores ha cambiado en los \u00faltimos a\u00f1os por la instalaci\u00f3n de f\u00e1bricas agro caleras. Foto: Elisa Marecos &amp; Sandino Flecha.<\/figcaption>\n\t\t\t\t\t\t\t\t\t\t<\/figure>\n\t\t\t\t\t\t\t<\/div>\n\t\t\t\t<\/div>\n\t\t\t\t<div class=\"elementor-element elementor-element-1d0a974 elementor-widget elementor-widget-text-editor\" data-id=\"1d0a974\" data-element_type=\"widget\" data-widget_type=\"text-editor.default\">\n\t\t\t\t<div class=\"elementor-widget-container\">\n\t\t\t\t\t\t\t<p>No s\u00f3lo las maniobras de la empresa estatal afectan los ingresos de los mineros. Vallem\u00ed atraviesa cambios acelerados en su paisaje desde al menos 2014, con la llegada de empresas que tambi\u00e9n se dedican a la producci\u00f3n de cal agr\u00edcola. No hay datos oficiales sobre qui\u00e9nes producen este material de forma oficial, pero grandes firmas como <a href=\"https:\/\/www.cecon.com.py\/cal-agricola.php\">Cecon<\/a> y <a href=\"https:\/\/www.concretmix.com.py\/cal-agricola.html\">Concret Mix<\/a> destacan su aporte al agronegocio desde este rubro.\u00a0<\/p><p>Caleros y mineros de la zona aseguran que la extracci\u00f3n de minerales de las canteras se ha disparado por la demanda del agro. Im\u00e1genes satelitales muestran c\u00f3mo los cerros en los que han operado estos obreros artesanales, a un ritmo lento de explotaci\u00f3n, hoy sufren una extracci\u00f3n m\u00e1s intensa que agota los recursos naturales.<\/p><p>Los datos que tiene la INC muestran que en 2023 y en lo va de 2024 se extrajeron un total de 1.703.079 toneladas de piedras de las canteras de San L\u00e1zaro. El 62% fueron extra\u00eddas por mineros externos y el 38% restante extrajo la INC para uso propio. Con toda esta piedra extra\u00edda se podr\u00edan construir dos puentes H\u00e9roes del Chaco, la m\u00e1s reciente obra de infraestructura p\u00fablica que une Asunci\u00f3n con El Chaco y con una longitud de 7.400 metros.\u00a0<\/p><p>A pesar de esgrimir una preocupaci\u00f3n ambiental para frenar la explotaci\u00f3n de una cantera, la Contralor\u00eda General de la Rep\u00fablica (CGR) revela en un informe de 2022 que entre 2019 y 2020 <a href=\"https:\/\/drive.google.com\/file\/d\/14T_yUK2bOujqZzLMa7u1KCuKd5HFwV2d\/view?usp=sharing\">la INC oper\u00f3 sin la auditor\u00eda<\/a> de cumplimiento de gesti\u00f3n ambiental de su f\u00e1brica en Vallem\u00ed. En el mismo periodo la cementera estatal no hizo la compensaci\u00f3n monetaria por el uso de recursos naturales explotados en San L\u00e1zaro.<b><br \/><\/b><b>Los certificados de servicios ambientales que no adquiri\u00f3 ascienden a un valor de 650 mil d\u00f3lares (G 4809 millones). <\/b><\/p><p>A Digno Ca\u00f1ete no le pasa desapercibido el impacto ambiental en la zona. Pero a sus 53 a\u00f1os y habiendo dedicado gran parte de sus d\u00edas a las canteras tiene algo claro. \u201cEsto es lo que somos. Nuestra gente vive de esto. Ac\u00e1 est\u00e1 mi vida y aqu\u00ed me voy a morir\u201d. Sue\u00f1a con que la Federaci\u00f3n de Mineros tenga una f\u00e1brica propia para producir cal agr\u00edcola, o una calera con m\u00e1s tecnolog\u00eda para hacer cal viva y as\u00ed lograr que los mineros artesanales tengan mejores ingresos.\u00a0<\/p><p>A pesar de que San L\u00e1zaro tiene a la cementera estatal, Ca\u00f1ete habla de ausencia del Estado. Para \u00e9l, faltan universidades dirigidas al sector para tener profesionales de la zona instruidos en la explotaci\u00f3n de minerales de la forma menos perjudicial posible para el ecosistema.<\/p>\t\t\t\t\t\t<\/div>\n\t\t\t\t<\/div>\n\t\t\t\t<div class=\"elementor-element elementor-element-5b79be1 elementor-widget elementor-widget-image\" data-id=\"5b79be1\" data-element_type=\"widget\" data-widget_type=\"image.default\">\n\t\t\t\t<div class=\"elementor-widget-container\">\n\t\t\t\t\t\t\t\t\t\t<figure class=\"wp-caption\">\n\t\t\t\t\t\t\t\t\t\t<img loading=\"lazy\" decoding=\"async\" width=\"1024\" height=\"683\" src=\"https:\/\/elsurti.com\/wp-content\/uploads\/2024\/09\/ElisaMarecos-14-1024x683.jpg\" class=\"attachment-large size-large wp-image-66023\" alt=\"\" srcset=\"https:\/\/elsurti.com\/wp-content\/uploads\/2024\/09\/ElisaMarecos-14-1024x683.jpg 1024w, https:\/\/elsurti.com\/wp-content\/uploads\/2024\/09\/ElisaMarecos-14-300x200.jpg 300w, https:\/\/elsurti.com\/wp-content\/uploads\/2024\/09\/ElisaMarecos-14-768x512.jpg 768w, https:\/\/elsurti.com\/wp-content\/uploads\/2024\/09\/ElisaMarecos-14-50x33.jpg 50w, https:\/\/elsurti.com\/wp-content\/uploads\/2024\/09\/ElisaMarecos-14-1600x1067.jpg 1600w, https:\/\/elsurti.com\/wp-content\/uploads\/2024\/09\/ElisaMarecos-14-1536x1024.jpg 1536w, https:\/\/elsurti.com\/wp-content\/uploads\/2024\/09\/ElisaMarecos-14-2048x1365.jpg 2048w, https:\/\/elsurti.com\/wp-content\/uploads\/2024\/09\/ElisaMarecos-14-18x12.jpg 18w\" sizes=\"(max-width: 1024px) 100vw, 1024px\" \/>\t\t\t\t\t\t\t\t\t\t\t<figcaption class=\"widget-image-caption wp-caption-text\">Arnaldo Contrera oper\u00f3 durante 12 a\u00f1os esta parte de la cantera ubicada en el Cerro Tigre. Desde marzo de 2024 tiene prohibido seguir con la explotaci\u00f3n de esta zona. Foto: Elisa Marecos &amp; Sandino Flecha.<\/figcaption>\n\t\t\t\t\t\t\t\t\t\t<\/figure>\n\t\t\t\t\t\t\t<\/div>\n\t\t\t\t<\/div>\n\t\t\t\t<div class=\"elementor-element elementor-element-3dacd8f elementor-widget elementor-widget-text-editor\" data-id=\"3dacd8f\" data-element_type=\"widget\" data-widget_type=\"text-editor.default\">\n\t\t\t\t<div class=\"elementor-widget-container\">\n\t\t\t\t\t\t\t<h1><b>Una ciudad rica y amenazante<\/b><\/h1><p>La precariedad y la necesidad conviven en Vallem\u00ed, y en este contexto se inserta la mano de obra infantil y adolescente en las canteras. En Paraguay, <a href=\"https:\/\/www.mtess.gov.py\/noticias\/el-trabajo-infantil-esta-prohibido-y-el-de-adolescente-debe-ser-en-condiciones-protegidas#:~:text=En%20Paraguay%2C%20los%20menores%20de,en%20condiciones%20de%20protecci%C3%B3n%20especial.\">el trabajo infantil est\u00e1 proh\u00edbido<\/a> y el adolescente permitido a partir de los 14 a\u00f1os bajo ciertas condiciones, como que su salud no est\u00e9 en riesgo. Desde el Ministerio de la Ni\u00f1ez y la Adolescencia (MINNA) aseguran a El Surtidor que no registran denuncias de ni\u00f1os, ni\u00f1as o adolescentes trabajando en esta zona. En 2005, el pa\u00eds ratific\u00f3 el Convenio 182 de la Organizaci\u00f3n Internacional del Trabajo (OIT) sobre \u201clas peores formas del trabajo infantil\u201d. La explotaci\u00f3n de minas, canteras y excavaciones figura entre ellas.\u00a0<\/p><p>Una revisi\u00f3n cient\u00edfica encontr\u00f3 que <a href=\"https:\/\/www.sciencedirect.com\/science\/article\/abs\/pii\/S0045653518321957\">la exposici\u00f3n a una planta de cemento <\/a>estaba asociada a una mayor presencia de s\u00edntomas respiratorios y el declive de la funci\u00f3n pulmonar. Tambi\u00e9n a un <b>riesgo excesivo de incidencia de c\u00e1ncer y mortalidad, principalmente c\u00e1ncer de las v\u00edas respiratorias, en ni\u00f1os y adultos.\u00a0<\/b><\/p><p>San L\u00e1zaro no cuenta con un profesional m\u00e9dico especialista en neumolog\u00eda. El distrito no tiene, en efecto, un hospital. Tiene dos Unidades de Salud Familiar (USF), que son centros de atenci\u00f3n sanitaria de menor complejidad que los hospitales. Cuando ocurre algo m\u00e1s grave, el paciente tiene que ser derivado a la capital del departamento, a 160 kil\u00f3metros.\u00a0<\/p><p>La doctora Rodriguez Urbieta es la \u00fanica m\u00e9dica de toda la localidad desde 2019.<\/p>\t\t\t\t\t\t<\/div>\n\t\t\t\t<\/div>\n\t\t\t\t<div class=\"elementor-element elementor-element-a1df38f elementor-widget elementor-widget-image\" data-id=\"a1df38f\" data-element_type=\"widget\" data-widget_type=\"image.default\">\n\t\t\t\t<div class=\"elementor-widget-container\">\n\t\t\t\t\t\t\t\t\t\t<figure class=\"wp-caption\">\n\t\t\t\t\t\t\t\t\t\t<img loading=\"lazy\" decoding=\"async\" width=\"1024\" height=\"683\" src=\"https:\/\/elsurti.com\/wp-content\/uploads\/2024\/09\/SandinoFlecha-1-3-1024x683.jpg\" class=\"attachment-large size-large wp-image-66035\" alt=\"\" srcset=\"https:\/\/elsurti.com\/wp-content\/uploads\/2024\/09\/SandinoFlecha-1-3-1024x683.jpg 1024w, https:\/\/elsurti.com\/wp-content\/uploads\/2024\/09\/SandinoFlecha-1-3-300x200.jpg 300w, https:\/\/elsurti.com\/wp-content\/uploads\/2024\/09\/SandinoFlecha-1-3-768x512.jpg 768w, https:\/\/elsurti.com\/wp-content\/uploads\/2024\/09\/SandinoFlecha-1-3-50x33.jpg 50w, https:\/\/elsurti.com\/wp-content\/uploads\/2024\/09\/SandinoFlecha-1-3-1600x1067.jpg 1600w, https:\/\/elsurti.com\/wp-content\/uploads\/2024\/09\/SandinoFlecha-1-3-1536x1024.jpg 1536w, https:\/\/elsurti.com\/wp-content\/uploads\/2024\/09\/SandinoFlecha-1-3-2048x1365.jpg 2048w, https:\/\/elsurti.com\/wp-content\/uploads\/2024\/09\/SandinoFlecha-1-3-18x12.jpg 18w\" sizes=\"(max-width: 1024px) 100vw, 1024px\" \/>\t\t\t\t\t\t\t\t\t\t\t<figcaption class=\"widget-image-caption wp-caption-text\">Los cerros de Vallem\u00ed representan la vida y fuente de trabajo de los habitantes de esta parte del pa\u00eds. Producen, en condiciones extremas, la materia prima vital para sectores que mueven millones de d\u00f3lares en la econom\u00eda paraguaya. Foto: Elisa Marecos &amp; Sandino Flecha.<\/figcaption>\n\t\t\t\t\t\t\t\t\t\t<\/figure>\n\t\t\t\t\t\t\t<\/div>\n\t\t\t\t<\/div>\n\t\t\t\t<div class=\"elementor-element elementor-element-fe99825 elementor-widget elementor-widget-text-editor\" data-id=\"fe99825\" data-element_type=\"widget\" data-widget_type=\"text-editor.default\">\n\t\t\t\t<div class=\"elementor-widget-container\">\n\t\t\t\t\t\t\t<p>En los primeros meses de 2024, las afecciones respiratorias fueron los casos m\u00e1s atendidos. La doctora cuenta que lidia con muchos cuadros de influenza en estos meses, lo cual se agrava con las condiciones del entorno. \u00abHay que tener en cuenta que aqu\u00ed nuestra principal fuente de trabajo son las caleras, que son nocivas. Pero es el trabajo que tiene la gente para vivir\u201d.\u00a0<\/p><p>Edson Ram\u00edrez tambi\u00e9n hace una sobria advertencia sobre el trabajo infantil en la zona. \u00abPara la gente es f\u00e1cil criticar. Pero muchas veces, estos ni\u00f1os si no trabajan, no comen o no pueden comprarse un cuaderno\u00bb.\u00a0<\/p><p>M\u00e1s de la mitad de los estudiantes de San L\u00e1zaro est\u00e1n matriculados en la educaci\u00f3n escolar b\u00e1sica: 2076 estudiantes de un total de 3221 matriculados. 526 ni\u00f1os y ni\u00f1as est\u00e1n en la franja de la educaci\u00f3n inicial y apenas 585 matriculados en educaci\u00f3n media. <a href=\"https:\/\/mapaescolar.mec.gov.py\/mapa_escolar\/maps\/index\">Seg\u00fan el Ministerio de Educaci\u00f3n,<\/a> hay 34 estudiantes en la educaci\u00f3n superior.\u00a0<\/p><p>No hay universidades p\u00fablicas en toda la zona, dificultando las chances de futuro por fuera de la localidad. Pero incluso dentro de ella las familias ven a su fuente de trabajo en las canteras, y a su propio modo de vida, bajo amenaza.<\/p>\t\t\t\t\t\t<\/div>\n\t\t\t\t<\/div>\n\t\t\t\t<div class=\"elementor-element elementor-element-8da0417 elementor-widget-divider--view-line elementor-widget elementor-widget-divider\" data-id=\"8da0417\" data-element_type=\"widget\" data-widget_type=\"divider.default\">\n\t\t\t\t<div class=\"elementor-widget-container\">\n\t\t\t\t\t<div class=\"elementor-divider\">\n\t\t\t<span class=\"elementor-divider-separator\">\n\t\t\t\t\t\t<\/span>\n\t\t<\/div>\n\t\t\t\t<\/div>\n\t\t\t\t<\/div>\n\t\t\t\t\t<\/div>\n\t\t<\/div>\n\t\t\t\t\t<\/div>\n\t\t<\/section>\n\t\t\t\t<section data-particle_enable=\"false\" data-particle-mobile-disabled=\"false\" class=\"elementor-section elementor-top-section elementor-element elementor-element-93aeda8 elementor-section-boxed elementor-section-height-default elementor-section-height-default\" data-id=\"93aeda8\" data-element_type=\"section\" data-settings=\"{&quot;background_background&quot;:&quot;classic&quot;}\">\n\t\t\t\t\t\t<div class=\"elementor-container elementor-column-gap-default\">\n\t\t\t\t\t<div class=\"elementor-column elementor-col-100 elementor-top-column elementor-element elementor-element-57cc0c9\" data-id=\"57cc0c9\" data-element_type=\"column\">\n\t\t\t<div class=\"elementor-widget-wrap elementor-element-populated\">\n\t\t\t\t\t\t<div class=\"elementor-element elementor-element-b8e3f4f elementor-widget elementor-widget-text-editor\" data-id=\"b8e3f4f\" data-element_type=\"widget\" data-widget_type=\"text-editor.default\">\n\t\t\t\t<div class=\"elementor-widget-container\">\n\t\t\t\t\t\t\t<p>\ud81a\udd13<strong><br \/>Investigaci\u00f3n<\/strong>: Aldo Ben\u00edtez \u00b7 <strong>Edici\u00f3n general:<\/strong> Jazm\u00edn Acu\u00f1a \u00b7 <strong>Fotograf\u00eda:<\/strong> Elisa Marecos &amp; Sandino Flecha \u00b7 <strong>Edici\u00f3n visual:<\/strong> Jazm\u00edn Troche &amp; Alejandro Valdez Sanabria \u00b7 <strong>Dise\u00f1o e ilustraciones:<\/strong> Willyam Matsumoto &amp; Robert B\u00e1ez\u00b7 <strong>Asistencia en la edici\u00f3n:<\/strong> Romina C\u00e1ceres<\/p><p><em>Esta investigaci\u00f3n fue realizada en alianza con el Consorcio para Apoyar el Periodismo Independiente en la Regi\u00f3n (CAPIR), que lidera el Institute for War and Peace Reporting (IWPR) en Am\u00e9rica Latina.<\/em><\/p>\t\t\t\t\t\t<\/div>\n\t\t\t\t<\/div>\n\t\t\t\t\t<\/div>\n\t\t<\/div>\n\t\t\t\t\t<\/div>\n\t\t<\/section>\n\t\t\t\t<section data-particle_enable=\"false\" data-particle-mobile-disabled=\"false\" class=\"elementor-section elementor-top-section elementor-element elementor-element-0022a7c elementor-section-boxed elementor-section-height-default elementor-section-height-default\" data-id=\"0022a7c\" data-element_type=\"section\">\n\t\t\t\t\t\t<div class=\"elementor-container elementor-column-gap-default\">\n\t\t\t\t\t<div class=\"elementor-column elementor-col-100 elementor-top-column elementor-element elementor-element-9162a47\" data-id=\"9162a47\" data-element_type=\"column\">\n\t\t\t<div class=\"elementor-widget-wrap elementor-element-populated\">\n\t\t\t\t\t\t<section data-particle_enable=\"false\" data-particle-mobile-disabled=\"false\" class=\"elementor-section elementor-inner-section elementor-element elementor-element-a169806 elementor-section-boxed elementor-section-height-default elementor-section-height-default\" data-id=\"a169806\" data-element_type=\"section\">\n\t\t\t\t\t\t<div class=\"elementor-container elementor-column-gap-default\">\n\t\t\t\t\t<div class=\"elementor-column elementor-col-50 elementor-inner-column elementor-element elementor-element-2b297a3\" data-id=\"2b297a3\" data-element_type=\"column\">\n\t\t\t<div class=\"elementor-widget-wrap elementor-element-populated\">\n\t\t\t\t\t\t<div class=\"elementor-element elementor-element-adb4024 elementor-widget elementor-widget-fenomeno-seccion-intro\" data-id=\"adb4024\" data-element_type=\"widget\" data-widget_type=\"fenomeno-seccion-intro.default\">\n\t\t\t\t<div class=\"elementor-widget-container\">\n\t\t\t    \n    <div class=\"fenomeno-seccion-intro\">\n        <div class=\"fenomenoSeccionIntro__title\">\n          <h2>Este calor no es normal<\/h2>        <\/div>\n        <div class=\"fenomenoSeccionIntro__lead\">\n          <p>Una cobertura sobre c\u00f3mo la crisis clim\u00e1tica afecta la salud y el trabajo<\/p>        <\/div>\n    <\/div>\n\n    \t\t<\/div>\n\t\t\t\t<\/div>\n\t\t\t\t\t<\/div>\n\t\t<\/div>\n\t\t\t\t<div class=\"elementor-column elementor-col-50 elementor-inner-column elementor-element elementor-element-3819477\" data-id=\"3819477\" data-element_type=\"column\">\n\t\t\t<div class=\"elementor-widget-wrap elementor-element-populated\">\n\t\t\t\t\t\t<div class=\"elementor-element elementor-element-1b90720 elementor-widget-divider--view-line elementor-widget elementor-widget-divider\" data-id=\"1b90720\" data-element_type=\"widget\" data-widget_type=\"divider.default\">\n\t\t\t\t<div class=\"elementor-widget-container\">\n\t\t\t\t\t<div class=\"elementor-divider\">\n\t\t\t<span class=\"elementor-divider-separator\">\n\t\t\t\t\t\t<\/span>\n\t\t<\/div>\n\t\t\t\t<\/div>\n\t\t\t\t<\/div>\n\t\t\t\t<div class=\"elementor-element elementor-element-f2565cc elementor-grid-1 elementor-posts--thumbnail-top elementor-grid-tablet-2 elementor-grid-mobile-1 elementor-widget elementor-widget-posts\" data-id=\"f2565cc\" data-element_type=\"widget\" data-settings=\"{&quot;custom_columns&quot;:&quot;1&quot;,&quot;custom_row_gap&quot;:{&quot;unit&quot;:&quot;px&quot;,&quot;size&quot;:20,&quot;sizes&quot;:[]},&quot;custom_columns_tablet&quot;:&quot;2&quot;,&quot;custom_columns_mobile&quot;:&quot;1&quot;,&quot;custom_row_gap_tablet&quot;:{&quot;unit&quot;:&quot;px&quot;,&quot;size&quot;:&quot;&quot;,&quot;sizes&quot;:[]},&quot;custom_row_gap_mobile&quot;:{&quot;unit&quot;:&quot;px&quot;,&quot;size&quot;:&quot;&quot;,&quot;sizes&quot;:[]}}\" data-widget_type=\"posts.custom\">\n\t\t\t\t<div class=\"elementor-widget-container\">\n\t\t\t      <div class=\"ecs-posts elementor-posts-container elementor-posts   elementor-grid elementor-posts--skin-custom\" data-settings=\"{&quot;current_page&quot;:1,&quot;max_num_pages&quot;:1,&quot;load_method&quot;:&quot;&quot;,&quot;widget_id&quot;:&quot;f2565cc&quot;,&quot;post_id&quot;:65998,&quot;theme_id&quot;:65998,&quot;change_url&quot;:false,&quot;reinit_js&quot;:false}\">\n      \t\t<article id=\"post-63742\" class=\"elementor-post elementor-grid-item ecs-post-loop post-63742 post type-post status-publish format-standard has-post-thumbnail hentry category-fotorreportaje\">\n\t\t\t\t<div data-elementor-type=\"loop\" data-elementor-id=\"3997\" class=\"elementor elementor-3997 post-63742 post type-post status-publish format-standard has-post-thumbnail hentry category-fotorreportaje\" data-elementor-post-type=\"elementor_library\">\n\t\t\t\t\t<section data-particle_enable=\"false\" data-particle-mobile-disabled=\"false\" class=\"elementor-section elementor-top-section elementor-element elementor-element-2ee10c41 elementor-section-boxed elementor-section-height-default elementor-section-height-default\" data-id=\"2ee10c41\" data-element_type=\"section\">\n\t\t\t\t\t\t<div class=\"elementor-container elementor-column-gap-default\">\n\t\t\t\t\t<div class=\"elementor-column elementor-col-100 elementor-top-column elementor-element elementor-element-3100de26\" data-id=\"3100de26\" data-element_type=\"column\">\n\t\t\t<div class=\"elementor-widget-wrap elementor-element-populated\">\n\t\t\t\t\t\t<section data-particle_enable=\"false\" data-particle-mobile-disabled=\"false\" class=\"elementor-section elementor-inner-section elementor-element elementor-element-371e7fb3 elementor-section-boxed elementor-section-height-default elementor-section-height-default\" data-id=\"371e7fb3\" data-element_type=\"section\">\n\t\t\t\t\t\t<div class=\"elementor-container elementor-column-gap-default\">\n\t\t\t\t\t<div class=\"elementor-column elementor-col-50 elementor-inner-column elementor-element elementor-element-183c577c\" data-id=\"183c577c\" data-element_type=\"column\">\n\t\t\t<div class=\"elementor-widget-wrap elementor-element-populated\">\n\t\t\t\t\t\t<div class=\"elementor-element elementor-element-ee3ad87 elementor-widget elementor-widget-image\" data-id=\"ee3ad87\" data-element_type=\"widget\" data-widget_type=\"image.default\">\n\t\t\t\t<div class=\"elementor-widget-container\">\n\t\t\t\t\t\t\t\t\t\t\t\t\t\t<a href=\"https:\/\/elsurti.com\/pt\/fotorreportaje\/2023\/11\/20\/como-es-trabajar-en-una-de-las-ciudades-mas-calientes-de-sudamerica\/\">\n\t\t\t\t\t\t\t<img loading=\"lazy\" decoding=\"async\" width=\"300\" height=\"300\" src=\"https:\/\/elsurti.com\/wp-content\/uploads\/2024\/04\/calor-delivery-paraguay-15-cuadrada-300x300.jpg\" class=\"attachment-medium size-medium wp-image-65133\" alt=\"\" srcset=\"https:\/\/elsurti.com\/wp-content\/uploads\/2024\/04\/calor-delivery-paraguay-15-cuadrada-300x300.jpg 300w, https:\/\/elsurti.com\/wp-content\/uploads\/2024\/04\/calor-delivery-paraguay-15-cuadrada-200x200.jpg 200w, https:\/\/elsurti.com\/wp-content\/uploads\/2024\/04\/calor-delivery-paraguay-15-cuadrada-50x50.jpg 50w, https:\/\/elsurti.com\/wp-content\/uploads\/2024\/04\/calor-delivery-paraguay-15-cuadrada-12x12.jpg 12w, https:\/\/elsurti.com\/wp-content\/uploads\/2024\/04\/calor-delivery-paraguay-15-cuadrada-150x150.jpg 150w, https:\/\/elsurti.com\/wp-content\/uploads\/2024\/04\/calor-delivery-paraguay-15-cuadrada.jpg 683w\" sizes=\"(max-width: 300px) 100vw, 300px\" \/>\t\t\t\t\t\t\t\t<\/a>\n\t\t\t\t\t\t\t\t\t\t\t\t\t<\/div>\n\t\t\t\t<\/div>\n\t\t\t\t\t<\/div>\n\t\t<\/div>\n\t\t\t\t<div class=\"elementor-column elementor-col-50 elementor-inner-column elementor-element elementor-element-133695c4\" data-id=\"133695c4\" data-element_type=\"column\">\n\t\t\t<div class=\"elementor-widget-wrap elementor-element-populated\">\n\t\t\t\t\t\t<div class=\"elementor-element elementor-element-51533152 elementor-widget elementor-widget-theme-post-title elementor-page-title elementor-widget-heading\" data-id=\"51533152\" data-element_type=\"widget\" data-widget_type=\"theme-post-title.default\">\n\t\t\t\t<div class=\"elementor-widget-container\">\n\t\t\t<h3 class=\"elementor-heading-title elementor-size-default\"><a href=\"https:\/\/elsurti.com\/pt\/fotorreportaje\/2023\/11\/20\/como-es-trabajar-en-una-de-las-ciudades-mas-calientes-de-sudamerica\/\">C\u00f3mo es trabajar en una de las ciudades m\u00e1s calientes de Sudam\u00e9rica<\/a><\/h3>\t\t<\/div>\n\t\t\t\t<\/div>\n\t\t\t\t<div class=\"elementor-element elementor-element-3df4eaf2 dc-has-condition dc-condition-empty elementor-widget elementor-widget-theme-post-excerpt\" data-id=\"3df4eaf2\" data-element_type=\"widget\" data-widget_type=\"theme-post-excerpt.default\">\n\t\t\t\t<div class=\"elementor-widget-container\">\n\t\t\tDeliverys arriesgan su salud haciendo repartos en la capital de Paraguay, donde las islas de calor se multiplican al ritmo de la construcci\u00f3n de edificios que no se adaptan al clima.\t\t<\/div>\n\t\t\t\t<\/div>\n\t\t<!-- hidden widget 63742-77ac097 -->\t\t<div class=\"elementor-element elementor-element-2401f68 elementor-widget elementor-widget-post-info\" data-id=\"2401f68\" data-element_type=\"widget\" data-widget_type=\"post-info.default\">\n\t\t\t\t<div class=\"elementor-widget-container\">\n\t\t\t\t\t<ul class=\"elementor-inline-items elementor-icon-list-items elementor-post-info\">\n\t\t\t\t\t\t\t\t<li class=\"elementor-icon-list-item elementor-repeater-item-b058dc7 elementor-inline-item\" itemprop=\"datePublished\">\n\t\t\t\t\t\t\t\t\t\t\t\t\t<span class=\"elementor-icon-list-text elementor-post-info__item elementor-post-info__item--type-date\">\n\t\t\t\t\t\t\t\t\t\t<time>20\u00b711\u00b723<\/time>\t\t\t\t\t<\/span>\n\t\t\t\t\t\t\t\t<\/li>\n\t\t\t\t<\/ul>\n\t\t\t\t<\/div>\n\t\t\t\t<\/div>\n\t\t\t\t\t<\/div>\n\t\t<\/div>\n\t\t\t\t\t<\/div>\n\t\t<\/section>\n\t\t\t\t\t<\/div>\n\t\t<\/div>\n\t\t\t\t\t<\/div>\n\t\t<\/section>\n\t\t\t\t<\/div>\n\t\t\t\t<\/article>\n\t\t\t\t<article id=\"post-59892\" class=\"elementor-post elementor-grid-item ecs-post-loop post-59892 reportaje type-reportaje status-publish has-post-thumbnail hentry tag-culpables fenomeno-futuros tema-reportajes-futuros\">\n\t\t\t\t<div data-elementor-type=\"loop\" data-elementor-id=\"3997\" class=\"elementor elementor-3997 post-59892 reportaje type-reportaje status-publish has-post-thumbnail hentry tag-culpables fenomeno-futuros tema-reportajes-futuros\" data-elementor-post-type=\"elementor_library\">\n\t\t\t\t\t<section data-particle_enable=\"false\" data-particle-mobile-disabled=\"false\" class=\"elementor-section elementor-top-section elementor-element elementor-element-2ee10c41 elementor-section-boxed elementor-section-height-default elementor-section-height-default\" data-id=\"2ee10c41\" data-element_type=\"section\">\n\t\t\t\t\t\t<div class=\"elementor-container elementor-column-gap-default\">\n\t\t\t\t\t<div class=\"elementor-column elementor-col-100 elementor-top-column elementor-element elementor-element-3100de26\" data-id=\"3100de26\" data-element_type=\"column\">\n\t\t\t<div class=\"elementor-widget-wrap elementor-element-populated\">\n\t\t\t\t\t\t<section data-particle_enable=\"false\" data-particle-mobile-disabled=\"false\" class=\"elementor-section elementor-inner-section elementor-element elementor-element-371e7fb3 elementor-section-boxed elementor-section-height-default elementor-section-height-default\" data-id=\"371e7fb3\" data-element_type=\"section\">\n\t\t\t\t\t\t<div class=\"elementor-container elementor-column-gap-default\">\n\t\t\t\t\t<div class=\"elementor-column elementor-col-50 elementor-inner-column elementor-element elementor-element-183c577c\" data-id=\"183c577c\" data-element_type=\"column\">\n\t\t\t<div class=\"elementor-widget-wrap elementor-element-populated\">\n\t\t\t\t\t\t<div class=\"elementor-element elementor-element-ee3ad87 elementor-widget elementor-widget-image\" data-id=\"ee3ad87\" data-element_type=\"widget\" data-widget_type=\"image.default\">\n\t\t\t\t<div class=\"elementor-widget-container\">\n\t\t\t\t\t\t\t\t\t\t\t\t\t\t<a href=\"https:\/\/elsurti.com\/pt\/futuros\/reportaje\/2022\/09\/26\/barrios-inflamables\/\">\n\t\t\t\t\t\t\t<img loading=\"lazy\" decoding=\"async\" width=\"300\" height=\"300\" src=\"https:\/\/elsurti.com\/wp-content\/uploads\/2022\/09\/meta3-1-300x300.jpg\" class=\"attachment-medium size-medium wp-image-59902\" alt=\"\" srcset=\"https:\/\/elsurti.com\/wp-content\/uploads\/2022\/09\/meta3-1-300x300.jpg 300w, https:\/\/elsurti.com\/wp-content\/uploads\/2022\/09\/meta3-1-200x200.jpg 200w, https:\/\/elsurti.com\/wp-content\/uploads\/2022\/09\/meta3-1-768x768.jpg 768w, https:\/\/elsurti.com\/wp-content\/uploads\/2022\/09\/meta3-1-12x12.jpg 12w, https:\/\/elsurti.com\/wp-content\/uploads\/2022\/09\/meta3-1-150x150.jpg 150w, https:\/\/elsurti.com\/wp-content\/uploads\/2022\/09\/meta3-1.jpg 850w\" sizes=\"(max-width: 300px) 100vw, 300px\" \/>\t\t\t\t\t\t\t\t<\/a>\n\t\t\t\t\t\t\t\t\t\t\t\t\t<\/div>\n\t\t\t\t<\/div>\n\t\t\t\t\t<\/div>\n\t\t<\/div>\n\t\t\t\t<div class=\"elementor-column elementor-col-50 elementor-inner-column elementor-element elementor-element-133695c4\" data-id=\"133695c4\" data-element_type=\"column\">\n\t\t\t<div class=\"elementor-widget-wrap elementor-element-populated\">\n\t\t\t\t\t\t<div class=\"elementor-element elementor-element-51533152 elementor-widget elementor-widget-theme-post-title elementor-page-title elementor-widget-heading\" data-id=\"51533152\" data-element_type=\"widget\" data-widget_type=\"theme-post-title.default\">\n\t\t\t\t<div class=\"elementor-widget-container\">\n\t\t\t<h3 class=\"elementor-heading-title elementor-size-default\"><a href=\"https:\/\/elsurti.com\/pt\/futuros\/reportaje\/2022\/09\/26\/barrios-inflamables\/\">Barrios inflamables<\/a><\/h3>\t\t<\/div>\n\t\t\t\t<\/div>\n\t\t\t\t<div class=\"elementor-element elementor-element-3df4eaf2 dc-has-condition dc-condition-empty elementor-widget elementor-widget-theme-post-excerpt\" data-id=\"3df4eaf2\" data-element_type=\"widget\" data-widget_type=\"theme-post-excerpt.default\">\n\t\t\t\t<div class=\"elementor-widget-container\">\n\t\t\tPobladores del barrio Jara y barrio General D\u00edaz repiten una imagen cuando hablan de la invasi\u00f3n de estaciones de combustible en Asunci\u00f3n. Las imaginan explotando.\t\t<\/div>\n\t\t\t\t<\/div>\n\t\t<!-- hidden widget 59892-77ac097 -->\t\t<div class=\"elementor-element elementor-element-2401f68 elementor-widget elementor-widget-post-info\" data-id=\"2401f68\" data-element_type=\"widget\" data-widget_type=\"post-info.default\">\n\t\t\t\t<div class=\"elementor-widget-container\">\n\t\t\t\t\t<ul class=\"elementor-inline-items elementor-icon-list-items elementor-post-info\">\n\t\t\t\t\t\t\t\t<li class=\"elementor-icon-list-item elementor-repeater-item-b058dc7 elementor-inline-item\" itemprop=\"datePublished\">\n\t\t\t\t\t\t\t\t\t\t\t\t\t<span class=\"elementor-icon-list-text elementor-post-info__item elementor-post-info__item--type-date\">\n\t\t\t\t\t\t\t\t\t\t<time>26\u00b709\u00b722<\/time>\t\t\t\t\t<\/span>\n\t\t\t\t\t\t\t\t<\/li>\n\t\t\t\t<\/ul>\n\t\t\t\t<\/div>\n\t\t\t\t<\/div>\n\t\t\t\t\t<\/div>\n\t\t<\/div>\n\t\t\t\t\t<\/div>\n\t\t<\/section>\n\t\t\t\t\t<\/div>\n\t\t<\/div>\n\t\t\t\t\t<\/div>\n\t\t<\/section>\n\t\t\t\t<\/div>\n\t\t\t\t<\/article>\n\t\t\t\t<article id=\"post-12765\" class=\"elementor-post elementor-grid-item ecs-post-loop post-12765 page type-page status-publish has-post-thumbnail hentry tag-especial tag-timeline fenomeno-futuros tema-culpables\">\n\t\t\t\t<div data-elementor-type=\"loop\" data-elementor-id=\"3997\" class=\"elementor elementor-3997 post-12765 page type-page status-publish has-post-thumbnail hentry tag-especial tag-timeline fenomeno-futuros tema-culpables\" data-elementor-post-type=\"elementor_library\">\n\t\t\t\t\t<section data-particle_enable=\"false\" data-particle-mobile-disabled=\"false\" class=\"elementor-section elementor-top-section elementor-element elementor-element-2ee10c41 elementor-section-boxed elementor-section-height-default elementor-section-height-default\" data-id=\"2ee10c41\" data-element_type=\"section\">\n\t\t\t\t\t\t<div class=\"elementor-container elementor-column-gap-default\">\n\t\t\t\t\t<div class=\"elementor-column elementor-col-100 elementor-top-column elementor-element elementor-element-3100de26\" data-id=\"3100de26\" data-element_type=\"column\">\n\t\t\t<div class=\"elementor-widget-wrap elementor-element-populated\">\n\t\t\t\t\t\t<section data-particle_enable=\"false\" data-particle-mobile-disabled=\"false\" class=\"elementor-section elementor-inner-section elementor-element elementor-element-371e7fb3 elementor-section-boxed elementor-section-height-default elementor-section-height-default\" data-id=\"371e7fb3\" data-element_type=\"section\">\n\t\t\t\t\t\t<div class=\"elementor-container elementor-column-gap-default\">\n\t\t\t\t\t<div class=\"elementor-column elementor-col-50 elementor-inner-column elementor-element elementor-element-183c577c\" data-id=\"183c577c\" data-element_type=\"column\">\n\t\t\t<div class=\"elementor-widget-wrap elementor-element-populated\">\n\t\t\t\t\t\t<div class=\"elementor-element elementor-element-ee3ad87 elementor-widget elementor-widget-image\" data-id=\"ee3ad87\" data-element_type=\"widget\" data-widget_type=\"image.default\">\n\t\t\t\t<div class=\"elementor-widget-container\">\n\t\t\t\t\t\t\t\t\t\t\t\t\t\t<a href=\"https:\/\/elsurti.com\/pt\/futuros\/culpables\/especial\/estronismo-climatico\/\">\n\t\t\t\t\t\t\t<img loading=\"lazy\" decoding=\"async\" width=\"300\" height=\"300\" src=\"https:\/\/elsurti.com\/wp-content\/uploads\/2021\/02\/emisiones_cuadrado-300x300.jpg\" class=\"attachment-medium size-medium wp-image-13057\" alt=\"\" srcset=\"https:\/\/elsurti.com\/wp-content\/uploads\/2021\/02\/emisiones_cuadrado-300x300.jpg 300w, https:\/\/elsurti.com\/wp-content\/uploads\/2021\/02\/emisiones_cuadrado-200x200.jpg 200w, https:\/\/elsurti.com\/wp-content\/uploads\/2021\/02\/emisiones_cuadrado-150x150.jpg 150w, https:\/\/elsurti.com\/wp-content\/uploads\/2021\/02\/emisiones_cuadrado-640x640.jpg 640w, https:\/\/elsurti.com\/wp-content\/uploads\/2021\/02\/emisiones_cuadrado-96x96.jpg 96w, https:\/\/elsurti.com\/wp-content\/uploads\/2021\/02\/emisiones_cuadrado.jpg 710w\" sizes=\"(max-width: 300px) 100vw, 300px\" \/>\t\t\t\t\t\t\t\t<\/a>\n\t\t\t\t\t\t\t\t\t\t\t\t\t<\/div>\n\t\t\t\t<\/div>\n\t\t\t\t\t<\/div>\n\t\t<\/div>\n\t\t\t\t<div class=\"elementor-column elementor-col-50 elementor-inner-column elementor-element elementor-element-133695c4\" data-id=\"133695c4\" data-element_type=\"column\">\n\t\t\t<div class=\"elementor-widget-wrap elementor-element-populated\">\n\t\t\t\t\t\t<div class=\"elementor-element elementor-element-51533152 elementor-widget elementor-widget-theme-post-title elementor-page-title elementor-widget-heading\" data-id=\"51533152\" data-element_type=\"widget\" data-widget_type=\"theme-post-title.default\">\n\t\t\t\t<div class=\"elementor-widget-container\">\n\t\t\t<h3 class=\"elementor-heading-title elementor-size-default\"><a href=\"https:\/\/elsurti.com\/pt\/futuros\/culpables\/especial\/estronismo-climatico\/\">El estronismo clim\u00e1tico que no nos deja respirar<\/a><\/h3>\t\t<\/div>\n\t\t\t\t<\/div>\n\t\t<!-- hidden widget 12765-3df4eaf2 -->\t\t<div class=\"elementor-element elementor-element-77ac097 dc-has-condition dc-condition-empty elementor-widget elementor-widget-text-editor\" data-id=\"77ac097\" data-element_type=\"widget\" data-widget_type=\"text-editor.default\">\n\t\t\t\t<div class=\"elementor-widget-container\">\n\t\t\t\t\t\t\tLa dictadura estronista contribuy\u00f3 a la crisis clim\u00e1tica con un modelo de desarrollo que necesita mucha tierra, poca gente y ning\u00fan \u00e1rbol. En democracia, esto no cambi\u00f3. Al contrario, se potenci\u00f3. Lo demostramos en esta l\u00ednea de tiempo.\t\t\t\t\t\t<\/div>\n\t\t\t\t<\/div>\n\t\t\t\t<div class=\"elementor-element elementor-element-2401f68 elementor-widget elementor-widget-post-info\" data-id=\"2401f68\" data-element_type=\"widget\" data-widget_type=\"post-info.default\">\n\t\t\t\t<div class=\"elementor-widget-container\">\n\t\t\t\t\t<ul class=\"elementor-inline-items elementor-icon-list-items elementor-post-info\">\n\t\t\t\t\t\t\t\t<li class=\"elementor-icon-list-item elementor-repeater-item-b058dc7 elementor-inline-item\" itemprop=\"datePublished\">\n\t\t\t\t\t\t\t\t\t\t\t\t\t<span class=\"elementor-icon-list-text elementor-post-info__item elementor-post-info__item--type-date\">\n\t\t\t\t\t\t\t\t\t\t<time>28\u00b701\u00b721<\/time>\t\t\t\t\t<\/span>\n\t\t\t\t\t\t\t\t<\/li>\n\t\t\t\t<\/ul>\n\t\t\t\t<\/div>\n\t\t\t\t<\/div>\n\t\t\t\t\t<\/div>\n\t\t<\/div>\n\t\t\t\t\t<\/div>\n\t\t<\/section>\n\t\t\t\t\t<\/div>\n\t\t<\/div>\n\t\t\t\t\t<\/div>\n\t\t<\/section>\n\t\t\t\t<\/div>\n\t\t\t\t<\/article>\n\t\t\t\t<\/div>\n\t\t\t\t<\/div>\n\t\t\t\t<\/div>\n\t\t\t\t\t<\/div>\n\t\t<\/div>\n\t\t\t\t\t<\/div>\n\t\t<\/section>\n\t\t\t\t\t<\/div>\n\t\t<\/div>\n\t\t\t\t\t<\/div>\n\t\t<\/section>\n\t\t\t\t<\/div>","protected":false},"excerpt":{"rendered":"<p>Futuros Una de cal y otra de miseria El boom de la construcci\u00f3n y el agro se sostiene con el trabajo f\u00edsico y en condiciones extremas de obreros de la industria de la cal y el cemento. reportaje: aldo ben\u00edtez \u00b7 edici\u00f3n: jazm\u00edn acu\u00f1a En ning\u00fan lugar como Vallem\u00ed es tan descarnada la contradicci\u00f3n entre [&hellip;]<\/p>","protected":false},"author":1295,"featured_media":66012,"parent":0,"menu_order":0,"comment_status":"closed","ping_status":"closed","template":"","meta":{"_acf_changed":false,"footnotes":""},"categories":[5],"tags":[],"fenomeno":[67],"tema":[],"acf":[],"_links":{"self":[{"href":"https:\/\/elsurti.com\/pt\/wp-json\/wp\/v2\/pages\/65998"}],"collection":[{"href":"https:\/\/elsurti.com\/pt\/wp-json\/wp\/v2\/pages"}],"about":[{"href":"https:\/\/elsurti.com\/pt\/wp-json\/wp\/v2\/types\/page"}],"author":[{"embeddable":true,"href":"https:\/\/elsurti.com\/pt\/wp-json\/wp\/v2\/users\/1295"}],"replies":[{"embeddable":true,"href":"https:\/\/elsurti.com\/pt\/wp-json\/wp\/v2\/comments?post=65998"}],"version-history":[{"count":61,"href":"https:\/\/elsurti.com\/pt\/wp-json\/wp\/v2\/pages\/65998\/revisions"}],"predecessor-version":[{"id":66089,"href":"https:\/\/elsurti.com\/pt\/wp-json\/wp\/v2\/pages\/65998\/revisions\/66089"}],"wp:featuredmedia":[{"embeddable":true,"href":"https:\/\/elsurti.com\/pt\/wp-json\/wp\/v2\/media\/66012"}],"wp:attachment":[{"href":"https:\/\/elsurti.com\/pt\/wp-json\/wp\/v2\/media?parent=65998"}],"wp:term":[{"taxonomy":"category","embeddable":true,"href":"https:\/\/elsurti.com\/pt\/wp-json\/wp\/v2\/categories?post=65998"},{"taxonomy":"post_tag","embeddable":true,"href":"https:\/\/elsurti.com\/pt\/wp-json\/wp\/v2\/tags?post=65998"},{"taxonomy":"fenomeno","embeddable":true,"href":"https:\/\/elsurti.com\/pt\/wp-json\/wp\/v2\/fenomeno?post=65998"},{"taxonomy":"tema","embeddable":true,"href":"https:\/\/elsurti.com\/pt\/wp-json\/wp\/v2\/tema?post=65998"}],"curies":[{"name":"wp","href":"https:\/\/api.w.org\/{rel}","templated":true}]}}