{"id":18174,"date":"2017-10-09T14:00:00","date_gmt":"2017-10-09T18:00:00","guid":{"rendered":"https:\/\/elsurti.com\/?post_type=reportaje&#038;p=18174"},"modified":"2022-10-20T10:53:05","modified_gmt":"2022-10-20T14:53:05","slug":"la-vida-en-el-lugar-donde-la-comida-sobra","status":"publish","type":"reportaje","link":"https:\/\/elsurti.com\/pt\/futuros\/reportaje\/2017\/10\/09\/la-vida-en-el-lugar-donde-la-comida-sobra\/","title":{"rendered":"La vida en el lugar donde la comida sobra"},"content":{"rendered":"<div class=\"wp-bootstrap-blocks-row row\">\n\t\n\n<div class=\"col-12 col-lg-5\">\n\t\t\t\t<\/div>\n\n\n\n<div class=\"col-12 col-lg-7\">\n\t\t\t\n\n<p><\/p>\n\n\n\n<p><\/p>\n\n\t<\/div>\n\n<\/div>\n\n\n\n<div class=\"wp-block-image\"><figure class=\"aligncenter size-large\"><img fetchpriority=\"high\" decoding=\"async\" width=\"1024\" height=\"682\" src=\"https:\/\/elsurti.com\/wp-content\/uploads\/2021\/04\/1-de-marzo001-1024x682.jpg\" alt=\"\" class=\"wp-image-18175\" srcset=\"https:\/\/elsurti.com\/wp-content\/uploads\/2021\/04\/1-de-marzo001-1024x682.jpg 1024w, https:\/\/elsurti.com\/wp-content\/uploads\/2021\/04\/1-de-marzo001-300x200.jpg 300w, https:\/\/elsurti.com\/wp-content\/uploads\/2021\/04\/1-de-marzo001-768x512.jpg 768w, https:\/\/elsurti.com\/wp-content\/uploads\/2021\/04\/1-de-marzo001-1536x1024.jpg 1536w, https:\/\/elsurti.com\/wp-content\/uploads\/2021\/04\/1-de-marzo001-16x12.jpg 16w, https:\/\/elsurti.com\/wp-content\/uploads\/2021\/04\/1-de-marzo001-150x100.jpg 150w, https:\/\/elsurti.com\/wp-content\/uploads\/2021\/04\/1-de-marzo001.jpg 2000w\" sizes=\"(max-width: 1024px) 100vw, 1024px\" \/><\/figure><\/div>\n\n\n\n<p class=\"has-text-align-center\"><em>En la comunidad de Primero de Marzo el fuego nunca se apaga. En peque\u00f1os cuartos de madera, hay fogatas encendidas. All\u00ed las personas preparan gran parte de sus comidas con ingredientes de sus cultivos. En ese lugar ninguno de sus habitantes pasa hambre.<\/em><\/p>\n\n\n\n<div class=\"wp-block-image\"><figure class=\"aligncenter size-large\"><img decoding=\"async\" width=\"1024\" height=\"682\" src=\"https:\/\/elsurti.com\/wp-content\/uploads\/2021\/04\/1-de-marzo002-1024x682.jpg\" alt=\"\" class=\"wp-image-18176\" srcset=\"https:\/\/elsurti.com\/wp-content\/uploads\/2021\/04\/1-de-marzo002-1024x682.jpg 1024w, https:\/\/elsurti.com\/wp-content\/uploads\/2021\/04\/1-de-marzo002-300x200.jpg 300w, https:\/\/elsurti.com\/wp-content\/uploads\/2021\/04\/1-de-marzo002-768x512.jpg 768w, https:\/\/elsurti.com\/wp-content\/uploads\/2021\/04\/1-de-marzo002-1536x1024.jpg 1536w, https:\/\/elsurti.com\/wp-content\/uploads\/2021\/04\/1-de-marzo002-16x12.jpg 16w, https:\/\/elsurti.com\/wp-content\/uploads\/2021\/04\/1-de-marzo002-150x100.jpg 150w, https:\/\/elsurti.com\/wp-content\/uploads\/2021\/04\/1-de-marzo002.jpg 2000w\" sizes=\"(max-width: 1024px) 100vw, 1024px\" \/><\/figure><\/div>\n\n\n\n<p class=\"has-text-align-center\"><em>Los hijos de Severiano Ruiz D\u00edaz se levantan temprano y desayunan cocido con pireca o galleta mientras ven alg\u00fan programa infantil por Disney Channel. Su padre paga 10 d\u00f3lares al mes por el servicio de tv satelital.<\/em><\/p>\n\n\n\n<div class=\"wp-block-image\"><figure class=\"aligncenter size-large\"><img decoding=\"async\" width=\"1024\" height=\"682\" src=\"https:\/\/elsurti.com\/wp-content\/uploads\/2021\/04\/1-de-marzo003-1024x682.jpg\" alt=\"\" class=\"wp-image-18177\" srcset=\"https:\/\/elsurti.com\/wp-content\/uploads\/2021\/04\/1-de-marzo003-1024x682.jpg 1024w, https:\/\/elsurti.com\/wp-content\/uploads\/2021\/04\/1-de-marzo003-300x200.jpg 300w, https:\/\/elsurti.com\/wp-content\/uploads\/2021\/04\/1-de-marzo003-768x512.jpg 768w, https:\/\/elsurti.com\/wp-content\/uploads\/2021\/04\/1-de-marzo003-1536x1024.jpg 1536w, https:\/\/elsurti.com\/wp-content\/uploads\/2021\/04\/1-de-marzo003-16x12.jpg 16w, https:\/\/elsurti.com\/wp-content\/uploads\/2021\/04\/1-de-marzo003-150x100.jpg 150w, https:\/\/elsurti.com\/wp-content\/uploads\/2021\/04\/1-de-marzo003.jpg 2000w\" sizes=\"(max-width: 1024px) 100vw, 1024px\" \/><\/figure><\/div>\n\n\n\n<p class=\"has-text-align-center\"><em>En Primero de Marzo se cultivan tres tipos de ma\u00edz; morot\u0129, tup\u00ed y chip\u00e1, pero las mazorcas est\u00e1n por toda la comunidad, porque los campesinos se quejan de que no tienen mercado para vender su producci\u00f3n.<\/em><\/p>\n\n\n\n<div class=\"wp-block-image\"><figure class=\"aligncenter size-large\"><img loading=\"lazy\" decoding=\"async\" width=\"1024\" height=\"682\" src=\"https:\/\/elsurti.com\/wp-content\/uploads\/2021\/04\/1-de-marzo004-1024x682.jpg\" alt=\"\" class=\"wp-image-18178\" srcset=\"https:\/\/elsurti.com\/wp-content\/uploads\/2021\/04\/1-de-marzo004-1024x682.jpg 1024w, https:\/\/elsurti.com\/wp-content\/uploads\/2021\/04\/1-de-marzo004-300x200.jpg 300w, https:\/\/elsurti.com\/wp-content\/uploads\/2021\/04\/1-de-marzo004-768x512.jpg 768w, https:\/\/elsurti.com\/wp-content\/uploads\/2021\/04\/1-de-marzo004-1536x1024.jpg 1536w, https:\/\/elsurti.com\/wp-content\/uploads\/2021\/04\/1-de-marzo004-16x12.jpg 16w, https:\/\/elsurti.com\/wp-content\/uploads\/2021\/04\/1-de-marzo004-150x100.jpg 150w, https:\/\/elsurti.com\/wp-content\/uploads\/2021\/04\/1-de-marzo004.jpg 2000w\" sizes=\"(max-width: 1024px) 100vw, 1024px\" \/><\/figure><\/div>\n\n\n\n<p class=\"has-text-align-center\"><em>En el hogar de Severiano Mart\u00ednez, luego del desayuno, su hija mayor y su esposa desgranan las mazorcas para dar de comer a sus pollitos. Tyson, la mascota de la familia los acompa\u00f1an.<\/em><\/p>\n\n\n\n<div class=\"wp-block-image\"><figure class=\"aligncenter size-large\"><img loading=\"lazy\" decoding=\"async\" width=\"1024\" height=\"682\" src=\"https:\/\/elsurti.com\/wp-content\/uploads\/2021\/04\/1-de-marzo005-1024x682.jpg\" alt=\"\" class=\"wp-image-18179\" srcset=\"https:\/\/elsurti.com\/wp-content\/uploads\/2021\/04\/1-de-marzo005-1024x682.jpg 1024w, https:\/\/elsurti.com\/wp-content\/uploads\/2021\/04\/1-de-marzo005-300x200.jpg 300w, https:\/\/elsurti.com\/wp-content\/uploads\/2021\/04\/1-de-marzo005-768x512.jpg 768w, https:\/\/elsurti.com\/wp-content\/uploads\/2021\/04\/1-de-marzo005-1536x1024.jpg 1536w, https:\/\/elsurti.com\/wp-content\/uploads\/2021\/04\/1-de-marzo005-16x12.jpg 16w, https:\/\/elsurti.com\/wp-content\/uploads\/2021\/04\/1-de-marzo005-150x100.jpg 150w, https:\/\/elsurti.com\/wp-content\/uploads\/2021\/04\/1-de-marzo005.jpg 2000w\" sizes=\"(max-width: 1024px) 100vw, 1024px\" \/><\/figure><\/div>\n\n\n\n<p class=\"has-text-align-center\"><em>La energ\u00eda el\u00e9ctrica llega al asentamiento gracias a los 22 kil\u00f3metros de tendido que la comunidad instal\u00f3, y del que se sirven todas las familias.<\/em><\/p>\n\n\n\n<div class=\"wp-block-image\"><figure class=\"aligncenter size-large\"><img loading=\"lazy\" decoding=\"async\" width=\"1024\" height=\"692\" src=\"https:\/\/elsurti.com\/wp-content\/uploads\/2021\/04\/1-de-marzo006-1024x692.jpg\" alt=\"\" class=\"wp-image-18180\" srcset=\"https:\/\/elsurti.com\/wp-content\/uploads\/2021\/04\/1-de-marzo006-1024x692.jpg 1024w, https:\/\/elsurti.com\/wp-content\/uploads\/2021\/04\/1-de-marzo006-300x203.jpg 300w, https:\/\/elsurti.com\/wp-content\/uploads\/2021\/04\/1-de-marzo006-768x519.jpg 768w, https:\/\/elsurti.com\/wp-content\/uploads\/2021\/04\/1-de-marzo006-1536x1038.jpg 1536w, https:\/\/elsurti.com\/wp-content\/uploads\/2021\/04\/1-de-marzo006-16x12.jpg 16w, https:\/\/elsurti.com\/wp-content\/uploads\/2021\/04\/1-de-marzo006-150x101.jpg 150w, https:\/\/elsurti.com\/wp-content\/uploads\/2021\/04\/1-de-marzo006.jpg 2000w\" sizes=\"(max-width: 1024px) 100vw, 1024px\" \/><\/figure><\/div>\n\n\n\n<p class=\"has-text-align-center\"><em>Todas las ma\u00f1anas Severiano Ruiz D\u00edaz toma mate con sus hijos en la segunda casa que construy\u00f3. La primera fue quemada por polic\u00edas durante un desalojo en 2014. Su casa es peque\u00f1a pero cuenta con comodidades b\u00e1sicas como energ\u00eda el\u00e9ctrica. Luego del mate, Severiano va a trabajar a su chacra hasta el final del d\u00eda.<\/em><\/p>\n\n\n\n<div class=\"wp-block-image\"><figure class=\"aligncenter size-large\"><img loading=\"lazy\" decoding=\"async\" width=\"1024\" height=\"682\" src=\"https:\/\/elsurti.com\/wp-content\/uploads\/2021\/04\/1-de-marzo007-1024x682.jpg\" alt=\"\" class=\"wp-image-18181\" srcset=\"https:\/\/elsurti.com\/wp-content\/uploads\/2021\/04\/1-de-marzo007-1024x682.jpg 1024w, https:\/\/elsurti.com\/wp-content\/uploads\/2021\/04\/1-de-marzo007-300x200.jpg 300w, https:\/\/elsurti.com\/wp-content\/uploads\/2021\/04\/1-de-marzo007-768x512.jpg 768w, https:\/\/elsurti.com\/wp-content\/uploads\/2021\/04\/1-de-marzo007-1536x1024.jpg 1536w, https:\/\/elsurti.com\/wp-content\/uploads\/2021\/04\/1-de-marzo007-16x12.jpg 16w, https:\/\/elsurti.com\/wp-content\/uploads\/2021\/04\/1-de-marzo007-150x100.jpg 150w, https:\/\/elsurti.com\/wp-content\/uploads\/2021\/04\/1-de-marzo007.jpg 2000w\" sizes=\"(max-width: 1024px) 100vw, 1024px\" \/><\/figure><\/div>\n\n\n\n<p class=\"has-text-align-center\"><em>La tierra roja no es impedimento para que los ni\u00f1os puedan con ir los zapatos limpios, a las tres escuelas de la comunidad.<\/em><\/p>\n\n\n\n<div class=\"wp-block-image\"><figure class=\"aligncenter size-large\"><img loading=\"lazy\" decoding=\"async\" width=\"1024\" height=\"682\" src=\"https:\/\/elsurti.com\/wp-content\/uploads\/2021\/04\/1-de-marzo008-1024x682.jpg\" alt=\"\" class=\"wp-image-18182\" srcset=\"https:\/\/elsurti.com\/wp-content\/uploads\/2021\/04\/1-de-marzo008-1024x682.jpg 1024w, https:\/\/elsurti.com\/wp-content\/uploads\/2021\/04\/1-de-marzo008-300x200.jpg 300w, https:\/\/elsurti.com\/wp-content\/uploads\/2021\/04\/1-de-marzo008-768x512.jpg 768w, https:\/\/elsurti.com\/wp-content\/uploads\/2021\/04\/1-de-marzo008-1536x1024.jpg 1536w, https:\/\/elsurti.com\/wp-content\/uploads\/2021\/04\/1-de-marzo008-16x12.jpg 16w, https:\/\/elsurti.com\/wp-content\/uploads\/2021\/04\/1-de-marzo008-150x100.jpg 150w, https:\/\/elsurti.com\/wp-content\/uploads\/2021\/04\/1-de-marzo008.jpg 2000w\" sizes=\"(max-width: 1024px) 100vw, 1024px\" \/><\/figure><\/div>\n\n\n\n<p class=\"has-text-align-center\"><em>En Primero de Marzo, la comunidad ya ve una segunda generaci\u00f3n que naci\u00f3 en esas tierras. Una generaci\u00f3n de ni\u00f1os y ni\u00f1as que se embarran en los caminos, corren, r\u00eden, moquean y van a la escuela.<\/em><\/p>\n\n\n\n<div class=\"wp-block-image\"><figure class=\"aligncenter size-large\"><img loading=\"lazy\" decoding=\"async\" width=\"1024\" height=\"682\" src=\"https:\/\/elsurti.com\/wp-content\/uploads\/2021\/04\/1-de-marzo011-1024x682.jpg\" alt=\"\" class=\"wp-image-18183\" srcset=\"https:\/\/elsurti.com\/wp-content\/uploads\/2021\/04\/1-de-marzo011-1024x682.jpg 1024w, https:\/\/elsurti.com\/wp-content\/uploads\/2021\/04\/1-de-marzo011-300x200.jpg 300w, https:\/\/elsurti.com\/wp-content\/uploads\/2021\/04\/1-de-marzo011-768x512.jpg 768w, https:\/\/elsurti.com\/wp-content\/uploads\/2021\/04\/1-de-marzo011-1536x1024.jpg 1536w, https:\/\/elsurti.com\/wp-content\/uploads\/2021\/04\/1-de-marzo011-16x12.jpg 16w, https:\/\/elsurti.com\/wp-content\/uploads\/2021\/04\/1-de-marzo011-150x100.jpg 150w, https:\/\/elsurti.com\/wp-content\/uploads\/2021\/04\/1-de-marzo011.jpg 2000w\" sizes=\"(max-width: 1024px) 100vw, 1024px\" \/><\/figure><\/div>\n\n\n\n<p class=\"has-text-align-center\"><em>En la comunidad existen tres escuelas, ninguna iglesia y casi 10 km de caminos de tierra roja y h\u00fameda. Como todo en Primero de Marzo, los caminos fueron construidos a machetazos por campesinos como Severiano Ruiz D\u00edaz, que le dedican dos de los siete d\u00edas a trabajos comunitarios.<\/em><\/p>\n\n\n\n<div class=\"wp-block-image\"><figure class=\"aligncenter size-large\"><img loading=\"lazy\" decoding=\"async\" width=\"1024\" height=\"682\" src=\"https:\/\/elsurti.com\/wp-content\/uploads\/2021\/04\/1-de-marzo012-1-1024x682.jpg\" alt=\"\" class=\"wp-image-18184\" srcset=\"https:\/\/elsurti.com\/wp-content\/uploads\/2021\/04\/1-de-marzo012-1-1024x682.jpg 1024w, https:\/\/elsurti.com\/wp-content\/uploads\/2021\/04\/1-de-marzo012-1-300x200.jpg 300w, https:\/\/elsurti.com\/wp-content\/uploads\/2021\/04\/1-de-marzo012-1-768x512.jpg 768w, https:\/\/elsurti.com\/wp-content\/uploads\/2021\/04\/1-de-marzo012-1-1536x1024.jpg 1536w, https:\/\/elsurti.com\/wp-content\/uploads\/2021\/04\/1-de-marzo012-1-16x12.jpg 16w, https:\/\/elsurti.com\/wp-content\/uploads\/2021\/04\/1-de-marzo012-1-150x100.jpg 150w, https:\/\/elsurti.com\/wp-content\/uploads\/2021\/04\/1-de-marzo012-1.jpg 2000w\" sizes=\"(max-width: 1024px) 100vw, 1024px\" \/><\/figure><\/div>\n\n\n\n<p class=\"has-text-align-center\"><em>Al llegar a una casa del asentamiento, junto a las personas, los primeros en saludar son los bananales. All\u00ed abundan tanto, que las bananas de oro se regalan como postre en las casas de la comunidad.<\/em><\/p>\n\n\n\n<div class=\"wp-block-image\"><figure class=\"aligncenter size-large\"><img loading=\"lazy\" decoding=\"async\" width=\"1024\" height=\"682\" src=\"https:\/\/elsurti.com\/wp-content\/uploads\/2021\/04\/1-de-marzo013-1024x682.jpg\" alt=\"\" class=\"wp-image-18185\" srcset=\"https:\/\/elsurti.com\/wp-content\/uploads\/2021\/04\/1-de-marzo013-1024x682.jpg 1024w, https:\/\/elsurti.com\/wp-content\/uploads\/2021\/04\/1-de-marzo013-300x200.jpg 300w, https:\/\/elsurti.com\/wp-content\/uploads\/2021\/04\/1-de-marzo013-768x512.jpg 768w, https:\/\/elsurti.com\/wp-content\/uploads\/2021\/04\/1-de-marzo013-1536x1024.jpg 1536w, https:\/\/elsurti.com\/wp-content\/uploads\/2021\/04\/1-de-marzo013-16x12.jpg 16w, https:\/\/elsurti.com\/wp-content\/uploads\/2021\/04\/1-de-marzo013-150x100.jpg 150w, https:\/\/elsurti.com\/wp-content\/uploads\/2021\/04\/1-de-marzo013.jpg 2000w\" sizes=\"(max-width: 1024px) 100vw, 1024px\" \/><\/figure><\/div>\n\n\n\n<p class=\"has-text-align-center\"><em>Primero de Marzo est\u00e1 rodeado de cultivos de soja. Sin embargo, en la comunidad est\u00e1 prohibida su plantaci\u00f3n. El asentamiento se sostiene sobre su diversidad agr\u00edcola, cultivando productos que abastecen a sus habitantes.<\/em><\/p>\n\n\n\n<div class=\"wp-block-image\"><figure class=\"aligncenter size-large\"><img loading=\"lazy\" decoding=\"async\" width=\"1024\" height=\"682\" src=\"https:\/\/elsurti.com\/wp-content\/uploads\/2021\/04\/1-de-marzo014-1024x682.jpg\" alt=\"\" class=\"wp-image-18186\" srcset=\"https:\/\/elsurti.com\/wp-content\/uploads\/2021\/04\/1-de-marzo014-1024x682.jpg 1024w, https:\/\/elsurti.com\/wp-content\/uploads\/2021\/04\/1-de-marzo014-300x200.jpg 300w, https:\/\/elsurti.com\/wp-content\/uploads\/2021\/04\/1-de-marzo014-768x512.jpg 768w, https:\/\/elsurti.com\/wp-content\/uploads\/2021\/04\/1-de-marzo014-1536x1024.jpg 1536w, https:\/\/elsurti.com\/wp-content\/uploads\/2021\/04\/1-de-marzo014-16x12.jpg 16w, https:\/\/elsurti.com\/wp-content\/uploads\/2021\/04\/1-de-marzo014-150x100.jpg 150w, https:\/\/elsurti.com\/wp-content\/uploads\/2021\/04\/1-de-marzo014.jpg 2000w\" sizes=\"(max-width: 1024px) 100vw, 1024px\" \/><\/figure><\/div>\n\n\n\n<p class=\"has-text-align-center\"><em>Cada una de las viviendas que existen en el asentamiento fueron construidas por sus propios habitantes. Adem\u00e1s, gracias a una oler\u00eda que ha empezado a funcionar en la comunidad, muchas de las casas de Primero de Marzo ahora tienen piso de ladrillos.<\/em><\/p>\n\n\n\n<div class=\"wp-block-image\"><figure class=\"aligncenter size-large\"><img loading=\"lazy\" decoding=\"async\" width=\"1024\" height=\"682\" src=\"https:\/\/elsurti.com\/wp-content\/uploads\/2021\/04\/1-de-marzo015-1024x682.jpg\" alt=\"\" class=\"wp-image-18187\" srcset=\"https:\/\/elsurti.com\/wp-content\/uploads\/2021\/04\/1-de-marzo015-1024x682.jpg 1024w, https:\/\/elsurti.com\/wp-content\/uploads\/2021\/04\/1-de-marzo015-300x200.jpg 300w, https:\/\/elsurti.com\/wp-content\/uploads\/2021\/04\/1-de-marzo015-768x512.jpg 768w, https:\/\/elsurti.com\/wp-content\/uploads\/2021\/04\/1-de-marzo015-1536x1024.jpg 1536w, https:\/\/elsurti.com\/wp-content\/uploads\/2021\/04\/1-de-marzo015-16x12.jpg 16w, https:\/\/elsurti.com\/wp-content\/uploads\/2021\/04\/1-de-marzo015-150x100.jpg 150w, https:\/\/elsurti.com\/wp-content\/uploads\/2021\/04\/1-de-marzo015.jpg 2000w\" sizes=\"(max-width: 1024px) 100vw, 1024px\" \/><\/figure><\/div>\n\n\n\n<p class=\"has-text-align-center\"><em>La comunidad fue fundada el 29 de Febrero de 2012 por 100 familias. Cinco a\u00f1os despu\u00e9s, ya eran el triple. Las familias tienen derecho a 10 hect\u00e1reas en donde pueden producir sus propios alimentos. En la actualidad, sus habitantes ocupan unas 2 mil hect\u00e1reas, de las m\u00e1s de 4 mil que est\u00e1n en disputa con el Estado.<\/em><\/p>\n\n\n\n<div class=\"wp-block-image\"><figure class=\"aligncenter size-large\"><img loading=\"lazy\" decoding=\"async\" width=\"1024\" height=\"682\" src=\"https:\/\/elsurti.com\/wp-content\/uploads\/2021\/04\/1-de-marzo016-1024x682.jpg\" alt=\"\" class=\"wp-image-18188\" srcset=\"https:\/\/elsurti.com\/wp-content\/uploads\/2021\/04\/1-de-marzo016-1024x682.jpg 1024w, https:\/\/elsurti.com\/wp-content\/uploads\/2021\/04\/1-de-marzo016-300x200.jpg 300w, https:\/\/elsurti.com\/wp-content\/uploads\/2021\/04\/1-de-marzo016-768x512.jpg 768w, https:\/\/elsurti.com\/wp-content\/uploads\/2021\/04\/1-de-marzo016-1536x1024.jpg 1536w, https:\/\/elsurti.com\/wp-content\/uploads\/2021\/04\/1-de-marzo016-16x12.jpg 16w, https:\/\/elsurti.com\/wp-content\/uploads\/2021\/04\/1-de-marzo016-150x100.jpg 150w, https:\/\/elsurti.com\/wp-content\/uploads\/2021\/04\/1-de-marzo016.jpg 2000w\" sizes=\"(max-width: 1024px) 100vw, 1024px\" \/><\/figure><\/div>\n\n\n\n<p class=\"has-text-align-center\"><em>Los productores de Primero de Marzo cultivan varios tipos de productos, se destacan dos clases de banana, tres de ma\u00edz, cuatro de porotos, ca\u00f1a de az\u00facar, yerba mate, man\u00ed, mamones, batata y mandioca. Un refugio de la agricultura familiar campesina rodeado tres de los cuatros departamentos con la mayor producci\u00f3n sojera.<\/em><\/p>\n\n\n\n<div class=\"wp-block-image\"><figure class=\"aligncenter size-large\"><img loading=\"lazy\" decoding=\"async\" width=\"1024\" height=\"682\" src=\"https:\/\/elsurti.com\/wp-content\/uploads\/2021\/04\/1-de-marzo017-1024x682.jpg\" alt=\"\" class=\"wp-image-18189\" srcset=\"https:\/\/elsurti.com\/wp-content\/uploads\/2021\/04\/1-de-marzo017-1024x682.jpg 1024w, https:\/\/elsurti.com\/wp-content\/uploads\/2021\/04\/1-de-marzo017-300x200.jpg 300w, https:\/\/elsurti.com\/wp-content\/uploads\/2021\/04\/1-de-marzo017-768x512.jpg 768w, https:\/\/elsurti.com\/wp-content\/uploads\/2021\/04\/1-de-marzo017-1536x1024.jpg 1536w, https:\/\/elsurti.com\/wp-content\/uploads\/2021\/04\/1-de-marzo017-16x12.jpg 16w, https:\/\/elsurti.com\/wp-content\/uploads\/2021\/04\/1-de-marzo017-150x100.jpg 150w, https:\/\/elsurti.com\/wp-content\/uploads\/2021\/04\/1-de-marzo017.jpg 2000w\" sizes=\"(max-width: 1024px) 100vw, 1024px\" \/><\/figure><\/div>\n\n\n\n<p class=\"has-text-align-center\"><em>La mandioca o yuca es un cultivo de m\u00e1s de cuatro mil a\u00f1os y uno de los productos m\u00e1s caracter\u00edsticos de la gastronom\u00eda paraguaya.<\/em><\/p>\n\n\n\n<div class=\"wp-block-image\"><figure class=\"aligncenter size-large\"><img loading=\"lazy\" decoding=\"async\" width=\"1024\" height=\"682\" src=\"https:\/\/elsurti.com\/wp-content\/uploads\/2021\/04\/1-de-marzo018-1024x682.jpg\" alt=\"\" class=\"wp-image-18190\" srcset=\"https:\/\/elsurti.com\/wp-content\/uploads\/2021\/04\/1-de-marzo018-1024x682.jpg 1024w, https:\/\/elsurti.com\/wp-content\/uploads\/2021\/04\/1-de-marzo018-300x200.jpg 300w, https:\/\/elsurti.com\/wp-content\/uploads\/2021\/04\/1-de-marzo018-768x512.jpg 768w, https:\/\/elsurti.com\/wp-content\/uploads\/2021\/04\/1-de-marzo018-1536x1024.jpg 1536w, https:\/\/elsurti.com\/wp-content\/uploads\/2021\/04\/1-de-marzo018-16x12.jpg 16w, https:\/\/elsurti.com\/wp-content\/uploads\/2021\/04\/1-de-marzo018-150x100.jpg 150w, https:\/\/elsurti.com\/wp-content\/uploads\/2021\/04\/1-de-marzo018.jpg 2000w\" sizes=\"(max-width: 1024px) 100vw, 1024px\" \/><\/figure><\/div>\n\n\n\n<p class=\"has-text-align-center\"><em>En Primero de Marzo, la palabra \u00abcerca\u00bb adquiere un nuevo significado cuando el arroyo u hospital m\u00e1s cercano se encuentran a 10 kil\u00f3metros de distancia.<\/em><\/p>\n\n\n\n<div class=\"wp-block-image\"><figure class=\"aligncenter size-large\"><img loading=\"lazy\" decoding=\"async\" width=\"1024\" height=\"682\" src=\"https:\/\/elsurti.com\/wp-content\/uploads\/2021\/04\/1-de-marzo019-1-1024x682.jpg\" alt=\"\" class=\"wp-image-18191\" srcset=\"https:\/\/elsurti.com\/wp-content\/uploads\/2021\/04\/1-de-marzo019-1-1024x682.jpg 1024w, https:\/\/elsurti.com\/wp-content\/uploads\/2021\/04\/1-de-marzo019-1-300x200.jpg 300w, https:\/\/elsurti.com\/wp-content\/uploads\/2021\/04\/1-de-marzo019-1-768x512.jpg 768w, https:\/\/elsurti.com\/wp-content\/uploads\/2021\/04\/1-de-marzo019-1-1536x1024.jpg 1536w, https:\/\/elsurti.com\/wp-content\/uploads\/2021\/04\/1-de-marzo019-1-16x12.jpg 16w, https:\/\/elsurti.com\/wp-content\/uploads\/2021\/04\/1-de-marzo019-1-150x100.jpg 150w, https:\/\/elsurti.com\/wp-content\/uploads\/2021\/04\/1-de-marzo019-1.jpg 2000w\" sizes=\"(max-width: 1024px) 100vw, 1024px\" \/><\/figure><\/div>\n\n\n\n<p class=\"has-text-align-center\"><em>A pesar de que en Primero de Marzo se produce una gran variedad de productos, el \u00fanico que les retribuye econ\u00f3micamente es la mandioca. Cada labriego de la comunidad recibe 3 centavos de d\u00f3lar por cada kilo que produce.<\/em><\/p>\n\n\n\n<div class=\"wp-block-image\"><figure class=\"aligncenter size-large\"><img loading=\"lazy\" decoding=\"async\" width=\"1024\" height=\"682\" src=\"https:\/\/elsurti.com\/wp-content\/uploads\/2021\/04\/1-de-marzo020-1024x682.jpg\" alt=\"\" class=\"wp-image-18192\" srcset=\"https:\/\/elsurti.com\/wp-content\/uploads\/2021\/04\/1-de-marzo020-1024x682.jpg 1024w, https:\/\/elsurti.com\/wp-content\/uploads\/2021\/04\/1-de-marzo020-300x200.jpg 300w, https:\/\/elsurti.com\/wp-content\/uploads\/2021\/04\/1-de-marzo020-768x512.jpg 768w, https:\/\/elsurti.com\/wp-content\/uploads\/2021\/04\/1-de-marzo020-1536x1024.jpg 1536w, https:\/\/elsurti.com\/wp-content\/uploads\/2021\/04\/1-de-marzo020-16x12.jpg 16w, https:\/\/elsurti.com\/wp-content\/uploads\/2021\/04\/1-de-marzo020-150x100.jpg 150w, https:\/\/elsurti.com\/wp-content\/uploads\/2021\/04\/1-de-marzo020.jpg 2000w\" sizes=\"(max-width: 1024px) 100vw, 1024px\" \/><\/figure><\/div>\n\n\n\n<p class=\"has-text-align-center\"><em>Solo en Paraguay existen unas 700 u 800 variedades que son cultivadas en aproximadamente 180 mil hect\u00e1reas. Cada a\u00f1o se producen unas 6 millones de toneladas de mandioca.<\/em><\/p>\n\n\n\n<div class=\"wp-block-image\"><figure class=\"aligncenter size-large\"><img loading=\"lazy\" decoding=\"async\" width=\"1024\" height=\"682\" src=\"https:\/\/elsurti.com\/wp-content\/uploads\/2021\/04\/1-de-marzo021-1024x682.jpg\" alt=\"\" class=\"wp-image-18193\" srcset=\"https:\/\/elsurti.com\/wp-content\/uploads\/2021\/04\/1-de-marzo021-1024x682.jpg 1024w, https:\/\/elsurti.com\/wp-content\/uploads\/2021\/04\/1-de-marzo021-300x200.jpg 300w, https:\/\/elsurti.com\/wp-content\/uploads\/2021\/04\/1-de-marzo021-768x512.jpg 768w, https:\/\/elsurti.com\/wp-content\/uploads\/2021\/04\/1-de-marzo021-1536x1024.jpg 1536w, https:\/\/elsurti.com\/wp-content\/uploads\/2021\/04\/1-de-marzo021-16x12.jpg 16w, https:\/\/elsurti.com\/wp-content\/uploads\/2021\/04\/1-de-marzo021-150x100.jpg 150w, https:\/\/elsurti.com\/wp-content\/uploads\/2021\/04\/1-de-marzo021.jpg 2000w\" sizes=\"(max-width: 1024px) 100vw, 1024px\" \/><\/figure><\/div>\n\n\n\n<p class=\"has-text-align-center\"><em>Jos\u00e9 Velazquez, aquejado por problemas de salud, dej\u00f3 la ciudad y volvi\u00f3 al campo para recuperarse. All\u00ed organiza sus actividades manejando un cami\u00f3n con el motor al aire, sin carcaza y una carrocer\u00eda de madera al que de cari\u00f1o llama: Tutu.<\/em><\/p>\n\n\n\n<div class=\"wp-block-image\"><figure class=\"aligncenter size-large\"><img loading=\"lazy\" decoding=\"async\" width=\"1024\" height=\"682\" src=\"https:\/\/elsurti.com\/wp-content\/uploads\/2021\/04\/1-de-marzo022-1024x682.jpg\" alt=\"\" class=\"wp-image-18261\" srcset=\"https:\/\/elsurti.com\/wp-content\/uploads\/2021\/04\/1-de-marzo022-1024x682.jpg 1024w, https:\/\/elsurti.com\/wp-content\/uploads\/2021\/04\/1-de-marzo022-300x200.jpg 300w, https:\/\/elsurti.com\/wp-content\/uploads\/2021\/04\/1-de-marzo022-768x512.jpg 768w, https:\/\/elsurti.com\/wp-content\/uploads\/2021\/04\/1-de-marzo022-1536x1024.jpg 1536w, https:\/\/elsurti.com\/wp-content\/uploads\/2021\/04\/1-de-marzo022-16x12.jpg 16w, https:\/\/elsurti.com\/wp-content\/uploads\/2021\/04\/1-de-marzo022-150x100.jpg 150w, https:\/\/elsurti.com\/wp-content\/uploads\/2021\/04\/1-de-marzo022.jpg 2000w\" sizes=\"(max-width: 1024px) 100vw, 1024px\" \/><\/figure><\/div>\n\n\n\n<p class=\"has-text-align-center\"><em>En Primero de Marzo no van a misa los domingos. En cambio, se re\u00fanen en una de las tres escuelas de la comunidad. All\u00ed debaten temas referentes a la vida en el asentamiento.<\/em><\/p>\n\n\n\n<div class=\"wp-block-image\"><figure class=\"aligncenter size-large\"><img loading=\"lazy\" decoding=\"async\" width=\"1024\" height=\"682\" src=\"https:\/\/elsurti.com\/wp-content\/uploads\/2021\/04\/1-de-marzo023-1024x682.jpg\" alt=\"\" class=\"wp-image-18262\" srcset=\"https:\/\/elsurti.com\/wp-content\/uploads\/2021\/04\/1-de-marzo023-1024x682.jpg 1024w, https:\/\/elsurti.com\/wp-content\/uploads\/2021\/04\/1-de-marzo023-300x200.jpg 300w, https:\/\/elsurti.com\/wp-content\/uploads\/2021\/04\/1-de-marzo023-768x512.jpg 768w, https:\/\/elsurti.com\/wp-content\/uploads\/2021\/04\/1-de-marzo023-1536x1024.jpg 1536w, https:\/\/elsurti.com\/wp-content\/uploads\/2021\/04\/1-de-marzo023-16x12.jpg 16w, https:\/\/elsurti.com\/wp-content\/uploads\/2021\/04\/1-de-marzo023-150x100.jpg 150w, https:\/\/elsurti.com\/wp-content\/uploads\/2021\/04\/1-de-marzo023.jpg 2000w\" sizes=\"(max-width: 1024px) 100vw, 1024px\" \/><\/figure><\/div>\n\n\n\n<p class=\"has-text-align-center\"><em>La reuni\u00f3n es convocada por la Organizaci\u00f3n de Lucha por la Tierra, que fue fundada en el a\u00f1o 1993 y es una de las organizaciones campesinas m\u00e1s importantes en Paraguay.<\/em><\/p>\n\n\n\n<div class=\"wp-block-image\"><figure class=\"aligncenter size-large\"><img loading=\"lazy\" decoding=\"async\" width=\"1024\" height=\"682\" src=\"https:\/\/elsurti.com\/wp-content\/uploads\/2021\/04\/1-de-marzo024-1024x682.jpg\" alt=\"\" class=\"wp-image-18263\" srcset=\"https:\/\/elsurti.com\/wp-content\/uploads\/2021\/04\/1-de-marzo024-1024x682.jpg 1024w, https:\/\/elsurti.com\/wp-content\/uploads\/2021\/04\/1-de-marzo024-300x200.jpg 300w, https:\/\/elsurti.com\/wp-content\/uploads\/2021\/04\/1-de-marzo024-768x512.jpg 768w, https:\/\/elsurti.com\/wp-content\/uploads\/2021\/04\/1-de-marzo024-1536x1024.jpg 1536w, https:\/\/elsurti.com\/wp-content\/uploads\/2021\/04\/1-de-marzo024-16x12.jpg 16w, https:\/\/elsurti.com\/wp-content\/uploads\/2021\/04\/1-de-marzo024-150x100.jpg 150w, https:\/\/elsurti.com\/wp-content\/uploads\/2021\/04\/1-de-marzo024.jpg 2000w\" sizes=\"(max-width: 1024px) 100vw, 1024px\" \/><\/figure><\/div>\n\n\n\n<p class=\"has-text-align-center\"><em>La comisi\u00f3n vecinal pidi\u00f3 al Estado la expropiaci\u00f3n de las tierras para reforma agraria. El pedido fue rechazado, y tambi\u00e9n provoc\u00f3 que todos sus miembros fueran imputados por invasi\u00f3n a la propiedad privada y asociaci\u00f3n criminal.<\/em><\/p>\n\n\n\n<div class=\"wp-block-image\"><figure class=\"aligncenter size-large\"><img loading=\"lazy\" decoding=\"async\" width=\"1024\" height=\"682\" src=\"https:\/\/elsurti.com\/wp-content\/uploads\/2021\/04\/1-de-marzo025-1024x682.jpg\" alt=\"\" class=\"wp-image-18264\" srcset=\"https:\/\/elsurti.com\/wp-content\/uploads\/2021\/04\/1-de-marzo025-1024x682.jpg 1024w, https:\/\/elsurti.com\/wp-content\/uploads\/2021\/04\/1-de-marzo025-300x200.jpg 300w, https:\/\/elsurti.com\/wp-content\/uploads\/2021\/04\/1-de-marzo025-768x512.jpg 768w, https:\/\/elsurti.com\/wp-content\/uploads\/2021\/04\/1-de-marzo025-1536x1024.jpg 1536w, https:\/\/elsurti.com\/wp-content\/uploads\/2021\/04\/1-de-marzo025-16x12.jpg 16w, https:\/\/elsurti.com\/wp-content\/uploads\/2021\/04\/1-de-marzo025-150x100.jpg 150w, https:\/\/elsurti.com\/wp-content\/uploads\/2021\/04\/1-de-marzo025.jpg 2000w\" sizes=\"(max-width: 1024px) 100vw, 1024px\" \/><\/figure><\/div>\n\n\n\n<p class=\"has-text-align-center\"><em>Campesinos y campesinas de todo el pa\u00eds se reunieron a discutir la situaci\u00f3n de sus comunidades en Primero de Marzo.<\/em><\/p>\n\n\n\n<div class=\"wp-block-image\"><figure class=\"aligncenter size-large\"><img loading=\"lazy\" decoding=\"async\" width=\"1024\" height=\"682\" src=\"https:\/\/elsurti.com\/wp-content\/uploads\/2021\/04\/1-de-marzo026-1024x682.jpg\" alt=\"\" class=\"wp-image-18265\" srcset=\"https:\/\/elsurti.com\/wp-content\/uploads\/2021\/04\/1-de-marzo026-1024x682.jpg 1024w, https:\/\/elsurti.com\/wp-content\/uploads\/2021\/04\/1-de-marzo026-300x200.jpg 300w, https:\/\/elsurti.com\/wp-content\/uploads\/2021\/04\/1-de-marzo026-768x512.jpg 768w, https:\/\/elsurti.com\/wp-content\/uploads\/2021\/04\/1-de-marzo026-1536x1024.jpg 1536w, https:\/\/elsurti.com\/wp-content\/uploads\/2021\/04\/1-de-marzo026-16x12.jpg 16w, https:\/\/elsurti.com\/wp-content\/uploads\/2021\/04\/1-de-marzo026-150x100.jpg 150w, https:\/\/elsurti.com\/wp-content\/uploads\/2021\/04\/1-de-marzo026.jpg 2000w\" sizes=\"(max-width: 1024px) 100vw, 1024px\" \/><\/figure><\/div>\n\n\n\n<p class=\"has-text-align-center\"><em>M\u00e1s all\u00e1 de las fronteras de Primero de Marzo se encuentra la estancia de una las familias m\u00e1s poderosas del Paraguay: los Bendlin. Consiguieron esas tierras de forma ilegal en 1969 al canjearlas al Estado paraguayo por un avi\u00f3n.<\/em><\/p>\n\n\n\n<div class=\"wp-block-image\"><figure class=\"aligncenter size-large\"><img loading=\"lazy\" decoding=\"async\" width=\"1024\" height=\"682\" src=\"https:\/\/elsurti.com\/wp-content\/uploads\/2021\/04\/1-de-marzo027-1024x682.jpg\" alt=\"\" class=\"wp-image-18266\" srcset=\"https:\/\/elsurti.com\/wp-content\/uploads\/2021\/04\/1-de-marzo027-1024x682.jpg 1024w, https:\/\/elsurti.com\/wp-content\/uploads\/2021\/04\/1-de-marzo027-300x200.jpg 300w, https:\/\/elsurti.com\/wp-content\/uploads\/2021\/04\/1-de-marzo027-768x512.jpg 768w, https:\/\/elsurti.com\/wp-content\/uploads\/2021\/04\/1-de-marzo027-1536x1024.jpg 1536w, https:\/\/elsurti.com\/wp-content\/uploads\/2021\/04\/1-de-marzo027-16x12.jpg 16w, https:\/\/elsurti.com\/wp-content\/uploads\/2021\/04\/1-de-marzo027-150x100.jpg 150w, https:\/\/elsurti.com\/wp-content\/uploads\/2021\/04\/1-de-marzo027.jpg 2000w\" sizes=\"(max-width: 1024px) 100vw, 1024px\" \/><\/figure><\/div>\n\n\n\n<p class=\"has-text-align-center\"><em>Las casi trescientas familias en Primero de Marzo viven en una lucha diaria contra el poder establecido por el Estado y los grandes terratenientes en donde se tuvieron que enfrentar a tres desalojos.<\/em><\/p>\n\n\n\n<div class=\"wp-block-image\"><figure class=\"aligncenter size-large\"><img loading=\"lazy\" decoding=\"async\" width=\"1024\" height=\"682\" src=\"https:\/\/elsurti.com\/wp-content\/uploads\/2021\/04\/1-de-marzo028-1024x682.jpg\" alt=\"\" class=\"wp-image-18270\" srcset=\"https:\/\/elsurti.com\/wp-content\/uploads\/2021\/04\/1-de-marzo028-1024x682.jpg 1024w, https:\/\/elsurti.com\/wp-content\/uploads\/2021\/04\/1-de-marzo028-300x200.jpg 300w, https:\/\/elsurti.com\/wp-content\/uploads\/2021\/04\/1-de-marzo028-768x512.jpg 768w, https:\/\/elsurti.com\/wp-content\/uploads\/2021\/04\/1-de-marzo028-1536x1024.jpg 1536w, https:\/\/elsurti.com\/wp-content\/uploads\/2021\/04\/1-de-marzo028-16x12.jpg 16w, https:\/\/elsurti.com\/wp-content\/uploads\/2021\/04\/1-de-marzo028-150x100.jpg 150w, https:\/\/elsurti.com\/wp-content\/uploads\/2021\/04\/1-de-marzo028.jpg 2000w\" sizes=\"(max-width: 1024px) 100vw, 1024px\" \/><\/figure><\/div>\n\n\n\n<p class=\"has-text-align-center\"><em>Lidia Ru\u00edz es una de las voceras de la Organizaci\u00f3n de la Lucha por la Tierra. Ella, como toda la comunidad, defiende su derecho a la tierra y un modo de vida que se sustenta en la agricultura familiar.<\/em><\/p>\n\n\n\n<div class=\"wp-block-image\"><figure class=\"aligncenter size-large\"><img loading=\"lazy\" decoding=\"async\" width=\"1024\" height=\"682\" src=\"https:\/\/elsurti.com\/wp-content\/uploads\/2021\/04\/1-de-marzo029-1024x682.jpg\" alt=\"\" class=\"wp-image-18271\" srcset=\"https:\/\/elsurti.com\/wp-content\/uploads\/2021\/04\/1-de-marzo029-1024x682.jpg 1024w, https:\/\/elsurti.com\/wp-content\/uploads\/2021\/04\/1-de-marzo029-300x200.jpg 300w, https:\/\/elsurti.com\/wp-content\/uploads\/2021\/04\/1-de-marzo029-768x512.jpg 768w, https:\/\/elsurti.com\/wp-content\/uploads\/2021\/04\/1-de-marzo029-1536x1024.jpg 1536w, https:\/\/elsurti.com\/wp-content\/uploads\/2021\/04\/1-de-marzo029-16x12.jpg 16w, https:\/\/elsurti.com\/wp-content\/uploads\/2021\/04\/1-de-marzo029-150x100.jpg 150w, https:\/\/elsurti.com\/wp-content\/uploads\/2021\/04\/1-de-marzo029.jpg 2000w\" sizes=\"(max-width: 1024px) 100vw, 1024px\" \/><\/figure><\/div>\n\n\n\n<p class=\"has-text-align-center\"><em>Los animales y mascotas son parte importante de la comunidad. En Primero de Marzo existen perros con nombres en ingl\u00e9s y gatos que sirven como control de plagas. Tambi\u00e9n hay patos, gallinas, cerdos y algunas vacas.<\/em><\/p>\n\n\n\n<div class=\"wp-block-image\"><figure class=\"aligncenter size-large\"><img loading=\"lazy\" decoding=\"async\" width=\"1024\" height=\"682\" src=\"https:\/\/elsurti.com\/wp-content\/uploads\/2021\/04\/1-de-marzo030-1024x682.jpg\" alt=\"\" class=\"wp-image-18273\" srcset=\"https:\/\/elsurti.com\/wp-content\/uploads\/2021\/04\/1-de-marzo030-1024x682.jpg 1024w, https:\/\/elsurti.com\/wp-content\/uploads\/2021\/04\/1-de-marzo030-300x200.jpg 300w, https:\/\/elsurti.com\/wp-content\/uploads\/2021\/04\/1-de-marzo030-768x512.jpg 768w, https:\/\/elsurti.com\/wp-content\/uploads\/2021\/04\/1-de-marzo030-1536x1024.jpg 1536w, https:\/\/elsurti.com\/wp-content\/uploads\/2021\/04\/1-de-marzo030-16x12.jpg 16w, https:\/\/elsurti.com\/wp-content\/uploads\/2021\/04\/1-de-marzo030-150x100.jpg 150w, https:\/\/elsurti.com\/wp-content\/uploads\/2021\/04\/1-de-marzo030.jpg 2000w\" sizes=\"(max-width: 1024px) 100vw, 1024px\" \/><\/figure><\/div>\n\n\n\n<p class=\"has-text-align-center\"><em>Primero de Marzo representa una parte de la lucha por la tierra en Paraguay. Una comunidad que produce comida que no puede vender en un pa\u00eds con m\u00e1s 700 mil personas que pasan hambre cada d\u00eda.<\/em><\/p>","protected":false},"excerpt":{"rendered":"<p>Primero de Marzo es una comunidad al este de Paraguay hasta donde lleg\u00f3 gente de todo el pa\u00eds buscando tierra propia.<\/p>","protected":false},"author":8,"featured_media":18274,"template":"single-reportaje-derecha.php","tags":[145,149],"fenomeno":[67],"tema":[253,148,150,250],"acf":[],"_links":{"self":[{"href":"https:\/\/elsurti.com\/pt\/wp-json\/wp\/v2\/reportaje\/18174"}],"collection":[{"href":"https:\/\/elsurti.com\/pt\/wp-json\/wp\/v2\/reportaje"}],"about":[{"href":"https:\/\/elsurti.com\/pt\/wp-json\/wp\/v2\/types\/reportaje"}],"author":[{"embeddable":true,"href":"https:\/\/elsurti.com\/pt\/wp-json\/wp\/v2\/users\/8"}],"version-history":[{"count":13,"href":"https:\/\/elsurti.com\/pt\/wp-json\/wp\/v2\/reportaje\/18174\/revisions"}],"predecessor-version":[{"id":19702,"href":"https:\/\/elsurti.com\/pt\/wp-json\/wp\/v2\/reportaje\/18174\/revisions\/19702"}],"wp:featuredmedia":[{"embeddable":true,"href":"https:\/\/elsurti.com\/pt\/wp-json\/wp\/v2\/media\/18274"}],"wp:attachment":[{"href":"https:\/\/elsurti.com\/pt\/wp-json\/wp\/v2\/media?parent=18174"}],"wp:term":[{"taxonomy":"post_tag","embeddable":true,"href":"https:\/\/elsurti.com\/pt\/wp-json\/wp\/v2\/tags?post=18174"},{"taxonomy":"fenomeno","embeddable":true,"href":"https:\/\/elsurti.com\/pt\/wp-json\/wp\/v2\/fenomeno?post=18174"},{"taxonomy":"tema","embeddable":true,"href":"https:\/\/elsurti.com\/pt\/wp-json\/wp\/v2\/tema?post=18174"}],"curies":[{"name":"wp","href":"https:\/\/api.w.org\/{rel}","templated":true}]}}