{"id":18459,"date":"2017-10-26T14:00:00","date_gmt":"2017-10-26T18:00:00","guid":{"rendered":"https:\/\/elsurti.com\/?post_type=reportaje&#038;p=18459"},"modified":"2022-10-20T10:59:03","modified_gmt":"2022-10-20T14:59:03","slug":"un-hombre-que-fundo-su-pueblo-y-lucha-contra-el-destierro","status":"publish","type":"reportaje","link":"https:\/\/elsurti.com\/pt\/futuros\/reportaje\/2017\/10\/26\/un-hombre-que-fundo-su-pueblo-y-lucha-contra-el-destierro\/","title":{"rendered":"Un hombre que fund\u00f3 su pueblo y lucha contra el destierro"},"content":{"rendered":"<p><\/p>\n\n\n\n<div class=\"wp-block-image\"><figure class=\"aligncenter size-large\"><img fetchpriority=\"high\" decoding=\"async\" width=\"1024\" height=\"682\" src=\"https:\/\/elsurti.com\/wp-content\/uploads\/2021\/04\/Yvy-Pyte-slide-002-1024x682.jpg\" alt=\"\" class=\"wp-image-18460\" srcset=\"https:\/\/elsurti.com\/wp-content\/uploads\/2021\/04\/Yvy-Pyte-slide-002-1024x682.jpg 1024w, https:\/\/elsurti.com\/wp-content\/uploads\/2021\/04\/Yvy-Pyte-slide-002-300x200.jpg 300w, https:\/\/elsurti.com\/wp-content\/uploads\/2021\/04\/Yvy-Pyte-slide-002-768x512.jpg 768w, https:\/\/elsurti.com\/wp-content\/uploads\/2021\/04\/Yvy-Pyte-slide-002-1536x1024.jpg 1536w, https:\/\/elsurti.com\/wp-content\/uploads\/2021\/04\/Yvy-Pyte-slide-002-16x12.jpg 16w, https:\/\/elsurti.com\/wp-content\/uploads\/2021\/04\/Yvy-Pyte-slide-002-150x100.jpg 150w, https:\/\/elsurti.com\/wp-content\/uploads\/2021\/04\/Yvy-Pyte-slide-002.jpg 2000w\" sizes=\"(max-width: 1024px) 100vw, 1024px\" \/><\/figure><\/div>\n\n\n\n<p class=\"has-text-align-center\"><em>Mariano Castro construy\u00f3 con sus propias manos el rancho donde hoy vive con su familia. As\u00ed lo hizo su padre antes que \u00e9l, y tambi\u00e9n lo hicieron sus hijos. Tres generaciones que accedieron a la tierra ocup\u00e1ndola para trabajarla.<\/em><\/p>\n\n\n\n<div class=\"wp-block-image\"><figure class=\"aligncenter size-large\"><img decoding=\"async\" width=\"1024\" height=\"682\" src=\"https:\/\/elsurti.com\/wp-content\/uploads\/2021\/04\/Yvy-Pyte-slide-003-1024x682.jpg\" alt=\"\" class=\"wp-image-18461\" srcset=\"https:\/\/elsurti.com\/wp-content\/uploads\/2021\/04\/Yvy-Pyte-slide-003-1024x682.jpg 1024w, https:\/\/elsurti.com\/wp-content\/uploads\/2021\/04\/Yvy-Pyte-slide-003-300x200.jpg 300w, https:\/\/elsurti.com\/wp-content\/uploads\/2021\/04\/Yvy-Pyte-slide-003-768x512.jpg 768w, https:\/\/elsurti.com\/wp-content\/uploads\/2021\/04\/Yvy-Pyte-slide-003-1536x1024.jpg 1536w, https:\/\/elsurti.com\/wp-content\/uploads\/2021\/04\/Yvy-Pyte-slide-003-16x12.jpg 16w, https:\/\/elsurti.com\/wp-content\/uploads\/2021\/04\/Yvy-Pyte-slide-003-150x100.jpg 150w, https:\/\/elsurti.com\/wp-content\/uploads\/2021\/04\/Yvy-Pyte-slide-003.jpg 2000w\" sizes=\"(max-width: 1024px) 100vw, 1024px\" \/><\/figure><\/div>\n\n\n\n<p class=\"has-text-align-center\"><em>El padre de Mariano, Enrique Castro, dej\u00f3 su hogar en Caacup\u00e9 cuando \u00e9l ten\u00eda dos o tres a\u00f1os, en busca de una parcela para cultivar, para as\u00ed mantener a \u00e9l y a sus hermanos.<\/em><\/p>\n\n\n\n<div class=\"wp-block-image\"><figure class=\"aligncenter size-large\"><img decoding=\"async\" width=\"1024\" height=\"682\" src=\"https:\/\/elsurti.com\/wp-content\/uploads\/2021\/04\/Yvy-Pyte-slide-004-1024x682.jpg\" alt=\"\" class=\"wp-image-18462\" srcset=\"https:\/\/elsurti.com\/wp-content\/uploads\/2021\/04\/Yvy-Pyte-slide-004-1024x682.jpg 1024w, https:\/\/elsurti.com\/wp-content\/uploads\/2021\/04\/Yvy-Pyte-slide-004-300x200.jpg 300w, https:\/\/elsurti.com\/wp-content\/uploads\/2021\/04\/Yvy-Pyte-slide-004-768x512.jpg 768w, https:\/\/elsurti.com\/wp-content\/uploads\/2021\/04\/Yvy-Pyte-slide-004-1536x1024.jpg 1536w, https:\/\/elsurti.com\/wp-content\/uploads\/2021\/04\/Yvy-Pyte-slide-004-16x12.jpg 16w, https:\/\/elsurti.com\/wp-content\/uploads\/2021\/04\/Yvy-Pyte-slide-004-150x100.jpg 150w, https:\/\/elsurti.com\/wp-content\/uploads\/2021\/04\/Yvy-Pyte-slide-004.jpg 2000w\" sizes=\"(max-width: 1024px) 100vw, 1024px\" \/><\/figure><\/div>\n\n\n\n<p class=\"has-text-align-center\"><em>El campesinado se refiere a \u00abtierras malhabidas\u00bb a las que fueron adjudicadas de forma irregular a amigos del dictador Stroessner, de 1954 a 1989. La Comisi\u00f3n de Verdad y Justicia estima que hay en esa situaci\u00f3n 8 millones de hect\u00e1reas, la superficie de Panam\u00e1<\/em>.<\/p>\n\n\n\n<div class=\"wp-block-image\"><figure class=\"aligncenter size-large\"><img loading=\"lazy\" decoding=\"async\" width=\"1024\" height=\"682\" src=\"https:\/\/elsurti.com\/wp-content\/uploads\/2021\/04\/Yvy-Pyte-slide-005-1024x682.jpg\" alt=\"\" class=\"wp-image-18463\" srcset=\"https:\/\/elsurti.com\/wp-content\/uploads\/2021\/04\/Yvy-Pyte-slide-005-1024x682.jpg 1024w, https:\/\/elsurti.com\/wp-content\/uploads\/2021\/04\/Yvy-Pyte-slide-005-300x200.jpg 300w, https:\/\/elsurti.com\/wp-content\/uploads\/2021\/04\/Yvy-Pyte-slide-005-768x512.jpg 768w, https:\/\/elsurti.com\/wp-content\/uploads\/2021\/04\/Yvy-Pyte-slide-005-1536x1024.jpg 1536w, https:\/\/elsurti.com\/wp-content\/uploads\/2021\/04\/Yvy-Pyte-slide-005-16x12.jpg 16w, https:\/\/elsurti.com\/wp-content\/uploads\/2021\/04\/Yvy-Pyte-slide-005-150x100.jpg 150w, https:\/\/elsurti.com\/wp-content\/uploads\/2021\/04\/Yvy-Pyte-slide-005.jpg 2000w\" sizes=\"(max-width: 1024px) 100vw, 1024px\" \/><\/figure><\/div>\n\n\n\n<p class=\"has-text-align-center\"><em>Mariano cuenta que a la hora de construir el asentamiento donde vive actualmente, le sirvi\u00f3 mucho su paso por el Servicio Militar Obligatorio, porque conoc\u00eda el manejo de los militares que amenazaban con desalojos.<\/em><\/p>\n\n\n\n<div class=\"wp-block-image\"><figure class=\"aligncenter size-large\"><img loading=\"lazy\" decoding=\"async\" width=\"1024\" height=\"682\" src=\"https:\/\/elsurti.com\/wp-content\/uploads\/2021\/04\/Yvy-Pyte-slide-006-1024x682.jpg\" alt=\"\" class=\"wp-image-18464\" srcset=\"https:\/\/elsurti.com\/wp-content\/uploads\/2021\/04\/Yvy-Pyte-slide-006-1024x682.jpg 1024w, https:\/\/elsurti.com\/wp-content\/uploads\/2021\/04\/Yvy-Pyte-slide-006-300x200.jpg 300w, https:\/\/elsurti.com\/wp-content\/uploads\/2021\/04\/Yvy-Pyte-slide-006-768x512.jpg 768w, https:\/\/elsurti.com\/wp-content\/uploads\/2021\/04\/Yvy-Pyte-slide-006-1536x1024.jpg 1536w, https:\/\/elsurti.com\/wp-content\/uploads\/2021\/04\/Yvy-Pyte-slide-006-16x12.jpg 16w, https:\/\/elsurti.com\/wp-content\/uploads\/2021\/04\/Yvy-Pyte-slide-006-150x100.jpg 150w, https:\/\/elsurti.com\/wp-content\/uploads\/2021\/04\/Yvy-Pyte-slide-006.jpg 2000w\" sizes=\"(max-width: 1024px) 100vw, 1024px\" \/><\/figure><\/div>\n\n\n\n<p class=\"has-text-align-center\"><em>Mariano Castro cosecha, adem\u00e1s de mandioca y poroto, seis toneladas de ma\u00edz que guarda en un dep\u00f3sito.<\/em><\/p>\n\n\n\n<div class=\"wp-block-image\"><figure class=\"aligncenter size-large\"><img loading=\"lazy\" decoding=\"async\" width=\"1024\" height=\"682\" src=\"https:\/\/elsurti.com\/wp-content\/uploads\/2021\/04\/Yvy-Pyte-slide-007-1024x682.jpg\" alt=\"\" class=\"wp-image-18465\" srcset=\"https:\/\/elsurti.com\/wp-content\/uploads\/2021\/04\/Yvy-Pyte-slide-007-1024x682.jpg 1024w, https:\/\/elsurti.com\/wp-content\/uploads\/2021\/04\/Yvy-Pyte-slide-007-300x200.jpg 300w, https:\/\/elsurti.com\/wp-content\/uploads\/2021\/04\/Yvy-Pyte-slide-007-768x512.jpg 768w, https:\/\/elsurti.com\/wp-content\/uploads\/2021\/04\/Yvy-Pyte-slide-007-1536x1024.jpg 1536w, https:\/\/elsurti.com\/wp-content\/uploads\/2021\/04\/Yvy-Pyte-slide-007-16x12.jpg 16w, https:\/\/elsurti.com\/wp-content\/uploads\/2021\/04\/Yvy-Pyte-slide-007-150x100.jpg 150w, https:\/\/elsurti.com\/wp-content\/uploads\/2021\/04\/Yvy-Pyte-slide-007.jpg 2000w\" sizes=\"(max-width: 1024px) 100vw, 1024px\" \/><\/figure><\/div>\n\n\n\n<p class=\"has-text-align-center\"><em>Medir, carpir, cortar, arar. Las mandarinas marcan las l\u00edneas de mandioca en el terreno ya preparado para el cultivo.<\/em><\/p>\n\n\n\n<div class=\"wp-block-image\"><figure class=\"aligncenter size-large\"><img loading=\"lazy\" decoding=\"async\" width=\"1024\" height=\"673\" src=\"https:\/\/elsurti.com\/wp-content\/uploads\/2021\/04\/Yvy-Pyte-slide-008-2-1024x673.jpg\" alt=\"\" class=\"wp-image-18466\" srcset=\"https:\/\/elsurti.com\/wp-content\/uploads\/2021\/04\/Yvy-Pyte-slide-008-2-1024x673.jpg 1024w, https:\/\/elsurti.com\/wp-content\/uploads\/2021\/04\/Yvy-Pyte-slide-008-2-300x197.jpg 300w, https:\/\/elsurti.com\/wp-content\/uploads\/2021\/04\/Yvy-Pyte-slide-008-2-768x505.jpg 768w, https:\/\/elsurti.com\/wp-content\/uploads\/2021\/04\/Yvy-Pyte-slide-008-2-1536x1009.jpg 1536w, https:\/\/elsurti.com\/wp-content\/uploads\/2021\/04\/Yvy-Pyte-slide-008-2-16x12.jpg 16w, https:\/\/elsurti.com\/wp-content\/uploads\/2021\/04\/Yvy-Pyte-slide-008-2-150x99.jpg 150w, https:\/\/elsurti.com\/wp-content\/uploads\/2021\/04\/Yvy-Pyte-slide-008-2.jpg 2000w\" sizes=\"(max-width: 1024px) 100vw, 1024px\" \/><\/figure><\/div>\n\n\n\n<p class=\"has-text-align-center\"><em>Los zapallos de 14 kilogramos que Mariano no quiso vender a un intermediario que ofreci\u00f3 medio d\u00f3lar por cada uno. \u00c9l quer\u00eda el doble.<\/em><\/p>\n\n\n\n<div class=\"wp-block-image\"><figure class=\"aligncenter size-large\"><img loading=\"lazy\" decoding=\"async\" width=\"682\" height=\"1024\" src=\"https:\/\/elsurti.com\/wp-content\/uploads\/2021\/04\/Yvy-Pyte-slide-009-682x1024.jpg\" alt=\"\" class=\"wp-image-18467\" srcset=\"https:\/\/elsurti.com\/wp-content\/uploads\/2021\/04\/Yvy-Pyte-slide-009-682x1024.jpg 682w, https:\/\/elsurti.com\/wp-content\/uploads\/2021\/04\/Yvy-Pyte-slide-009-200x300.jpg 200w, https:\/\/elsurti.com\/wp-content\/uploads\/2021\/04\/Yvy-Pyte-slide-009-768x1152.jpg 768w, https:\/\/elsurti.com\/wp-content\/uploads\/2021\/04\/Yvy-Pyte-slide-009-1024x1536.jpg 1024w, https:\/\/elsurti.com\/wp-content\/uploads\/2021\/04\/Yvy-Pyte-slide-009-8x12.jpg 8w, https:\/\/elsurti.com\/wp-content\/uploads\/2021\/04\/Yvy-Pyte-slide-009-150x225.jpg 150w, https:\/\/elsurti.com\/wp-content\/uploads\/2021\/04\/Yvy-Pyte-slide-009.jpg 1333w\" sizes=\"(max-width: 682px) 100vw, 682px\" \/><\/figure><\/div>\n\n\n\n<p class=\"has-text-align-center\"><em>Mariano construy\u00f3 una peque\u00f1a casa, con paredes de carrizo (tacuara) y techo de tablitas que \u00e9l mismo cort\u00f3.<\/em><\/p>\n\n\n\n<div class=\"wp-block-image\"><figure class=\"aligncenter size-large\"><img loading=\"lazy\" decoding=\"async\" width=\"1024\" height=\"682\" src=\"https:\/\/elsurti.com\/wp-content\/uploads\/2021\/04\/Yvy-Pyte-slide-010-1-1024x682.jpg\" alt=\"\" class=\"wp-image-18468\" srcset=\"https:\/\/elsurti.com\/wp-content\/uploads\/2021\/04\/Yvy-Pyte-slide-010-1-1024x682.jpg 1024w, https:\/\/elsurti.com\/wp-content\/uploads\/2021\/04\/Yvy-Pyte-slide-010-1-300x200.jpg 300w, https:\/\/elsurti.com\/wp-content\/uploads\/2021\/04\/Yvy-Pyte-slide-010-1-768x512.jpg 768w, https:\/\/elsurti.com\/wp-content\/uploads\/2021\/04\/Yvy-Pyte-slide-010-1-1536x1024.jpg 1536w, https:\/\/elsurti.com\/wp-content\/uploads\/2021\/04\/Yvy-Pyte-slide-010-1-16x12.jpg 16w, https:\/\/elsurti.com\/wp-content\/uploads\/2021\/04\/Yvy-Pyte-slide-010-1-150x100.jpg 150w, https:\/\/elsurti.com\/wp-content\/uploads\/2021\/04\/Yvy-Pyte-slide-010-1.jpg 2000w\" sizes=\"(max-width: 1024px) 100vw, 1024px\" \/><\/figure><\/div>\n\n\n\n<p class=\"has-text-align-center\"><em>Los hijos de Mariano y \u00c9lida buscaron tierra bajo las mismas premisas que sus padres. Ellos eligieron Marina Kue, un terreno del Estado cercano. Sin embargo, en junio de 2012 en un desalojo irregular, murieron 11 campesinos y 6 polic\u00edas. Entre ellos, Adolfo, uno de sus hijos.<\/em><\/p>\n\n\n\n<div class=\"wp-block-image\"><figure class=\"aligncenter size-large\"><img loading=\"lazy\" decoding=\"async\" width=\"1024\" height=\"682\" src=\"https:\/\/elsurti.com\/wp-content\/uploads\/2021\/04\/Yvy-Pyte-slide-011-1024x682.jpg\" alt=\"\" class=\"wp-image-18469\" srcset=\"https:\/\/elsurti.com\/wp-content\/uploads\/2021\/04\/Yvy-Pyte-slide-011-1024x682.jpg 1024w, https:\/\/elsurti.com\/wp-content\/uploads\/2021\/04\/Yvy-Pyte-slide-011-300x200.jpg 300w, https:\/\/elsurti.com\/wp-content\/uploads\/2021\/04\/Yvy-Pyte-slide-011-768x512.jpg 768w, https:\/\/elsurti.com\/wp-content\/uploads\/2021\/04\/Yvy-Pyte-slide-011-1536x1024.jpg 1536w, https:\/\/elsurti.com\/wp-content\/uploads\/2021\/04\/Yvy-Pyte-slide-011-16x12.jpg 16w, https:\/\/elsurti.com\/wp-content\/uploads\/2021\/04\/Yvy-Pyte-slide-011-150x100.jpg 150w, https:\/\/elsurti.com\/wp-content\/uploads\/2021\/04\/Yvy-Pyte-slide-011.jpg 2000w\" sizes=\"(max-width: 1024px) 100vw, 1024px\" \/><\/figure><\/div>\n\n\n\n<p class=\"has-text-align-center\"><em>Mariano tiene cabras, cerdos y gallinas en su casa. Los mismos son fuente de alimento y de renta para su familia.<\/em><\/p>\n\n\n\n<div class=\"wp-block-image\"><figure class=\"aligncenter size-large\"><img loading=\"lazy\" decoding=\"async\" width=\"1024\" height=\"682\" src=\"https:\/\/elsurti.com\/wp-content\/uploads\/2021\/04\/Yvy-Pyte-slide-012-1-1024x682.jpg\" alt=\"\" class=\"wp-image-18470\" srcset=\"https:\/\/elsurti.com\/wp-content\/uploads\/2021\/04\/Yvy-Pyte-slide-012-1-1024x682.jpg 1024w, https:\/\/elsurti.com\/wp-content\/uploads\/2021\/04\/Yvy-Pyte-slide-012-1-300x200.jpg 300w, https:\/\/elsurti.com\/wp-content\/uploads\/2021\/04\/Yvy-Pyte-slide-012-1-768x512.jpg 768w, https:\/\/elsurti.com\/wp-content\/uploads\/2021\/04\/Yvy-Pyte-slide-012-1-1536x1024.jpg 1536w, https:\/\/elsurti.com\/wp-content\/uploads\/2021\/04\/Yvy-Pyte-slide-012-1-16x12.jpg 16w, https:\/\/elsurti.com\/wp-content\/uploads\/2021\/04\/Yvy-Pyte-slide-012-1-150x100.jpg 150w, https:\/\/elsurti.com\/wp-content\/uploads\/2021\/04\/Yvy-Pyte-slide-012-1.jpg 2000w\" sizes=\"(max-width: 1024px) 100vw, 1024px\" \/><\/figure><\/div>\n\n\n\n<p class=\"has-text-align-center\"><em>\u00c9lida Ben\u00edtez orde\u00f1a una de las nueve vacas que le qued\u00f3 a la familia despu\u00e9s de que Mariano haya vendido casi todas para costear gastos m\u00e9dicos y legales de sus hijos sobrevivientes de la masacre de Curuguaty.<\/em><\/p>\n\n\n\n<div class=\"wp-block-image\"><figure class=\"aligncenter size-large\"><img loading=\"lazy\" decoding=\"async\" width=\"682\" height=\"1024\" src=\"https:\/\/elsurti.com\/wp-content\/uploads\/2021\/04\/Yvy-Pyte-slide-013-682x1024.jpg\" alt=\"\" class=\"wp-image-18471\" srcset=\"https:\/\/elsurti.com\/wp-content\/uploads\/2021\/04\/Yvy-Pyte-slide-013-682x1024.jpg 682w, https:\/\/elsurti.com\/wp-content\/uploads\/2021\/04\/Yvy-Pyte-slide-013-200x300.jpg 200w, https:\/\/elsurti.com\/wp-content\/uploads\/2021\/04\/Yvy-Pyte-slide-013-768x1152.jpg 768w, https:\/\/elsurti.com\/wp-content\/uploads\/2021\/04\/Yvy-Pyte-slide-013-1024x1536.jpg 1024w, https:\/\/elsurti.com\/wp-content\/uploads\/2021\/04\/Yvy-Pyte-slide-013-8x12.jpg 8w, https:\/\/elsurti.com\/wp-content\/uploads\/2021\/04\/Yvy-Pyte-slide-013-150x225.jpg 150w, https:\/\/elsurti.com\/wp-content\/uploads\/2021\/04\/Yvy-Pyte-slide-013.jpg 1333w\" sizes=\"(max-width: 682px) 100vw, 682px\" \/><\/figure><\/div>\n\n\n\n<p class=\"has-text-align-center\"><em>Mariano Castro arrancando mandarinas de una de las decenas de plantas que tiene en su casa. Las ofrece a todos los visitantes que llegan hasta ella.<\/em><\/p>\n\n\n\n<div class=\"wp-block-image\"><figure class=\"aligncenter size-large\"><img loading=\"lazy\" decoding=\"async\" width=\"1024\" height=\"682\" src=\"https:\/\/elsurti.com\/wp-content\/uploads\/2021\/04\/Yvy-Pyte-slide-014-1024x682.jpg\" alt=\"\" class=\"wp-image-18472\" srcset=\"https:\/\/elsurti.com\/wp-content\/uploads\/2021\/04\/Yvy-Pyte-slide-014-1024x682.jpg 1024w, https:\/\/elsurti.com\/wp-content\/uploads\/2021\/04\/Yvy-Pyte-slide-014-300x200.jpg 300w, https:\/\/elsurti.com\/wp-content\/uploads\/2021\/04\/Yvy-Pyte-slide-014-768x512.jpg 768w, https:\/\/elsurti.com\/wp-content\/uploads\/2021\/04\/Yvy-Pyte-slide-014-1536x1024.jpg 1536w, https:\/\/elsurti.com\/wp-content\/uploads\/2021\/04\/Yvy-Pyte-slide-014-16x12.jpg 16w, https:\/\/elsurti.com\/wp-content\/uploads\/2021\/04\/Yvy-Pyte-slide-014-150x100.jpg 150w, https:\/\/elsurti.com\/wp-content\/uploads\/2021\/04\/Yvy-Pyte-slide-014.jpg 2000w\" sizes=\"(max-width: 1024px) 100vw, 1024px\" \/><\/figure><\/div>\n\n\n\n<p class=\"has-text-align-center\"><em>Para Mariano la tierra es de quien la trabaja, y para trabajarla primero hay que ocuparla.<\/em><\/p>\n\n\n\n<div class=\"wp-block-image\"><figure class=\"aligncenter size-large\"><img loading=\"lazy\" decoding=\"async\" width=\"1024\" height=\"682\" src=\"https:\/\/elsurti.com\/wp-content\/uploads\/2021\/04\/Yvy-Pyte-slide-015-1024x682.jpg\" alt=\"\" class=\"wp-image-18473\" srcset=\"https:\/\/elsurti.com\/wp-content\/uploads\/2021\/04\/Yvy-Pyte-slide-015-1024x682.jpg 1024w, https:\/\/elsurti.com\/wp-content\/uploads\/2021\/04\/Yvy-Pyte-slide-015-300x200.jpg 300w, https:\/\/elsurti.com\/wp-content\/uploads\/2021\/04\/Yvy-Pyte-slide-015-768x512.jpg 768w, https:\/\/elsurti.com\/wp-content\/uploads\/2021\/04\/Yvy-Pyte-slide-015-1536x1024.jpg 1536w, https:\/\/elsurti.com\/wp-content\/uploads\/2021\/04\/Yvy-Pyte-slide-015-16x12.jpg 16w, https:\/\/elsurti.com\/wp-content\/uploads\/2021\/04\/Yvy-Pyte-slide-015-150x100.jpg 150w, https:\/\/elsurti.com\/wp-content\/uploads\/2021\/04\/Yvy-Pyte-slide-015.jpg 2000w\" sizes=\"(max-width: 1024px) 100vw, 1024px\" \/><\/figure><\/div>\n\n\n\n<p class=\"has-text-align-center\"><em>Rodolfo, uno de los hijos de Mariano y \u00c9lida, tiene una familia y para proveerles quiere un pedazo de tierra con su nombre.<\/em><\/p>\n\n\n\n<div class=\"wp-block-image\"><figure class=\"aligncenter size-large\"><img loading=\"lazy\" decoding=\"async\" width=\"1024\" height=\"682\" src=\"https:\/\/elsurti.com\/wp-content\/uploads\/2021\/04\/Yvy-Pyte-slide-016-1024x682.jpg\" alt=\"\" class=\"wp-image-18474\" srcset=\"https:\/\/elsurti.com\/wp-content\/uploads\/2021\/04\/Yvy-Pyte-slide-016-1024x682.jpg 1024w, https:\/\/elsurti.com\/wp-content\/uploads\/2021\/04\/Yvy-Pyte-slide-016-300x200.jpg 300w, https:\/\/elsurti.com\/wp-content\/uploads\/2021\/04\/Yvy-Pyte-slide-016-768x512.jpg 768w, https:\/\/elsurti.com\/wp-content\/uploads\/2021\/04\/Yvy-Pyte-slide-016-1536x1024.jpg 1536w, https:\/\/elsurti.com\/wp-content\/uploads\/2021\/04\/Yvy-Pyte-slide-016-16x12.jpg 16w, https:\/\/elsurti.com\/wp-content\/uploads\/2021\/04\/Yvy-Pyte-slide-016-150x100.jpg 150w, https:\/\/elsurti.com\/wp-content\/uploads\/2021\/04\/Yvy-Pyte-slide-016.jpg 2000w\" sizes=\"(max-width: 1024px) 100vw, 1024px\" \/><\/figure><\/div>\n\n\n\n<p class=\"has-text-align-center\"><em>Hijos y nietos de Mariano Castro en Marina Kue, un s\u00e1bado a la tarde luego de una reuni\u00f3n de los nuevos pobladores del asentamiento.<\/em><\/p>\n\n\n\n<div class=\"wp-block-image\"><figure class=\"aligncenter size-large\"><img loading=\"lazy\" decoding=\"async\" width=\"1024\" height=\"682\" src=\"https:\/\/elsurti.com\/wp-content\/uploads\/2021\/04\/Yvy-Pyte-slide-017-1024x682.jpg\" alt=\"\" class=\"wp-image-18475\" srcset=\"https:\/\/elsurti.com\/wp-content\/uploads\/2021\/04\/Yvy-Pyte-slide-017-1024x682.jpg 1024w, https:\/\/elsurti.com\/wp-content\/uploads\/2021\/04\/Yvy-Pyte-slide-017-300x200.jpg 300w, https:\/\/elsurti.com\/wp-content\/uploads\/2021\/04\/Yvy-Pyte-slide-017-768x512.jpg 768w, https:\/\/elsurti.com\/wp-content\/uploads\/2021\/04\/Yvy-Pyte-slide-017-1536x1024.jpg 1536w, https:\/\/elsurti.com\/wp-content\/uploads\/2021\/04\/Yvy-Pyte-slide-017-16x12.jpg 16w, https:\/\/elsurti.com\/wp-content\/uploads\/2021\/04\/Yvy-Pyte-slide-017-150x100.jpg 150w, https:\/\/elsurti.com\/wp-content\/uploads\/2021\/04\/Yvy-Pyte-slide-017.jpg 2000w\" sizes=\"(max-width: 1024px) 100vw, 1024px\" \/><\/figure><\/div>\n\n\n\n<p class=\"has-text-align-center\"><em>\u00abNo hay asentamiento o comunidad en este pa\u00eds que haya nacido sin una ocupaci\u00f3n previa\u00bb, dice Perla \u00c1lvarez, campesina integrante de la Coordinadora Nacional de Mujeres Rurales e Ind\u00edgenas (Conamuri).<\/em><\/p>\n\n\n\n<div class=\"wp-block-image\"><figure class=\"aligncenter size-large\"><img loading=\"lazy\" decoding=\"async\" width=\"1024\" height=\"682\" src=\"https:\/\/elsurti.com\/wp-content\/uploads\/2021\/04\/Yvy-Pyte-slide-018-1024x682.jpg\" alt=\"\" class=\"wp-image-18476\" srcset=\"https:\/\/elsurti.com\/wp-content\/uploads\/2021\/04\/Yvy-Pyte-slide-018-1024x682.jpg 1024w, https:\/\/elsurti.com\/wp-content\/uploads\/2021\/04\/Yvy-Pyte-slide-018-300x200.jpg 300w, https:\/\/elsurti.com\/wp-content\/uploads\/2021\/04\/Yvy-Pyte-slide-018-768x512.jpg 768w, https:\/\/elsurti.com\/wp-content\/uploads\/2021\/04\/Yvy-Pyte-slide-018-1536x1024.jpg 1536w, https:\/\/elsurti.com\/wp-content\/uploads\/2021\/04\/Yvy-Pyte-slide-018-16x12.jpg 16w, https:\/\/elsurti.com\/wp-content\/uploads\/2021\/04\/Yvy-Pyte-slide-018-150x100.jpg 150w, https:\/\/elsurti.com\/wp-content\/uploads\/2021\/04\/Yvy-Pyte-slide-018.jpg 2000w\" sizes=\"(max-width: 1024px) 100vw, 1024px\" \/><\/figure><\/div>\n\n\n\n<p class=\"has-text-align-center\"><em>En abril de 1996, Mariano y sus compa\u00f1eros comenzaban la ocupaci\u00f3n de Alem\u00e1n Ku\u00e9, un terreno de un poco m\u00e1s de mil hect\u00e1reas. Ese mismo a\u00f1o tres mil familias brasileras ocupaban ochenta mil hect\u00e1reas del aserradero Araupel.<\/em><\/p>\n\n\n\n<div class=\"wp-block-image\"><figure class=\"aligncenter size-large\"><img loading=\"lazy\" decoding=\"async\" width=\"1024\" height=\"682\" src=\"https:\/\/elsurti.com\/wp-content\/uploads\/2021\/04\/Yvy-Pyte-slide-019-1024x682.jpg\" alt=\"\" class=\"wp-image-18477\" srcset=\"https:\/\/elsurti.com\/wp-content\/uploads\/2021\/04\/Yvy-Pyte-slide-019-1024x682.jpg 1024w, https:\/\/elsurti.com\/wp-content\/uploads\/2021\/04\/Yvy-Pyte-slide-019-300x200.jpg 300w, https:\/\/elsurti.com\/wp-content\/uploads\/2021\/04\/Yvy-Pyte-slide-019-768x512.jpg 768w, https:\/\/elsurti.com\/wp-content\/uploads\/2021\/04\/Yvy-Pyte-slide-019-1536x1024.jpg 1536w, https:\/\/elsurti.com\/wp-content\/uploads\/2021\/04\/Yvy-Pyte-slide-019-16x12.jpg 16w, https:\/\/elsurti.com\/wp-content\/uploads\/2021\/04\/Yvy-Pyte-slide-019-150x100.jpg 150w, https:\/\/elsurti.com\/wp-content\/uploads\/2021\/04\/Yvy-Pyte-slide-019.jpg 2000w\" sizes=\"(max-width: 1024px) 100vw, 1024px\" \/><\/figure><\/div>\n\n\n\n<p class=\"has-text-align-center\"><em>Mariano se levanta todos los d\u00edas a las cuatro y media de la ma\u00f1ana, va a la chacra donde permanece hasta que el sol se esconde de nuevo; donde lucha hace m\u00e1s de dos d\u00e9cadas contra el destierro.<\/em><\/p>","protected":false},"excerpt":{"rendered":"<p>La vida en Yby Pyt\u00e3 de una familia de tres generaciones de ocupantes que sobreviven a la tragedia.<\/p>","protected":false},"author":14,"featured_media":18478,"template":"single-reportaje-derecha.php","tags":[145,149],"fenomeno":[67],"tema":[148,150,250],"acf":[],"_links":{"self":[{"href":"https:\/\/elsurti.com\/pt\/wp-json\/wp\/v2\/reportaje\/18459"}],"collection":[{"href":"https:\/\/elsurti.com\/pt\/wp-json\/wp\/v2\/reportaje"}],"about":[{"href":"https:\/\/elsurti.com\/pt\/wp-json\/wp\/v2\/types\/reportaje"}],"author":[{"embeddable":true,"href":"https:\/\/elsurti.com\/pt\/wp-json\/wp\/v2\/users\/14"}],"version-history":[{"count":6,"href":"https:\/\/elsurti.com\/pt\/wp-json\/wp\/v2\/reportaje\/18459\/revisions"}],"predecessor-version":[{"id":19711,"href":"https:\/\/elsurti.com\/pt\/wp-json\/wp\/v2\/reportaje\/18459\/revisions\/19711"}],"wp:featuredmedia":[{"embeddable":true,"href":"https:\/\/elsurti.com\/pt\/wp-json\/wp\/v2\/media\/18478"}],"wp:attachment":[{"href":"https:\/\/elsurti.com\/pt\/wp-json\/wp\/v2\/media?parent=18459"}],"wp:term":[{"taxonomy":"post_tag","embeddable":true,"href":"https:\/\/elsurti.com\/pt\/wp-json\/wp\/v2\/tags?post=18459"},{"taxonomy":"fenomeno","embeddable":true,"href":"https:\/\/elsurti.com\/pt\/wp-json\/wp\/v2\/fenomeno?post=18459"},{"taxonomy":"tema","embeddable":true,"href":"https:\/\/elsurti.com\/pt\/wp-json\/wp\/v2\/tema?post=18459"}],"curies":[{"name":"wp","href":"https:\/\/api.w.org\/{rel}","templated":true}]}}