{"id":18482,"date":"2017-11-08T14:00:00","date_gmt":"2017-11-08T18:00:00","guid":{"rendered":"https:\/\/elsurti.com\/?post_type=reportaje&#038;p=18482"},"modified":"2022-10-20T10:59:03","modified_gmt":"2022-10-20T14:59:03","slug":"las-cicatrices-de-una-familia-que-se-enfrenta-a-los-agroquimicos","status":"publish","type":"reportaje","link":"https:\/\/elsurti.com\/pt\/futuros\/reportaje\/2017\/11\/08\/las-cicatrices-de-una-familia-que-se-enfrenta-a-los-agroquimicos\/","title":{"rendered":"Las cicatrices de una familia que se enfrenta a los agroqu\u00edmicos"},"content":{"rendered":"<p><\/p>\n\n\n\n<div class=\"wp-block-image\"><figure class=\"aligncenter size-large\"><img fetchpriority=\"high\" decoding=\"async\" width=\"1024\" height=\"682\" src=\"https:\/\/elsurti.com\/wp-content\/uploads\/2021\/04\/Yvy-Pyte-slide-001-3-e1547229108650-1024x682.jpg\" alt=\"\" class=\"wp-image-18483\" srcset=\"https:\/\/elsurti.com\/wp-content\/uploads\/2021\/04\/Yvy-Pyte-slide-001-3-e1547229108650-1024x682.jpg 1024w, https:\/\/elsurti.com\/wp-content\/uploads\/2021\/04\/Yvy-Pyte-slide-001-3-e1547229108650-300x200.jpg 300w, https:\/\/elsurti.com\/wp-content\/uploads\/2021\/04\/Yvy-Pyte-slide-001-3-e1547229108650-768x512.jpg 768w, https:\/\/elsurti.com\/wp-content\/uploads\/2021\/04\/Yvy-Pyte-slide-001-3-e1547229108650-1536x1024.jpg 1536w, https:\/\/elsurti.com\/wp-content\/uploads\/2021\/04\/Yvy-Pyte-slide-001-3-e1547229108650-16x12.jpg 16w, https:\/\/elsurti.com\/wp-content\/uploads\/2021\/04\/Yvy-Pyte-slide-001-3-e1547229108650-150x100.jpg 150w, https:\/\/elsurti.com\/wp-content\/uploads\/2021\/04\/Yvy-Pyte-slide-001-3-e1547229108650.jpg 2000w\" sizes=\"(max-width: 1024px) 100vw, 1024px\" \/><\/figure><\/div>\n\n\n\n<p class=\"has-text-align-center\"><em>Petrona Villasboa visita la tumba de su hijo Silvino Talavera. El ni\u00f1o tuvo contacto con agroqu\u00edmicos cuando volv\u00eda a su casa luego de ir a la despensa en enero de 2003. Fallecer\u00eda cinco d\u00edas despu\u00e9s en el Hospital Regional de Encarnaci\u00f3n.<\/em><\/p>\n\n\n\n<div class=\"wp-block-image\"><figure class=\"aligncenter size-large\"><img decoding=\"async\" width=\"1024\" height=\"682\" src=\"https:\/\/elsurti.com\/wp-content\/uploads\/2021\/04\/Yvy-Pyte-slide-001-3-e1547229108650-1-1024x682.jpg\" alt=\"\" class=\"wp-image-18484\" srcset=\"https:\/\/elsurti.com\/wp-content\/uploads\/2021\/04\/Yvy-Pyte-slide-001-3-e1547229108650-1-1024x682.jpg 1024w, https:\/\/elsurti.com\/wp-content\/uploads\/2021\/04\/Yvy-Pyte-slide-001-3-e1547229108650-1-300x200.jpg 300w, https:\/\/elsurti.com\/wp-content\/uploads\/2021\/04\/Yvy-Pyte-slide-001-3-e1547229108650-1-768x512.jpg 768w, https:\/\/elsurti.com\/wp-content\/uploads\/2021\/04\/Yvy-Pyte-slide-001-3-e1547229108650-1-1536x1024.jpg 1536w, https:\/\/elsurti.com\/wp-content\/uploads\/2021\/04\/Yvy-Pyte-slide-001-3-e1547229108650-1-16x12.jpg 16w, https:\/\/elsurti.com\/wp-content\/uploads\/2021\/04\/Yvy-Pyte-slide-001-3-e1547229108650-1-150x100.jpg 150w, https:\/\/elsurti.com\/wp-content\/uploads\/2021\/04\/Yvy-Pyte-slide-001-3-e1547229108650-1.jpg 2000w\" sizes=\"(max-width: 1024px) 100vw, 1024px\" \/><\/figure><\/div>\n\n\n\n<p class=\"has-text-align-center\"><em>A partir de la muerte de su hijo, Petrona Villasboa luch\u00f3 para que el caso no quedar\u00e1 impune. Una batalla que marcar\u00eda un precedente en la batalla contra el uso de agroqu\u00edmicos en Paraguay.<\/em><\/p>\n\n\n\n<div class=\"wp-block-image\"><figure class=\"aligncenter size-large\"><img decoding=\"async\" width=\"1024\" height=\"682\" src=\"https:\/\/elsurti.com\/wp-content\/uploads\/2021\/04\/Edelira-004-1024x682.jpg\" alt=\"\" class=\"wp-image-18485\" srcset=\"https:\/\/elsurti.com\/wp-content\/uploads\/2021\/04\/Edelira-004-1024x682.jpg 1024w, https:\/\/elsurti.com\/wp-content\/uploads\/2021\/04\/Edelira-004-300x200.jpg 300w, https:\/\/elsurti.com\/wp-content\/uploads\/2021\/04\/Edelira-004-768x512.jpg 768w, https:\/\/elsurti.com\/wp-content\/uploads\/2021\/04\/Edelira-004-1536x1024.jpg 1536w, https:\/\/elsurti.com\/wp-content\/uploads\/2021\/04\/Edelira-004-16x12.jpg 16w, https:\/\/elsurti.com\/wp-content\/uploads\/2021\/04\/Edelira-004-150x100.jpg 150w, https:\/\/elsurti.com\/wp-content\/uploads\/2021\/04\/Edelira-004.jpg 2000w\" sizes=\"(max-width: 1024px) 100vw, 1024px\" \/><\/figure><\/div>\n\n\n\n<p class=\"has-text-align-center\"><em>La tumba de Silvino Talavera se encuentra en el cementerio de Pirapey. Algunas personas llegan hasta el cementerio de Pirapey para rendir tributos y otras para reconocerle milagros.<\/em><\/p>\n\n\n\n<div class=\"wp-block-image\"><figure class=\"aligncenter size-large\"><img loading=\"lazy\" decoding=\"async\" width=\"1024\" height=\"682\" src=\"https:\/\/elsurti.com\/wp-content\/uploads\/2021\/04\/Edelira-005-1024x682.jpg\" alt=\"\" class=\"wp-image-18486\" srcset=\"https:\/\/elsurti.com\/wp-content\/uploads\/2021\/04\/Edelira-005-1024x682.jpg 1024w, https:\/\/elsurti.com\/wp-content\/uploads\/2021\/04\/Edelira-005-300x200.jpg 300w, https:\/\/elsurti.com\/wp-content\/uploads\/2021\/04\/Edelira-005-768x512.jpg 768w, https:\/\/elsurti.com\/wp-content\/uploads\/2021\/04\/Edelira-005-1536x1024.jpg 1536w, https:\/\/elsurti.com\/wp-content\/uploads\/2021\/04\/Edelira-005-16x12.jpg 16w, https:\/\/elsurti.com\/wp-content\/uploads\/2021\/04\/Edelira-005-150x100.jpg 150w, https:\/\/elsurti.com\/wp-content\/uploads\/2021\/04\/Edelira-005.jpg 2000w\" sizes=\"(max-width: 1024px) 100vw, 1024px\" \/><\/figure><\/div>\n\n\n\n<p class=\"has-text-align-center\"><em>A los once a\u00f1os, Silvino Talavera ya trabajaba la tierra junto a sus hermanos mayores y su padre, Juan Talavera en la compa\u00f1\u00eda Pirapey, del distrito de Edelira, en el departamento de Itap\u00faa, al sur del pa\u00eds.<\/em><\/p>\n\n\n\n<div class=\"wp-block-image\"><figure class=\"aligncenter size-large\"><img loading=\"lazy\" decoding=\"async\" width=\"1024\" height=\"682\" src=\"https:\/\/elsurti.com\/wp-content\/uploads\/2021\/04\/Edelira-006-1024x682.jpg\" alt=\"\" class=\"wp-image-18487\" srcset=\"https:\/\/elsurti.com\/wp-content\/uploads\/2021\/04\/Edelira-006-1024x682.jpg 1024w, https:\/\/elsurti.com\/wp-content\/uploads\/2021\/04\/Edelira-006-300x200.jpg 300w, https:\/\/elsurti.com\/wp-content\/uploads\/2021\/04\/Edelira-006-768x512.jpg 768w, https:\/\/elsurti.com\/wp-content\/uploads\/2021\/04\/Edelira-006-1536x1024.jpg 1536w, https:\/\/elsurti.com\/wp-content\/uploads\/2021\/04\/Edelira-006-16x12.jpg 16w, https:\/\/elsurti.com\/wp-content\/uploads\/2021\/04\/Edelira-006-150x100.jpg 150w, https:\/\/elsurti.com\/wp-content\/uploads\/2021\/04\/Edelira-006.jpg 2000w\" sizes=\"(max-width: 1024px) 100vw, 1024px\" \/><\/figure><\/div>\n\n\n\n<p class=\"has-text-align-center\"><em>Petrona Villasboa sostiene un afiche de Silvino Talavera junto a otros de sus hijos, Antonio. En la familia Talavera-Villasboa todos padecieron problemas a causa de agroqu\u00edmicos en alg\u00fan momento de sus vidas.<\/em><\/p>\n\n\n\n<div class=\"wp-block-image\"><figure class=\"aligncenter size-large\"><img loading=\"lazy\" decoding=\"async\" width=\"1024\" height=\"682\" src=\"https:\/\/elsurti.com\/wp-content\/uploads\/2021\/04\/Edelira-007-1024x682.jpg\" alt=\"\" class=\"wp-image-18488\" srcset=\"https:\/\/elsurti.com\/wp-content\/uploads\/2021\/04\/Edelira-007-1024x682.jpg 1024w, https:\/\/elsurti.com\/wp-content\/uploads\/2021\/04\/Edelira-007-300x200.jpg 300w, https:\/\/elsurti.com\/wp-content\/uploads\/2021\/04\/Edelira-007-768x512.jpg 768w, https:\/\/elsurti.com\/wp-content\/uploads\/2021\/04\/Edelira-007-1536x1024.jpg 1536w, https:\/\/elsurti.com\/wp-content\/uploads\/2021\/04\/Edelira-007-16x12.jpg 16w, https:\/\/elsurti.com\/wp-content\/uploads\/2021\/04\/Edelira-007-150x100.jpg 150w, https:\/\/elsurti.com\/wp-content\/uploads\/2021\/04\/Edelira-007.jpg 2000w\" sizes=\"(max-width: 1024px) 100vw, 1024px\" \/><\/figure><\/div>\n\n\n\n<p class=\"has-text-align-center\"><em>La casa de los Talavera Villasboa es de arquitectura t\u00edpica campesina, un \u00abculata jov\u00e1i\u00bb: dos habitaciones con paredes de tablas, unidas por un techo com\u00fan, y separadas por un espacio mixto.<\/em><\/p>\n\n\n\n<div class=\"wp-block-image\"><figure class=\"aligncenter size-large\"><img loading=\"lazy\" decoding=\"async\" width=\"1024\" height=\"682\" src=\"https:\/\/elsurti.com\/wp-content\/uploads\/2021\/04\/Edelira-008-1024x682.jpg\" alt=\"\" class=\"wp-image-18489\" srcset=\"https:\/\/elsurti.com\/wp-content\/uploads\/2021\/04\/Edelira-008-1024x682.jpg 1024w, https:\/\/elsurti.com\/wp-content\/uploads\/2021\/04\/Edelira-008-300x200.jpg 300w, https:\/\/elsurti.com\/wp-content\/uploads\/2021\/04\/Edelira-008-768x512.jpg 768w, https:\/\/elsurti.com\/wp-content\/uploads\/2021\/04\/Edelira-008-1536x1024.jpg 1536w, https:\/\/elsurti.com\/wp-content\/uploads\/2021\/04\/Edelira-008-16x12.jpg 16w, https:\/\/elsurti.com\/wp-content\/uploads\/2021\/04\/Edelira-008-150x100.jpg 150w, https:\/\/elsurti.com\/wp-content\/uploads\/2021\/04\/Edelira-008.jpg 2000w\" sizes=\"(max-width: 1024px) 100vw, 1024px\" \/><\/figure><\/div>\n\n\n\n<p class=\"has-text-align-center\"><em>Como educadora popular, Petrona ense\u00f1\u00f3 en su comunidad sobre preparados naturales \u2013para no usra qu\u00edmicos industriales\u2013 para cuidar los cultivos.<\/em><\/p>\n\n\n\n<div class=\"wp-block-image\"><figure class=\"aligncenter size-large\"><img loading=\"lazy\" decoding=\"async\" width=\"1024\" height=\"682\" src=\"https:\/\/elsurti.com\/wp-content\/uploads\/2021\/04\/IMG_4691-1024x682.jpg\" alt=\"\" class=\"wp-image-18490\" srcset=\"https:\/\/elsurti.com\/wp-content\/uploads\/2021\/04\/IMG_4691-1024x682.jpg 1024w, https:\/\/elsurti.com\/wp-content\/uploads\/2021\/04\/IMG_4691-300x200.jpg 300w, https:\/\/elsurti.com\/wp-content\/uploads\/2021\/04\/IMG_4691-768x512.jpg 768w, https:\/\/elsurti.com\/wp-content\/uploads\/2021\/04\/IMG_4691-1536x1024.jpg 1536w, https:\/\/elsurti.com\/wp-content\/uploads\/2021\/04\/IMG_4691-16x12.jpg 16w, https:\/\/elsurti.com\/wp-content\/uploads\/2021\/04\/IMG_4691-150x100.jpg 150w, https:\/\/elsurti.com\/wp-content\/uploads\/2021\/04\/IMG_4691.jpg 2000w\" sizes=\"(max-width: 1024px) 100vw, 1024px\" \/><\/figure><\/div>\n\n\n\n<p class=\"has-text-align-center\"><em>Edelira es una de los tantos distritos rurales de Paraguay que basa su econom\u00eda en la agricultura familiar, sin embargo este modelo se ve amenazado a desaparecer con el avance la agricultura mecanizada y los campos de monocultivo.<\/em><\/p>\n\n\n\n<div class=\"wp-block-image\"><figure class=\"aligncenter size-large\"><img loading=\"lazy\" decoding=\"async\" width=\"1024\" height=\"674\" src=\"https:\/\/elsurti.com\/wp-content\/uploads\/2021\/04\/Edelira-011-1024x674.jpg\" alt=\"\" class=\"wp-image-18491\" srcset=\"https:\/\/elsurti.com\/wp-content\/uploads\/2021\/04\/Edelira-011-1024x674.jpg 1024w, https:\/\/elsurti.com\/wp-content\/uploads\/2021\/04\/Edelira-011-300x198.jpg 300w, https:\/\/elsurti.com\/wp-content\/uploads\/2021\/04\/Edelira-011-768x506.jpg 768w, https:\/\/elsurti.com\/wp-content\/uploads\/2021\/04\/Edelira-011-1536x1011.jpg 1536w, https:\/\/elsurti.com\/wp-content\/uploads\/2021\/04\/Edelira-011-16x12.jpg 16w, https:\/\/elsurti.com\/wp-content\/uploads\/2021\/04\/Edelira-011-150x99.jpg 150w, https:\/\/elsurti.com\/wp-content\/uploads\/2021\/04\/Edelira-011.jpg 2000w\" sizes=\"(max-width: 1024px) 100vw, 1024px\" \/><\/figure><\/div>\n\n\n\n<p class=\"has-text-align-center\"><em>Antonio Talavera es el hermano mayor de Silvino y uno de los nueve hijos de Petrona Villasboa. Junto a toda su familia present\u00f3 problemas de salud luego de entrar en contacto con agroqu\u00edmicos que eran utilizados en cultivo de soja cerca de su casa.<\/em><\/p>\n\n\n\n<div class=\"wp-block-image\"><figure class=\"aligncenter size-large\"><img loading=\"lazy\" decoding=\"async\" width=\"1024\" height=\"682\" src=\"https:\/\/elsurti.com\/wp-content\/uploads\/2021\/04\/Edelira-012-1024x682.jpg\" alt=\"\" class=\"wp-image-18492\" srcset=\"https:\/\/elsurti.com\/wp-content\/uploads\/2021\/04\/Edelira-012-1024x682.jpg 1024w, https:\/\/elsurti.com\/wp-content\/uploads\/2021\/04\/Edelira-012-300x200.jpg 300w, https:\/\/elsurti.com\/wp-content\/uploads\/2021\/04\/Edelira-012-768x512.jpg 768w, https:\/\/elsurti.com\/wp-content\/uploads\/2021\/04\/Edelira-012-1536x1024.jpg 1536w, https:\/\/elsurti.com\/wp-content\/uploads\/2021\/04\/Edelira-012-16x12.jpg 16w, https:\/\/elsurti.com\/wp-content\/uploads\/2021\/04\/Edelira-012-150x100.jpg 150w, https:\/\/elsurti.com\/wp-content\/uploads\/2021\/04\/Edelira-012.jpg 2000w\" sizes=\"(max-width: 1024px) 100vw, 1024px\" \/><\/figure><\/div>\n\n\n\n<p class=\"has-text-align-center\"><em>La escuela agroecol\u00f3gica de Edelira es un refugio para la agricultura familiar y un espacio que lucha contra el uso de los agroqu\u00edmicos. All\u00ed se ense\u00f1an m\u00e9todos naturales para el cuidado de los cultivos.<\/em><\/p>\n\n\n\n<div class=\"wp-block-image\"><figure class=\"aligncenter size-large\"><img loading=\"lazy\" decoding=\"async\" width=\"1024\" height=\"682\" src=\"https:\/\/elsurti.com\/wp-content\/uploads\/2021\/04\/Edelira-013-1024x682.jpg\" alt=\"\" class=\"wp-image-18493\" srcset=\"https:\/\/elsurti.com\/wp-content\/uploads\/2021\/04\/Edelira-013-1024x682.jpg 1024w, https:\/\/elsurti.com\/wp-content\/uploads\/2021\/04\/Edelira-013-300x200.jpg 300w, https:\/\/elsurti.com\/wp-content\/uploads\/2021\/04\/Edelira-013-768x512.jpg 768w, https:\/\/elsurti.com\/wp-content\/uploads\/2021\/04\/Edelira-013-1536x1024.jpg 1536w, https:\/\/elsurti.com\/wp-content\/uploads\/2021\/04\/Edelira-013-16x12.jpg 16w, https:\/\/elsurti.com\/wp-content\/uploads\/2021\/04\/Edelira-013-150x100.jpg 150w, https:\/\/elsurti.com\/wp-content\/uploads\/2021\/04\/Edelira-013.jpg 2000w\" sizes=\"(max-width: 1024px) 100vw, 1024px\" \/><\/figure><\/div>\n\n\n\n<p class=\"has-text-align-center\"><em>En Edelira, a kil\u00f3metros de la casa de Petrona Villasboa, tambi\u00e9n se produce Yerba Mate Ecol\u00f3gica de manera comunitaria por familias campesinas.<\/em><\/p>\n\n\n\n<div class=\"wp-block-image\"><figure class=\"aligncenter size-large\"><img loading=\"lazy\" decoding=\"async\" width=\"1024\" height=\"682\" src=\"https:\/\/elsurti.com\/wp-content\/uploads\/2021\/04\/Edelira-014-1024x682.jpg\" alt=\"\" class=\"wp-image-18494\" srcset=\"https:\/\/elsurti.com\/wp-content\/uploads\/2021\/04\/Edelira-014-1024x682.jpg 1024w, https:\/\/elsurti.com\/wp-content\/uploads\/2021\/04\/Edelira-014-300x200.jpg 300w, https:\/\/elsurti.com\/wp-content\/uploads\/2021\/04\/Edelira-014-768x512.jpg 768w, https:\/\/elsurti.com\/wp-content\/uploads\/2021\/04\/Edelira-014-1536x1024.jpg 1536w, https:\/\/elsurti.com\/wp-content\/uploads\/2021\/04\/Edelira-014-16x12.jpg 16w, https:\/\/elsurti.com\/wp-content\/uploads\/2021\/04\/Edelira-014-150x100.jpg 150w, https:\/\/elsurti.com\/wp-content\/uploads\/2021\/04\/Edelira-014.jpg 2000w\" sizes=\"(max-width: 1024px) 100vw, 1024px\" \/><\/figure><\/div>\n\n\n\n<p class=\"has-text-align-center\"><em>Las semillas modificadas gen\u00e9ticamente son dise\u00f1adas para resistir fumigaciones que atacan todo lo que no sean sus brotes. La producci\u00f3n de ma\u00edz campesina, sin embargo, preserva la base gen\u00e9tica de las diez razas de ma\u00edz que hay en el Paraguay.<\/em><\/p>\n\n\n\n<div class=\"wp-block-image\"><figure class=\"aligncenter size-large\"><img loading=\"lazy\" decoding=\"async\" width=\"1024\" height=\"662\" src=\"https:\/\/elsurti.com\/wp-content\/uploads\/2021\/04\/Edelira-015-1024x662.jpg\" alt=\"\" class=\"wp-image-18495\" srcset=\"https:\/\/elsurti.com\/wp-content\/uploads\/2021\/04\/Edelira-015-1024x662.jpg 1024w, https:\/\/elsurti.com\/wp-content\/uploads\/2021\/04\/Edelira-015-300x194.jpg 300w, https:\/\/elsurti.com\/wp-content\/uploads\/2021\/04\/Edelira-015-768x497.jpg 768w, https:\/\/elsurti.com\/wp-content\/uploads\/2021\/04\/Edelira-015-1536x993.jpg 1536w, https:\/\/elsurti.com\/wp-content\/uploads\/2021\/04\/Edelira-015-16x10.jpg 16w, https:\/\/elsurti.com\/wp-content\/uploads\/2021\/04\/Edelira-015-150x97.jpg 150w, https:\/\/elsurti.com\/wp-content\/uploads\/2021\/04\/Edelira-015.jpg 2000w\" sizes=\"(max-width: 1024px) 100vw, 1024px\" \/><\/figure><\/div>\n\n\n\n<p class=\"has-text-align-center\"><em>Fermina Lima es una pobladora de Edelira y miembro de Conamuri. La organizaci\u00f3n emprendi\u00f3 junto a Petrona Villasboa y otras organizaciones la campa\u00f1a \u00abJusticia para Silvino\u00bb que logr\u00f3 llevar el caso a un juicio oral.<\/em><\/p>\n\n\n\n<div class=\"wp-block-image\"><figure class=\"aligncenter size-large\"><img loading=\"lazy\" decoding=\"async\" width=\"1024\" height=\"682\" src=\"https:\/\/elsurti.com\/wp-content\/uploads\/2021\/04\/Edelira-016-1024x682.jpg\" alt=\"\" class=\"wp-image-18496\" srcset=\"https:\/\/elsurti.com\/wp-content\/uploads\/2021\/04\/Edelira-016-1024x682.jpg 1024w, https:\/\/elsurti.com\/wp-content\/uploads\/2021\/04\/Edelira-016-300x200.jpg 300w, https:\/\/elsurti.com\/wp-content\/uploads\/2021\/04\/Edelira-016-768x512.jpg 768w, https:\/\/elsurti.com\/wp-content\/uploads\/2021\/04\/Edelira-016-1536x1024.jpg 1536w, https:\/\/elsurti.com\/wp-content\/uploads\/2021\/04\/Edelira-016-16x12.jpg 16w, https:\/\/elsurti.com\/wp-content\/uploads\/2021\/04\/Edelira-016-150x100.jpg 150w, https:\/\/elsurti.com\/wp-content\/uploads\/2021\/04\/Edelira-016.jpg 2000w\" sizes=\"(max-width: 1024px) 100vw, 1024px\" \/><\/figure><\/div>\n\n\n\n<p class=\"has-text-align-center\"><em>Seg\u00fan un calculo de SENAVE de 2007 a 2015, Paraguay triplic\u00f3 la importaci\u00f3n de plaguicidas, y en ese \u00faltimo a\u00f1o se importaron nueve litros por habitante. La enfermera del puesto de salud de Edelira est\u00e1 acostumbrada a recibir p\u00e9rsonas con afecciones en la piel, pero no tienen personal ni recursos para atenderlos.<\/em><\/p>\n\n\n\n<div class=\"wp-block-image\"><figure class=\"aligncenter size-large\"><img loading=\"lazy\" decoding=\"async\" width=\"1024\" height=\"676\" src=\"https:\/\/elsurti.com\/wp-content\/uploads\/2021\/04\/Edelira-017-1024x676.jpg\" alt=\"\" class=\"wp-image-18497\" srcset=\"https:\/\/elsurti.com\/wp-content\/uploads\/2021\/04\/Edelira-017-1024x676.jpg 1024w, https:\/\/elsurti.com\/wp-content\/uploads\/2021\/04\/Edelira-017-300x198.jpg 300w, https:\/\/elsurti.com\/wp-content\/uploads\/2021\/04\/Edelira-017-768x507.jpg 768w, https:\/\/elsurti.com\/wp-content\/uploads\/2021\/04\/Edelira-017-1536x1014.jpg 1536w, https:\/\/elsurti.com\/wp-content\/uploads\/2021\/04\/Edelira-017-16x12.jpg 16w, https:\/\/elsurti.com\/wp-content\/uploads\/2021\/04\/Edelira-017-150x99.jpg 150w, https:\/\/elsurti.com\/wp-content\/uploads\/2021\/04\/Edelira-017.jpg 2000w\" sizes=\"(max-width: 1024px) 100vw, 1024px\" \/><\/figure><\/div>\n\n\n\n<p class=\"has-text-align-center\"><em>El ingeniero Andres Wehler es el director del Centro de Educaci\u00f3n, Capacitaci\u00f3n y Tecnolog\u00eda Campesina en Pirapey. La zona se encuentra rodeada de cultivos de sojas y las familias de la comunidad se encuentran amenazadas constantemente por la expansi\u00f3n del agronegocio.<\/em><\/p>\n\n\n\n<div class=\"wp-block-image\"><figure class=\"aligncenter size-large\"><img loading=\"lazy\" decoding=\"async\" width=\"857\" height=\"1024\" src=\"https:\/\/elsurti.com\/wp-content\/uploads\/2021\/04\/Edelira-018-857x1024.jpg\" alt=\"\" class=\"wp-image-18498\" srcset=\"https:\/\/elsurti.com\/wp-content\/uploads\/2021\/04\/Edelira-018-857x1024.jpg 857w, https:\/\/elsurti.com\/wp-content\/uploads\/2021\/04\/Edelira-018-251x300.jpg 251w, https:\/\/elsurti.com\/wp-content\/uploads\/2021\/04\/Edelira-018-768x918.jpg 768w, https:\/\/elsurti.com\/wp-content\/uploads\/2021\/04\/Edelira-018-1286x1536.jpg 1286w, https:\/\/elsurti.com\/wp-content\/uploads\/2021\/04\/Edelira-018-10x12.jpg 10w, https:\/\/elsurti.com\/wp-content\/uploads\/2021\/04\/Edelira-018-150x179.jpg 150w, https:\/\/elsurti.com\/wp-content\/uploads\/2021\/04\/Edelira-018.jpg 1674w\" sizes=\"(max-width: 857px) 100vw, 857px\" \/><\/figure><\/div>\n\n\n\n<p class=\"has-text-align-center\"><em>Los pobladores de la zona de Edelira denuncian que las fumigaciones a los cultivos de soja se realizan durante el d\u00eda y sin ning\u00fan tipo de cuidado. Esto afecta cotidianamente a miles de familias que se exponen a problemas de salud.<\/em><\/p>\n\n\n\n<div class=\"wp-block-image\"><figure class=\"aligncenter size-large\"><img loading=\"lazy\" decoding=\"async\" width=\"1024\" height=\"682\" src=\"https:\/\/elsurti.com\/wp-content\/uploads\/2021\/04\/Edelira-019-1024x682.jpg\" alt=\"\" class=\"wp-image-18499\" srcset=\"https:\/\/elsurti.com\/wp-content\/uploads\/2021\/04\/Edelira-019-1024x682.jpg 1024w, https:\/\/elsurti.com\/wp-content\/uploads\/2021\/04\/Edelira-019-300x200.jpg 300w, https:\/\/elsurti.com\/wp-content\/uploads\/2021\/04\/Edelira-019-768x512.jpg 768w, https:\/\/elsurti.com\/wp-content\/uploads\/2021\/04\/Edelira-019-1536x1024.jpg 1536w, https:\/\/elsurti.com\/wp-content\/uploads\/2021\/04\/Edelira-019-16x12.jpg 16w, https:\/\/elsurti.com\/wp-content\/uploads\/2021\/04\/Edelira-019-150x100.jpg 150w, https:\/\/elsurti.com\/wp-content\/uploads\/2021\/04\/Edelira-019.jpg 2000w\" sizes=\"(max-width: 1024px) 100vw, 1024px\" \/><\/figure><\/div>\n\n\n\n<p class=\"has-text-align-center\"><em>En Paraguay, los cultivos de trigo y soja se iniciaron a comienzos de los a\u00f1os setentas. Con la dictadura de Stroessner la frontera agr\u00edcola comenz\u00f3 a expandirse, y la legislaci\u00f3n y las pol\u00edticas de Estado no tardaron en acomodarse a esa nueva realidad.<\/em><\/p>\n\n\n\n<div class=\"wp-block-image\"><figure class=\"aligncenter size-large\"><img loading=\"lazy\" decoding=\"async\" width=\"1024\" height=\"673\" src=\"https:\/\/elsurti.com\/wp-content\/uploads\/2021\/04\/Edelira-020-1024x673.jpg\" alt=\"\" class=\"wp-image-18500\" srcset=\"https:\/\/elsurti.com\/wp-content\/uploads\/2021\/04\/Edelira-020-1024x673.jpg 1024w, https:\/\/elsurti.com\/wp-content\/uploads\/2021\/04\/Edelira-020-300x197.jpg 300w, https:\/\/elsurti.com\/wp-content\/uploads\/2021\/04\/Edelira-020-768x505.jpg 768w, https:\/\/elsurti.com\/wp-content\/uploads\/2021\/04\/Edelira-020-1536x1010.jpg 1536w, https:\/\/elsurti.com\/wp-content\/uploads\/2021\/04\/Edelira-020-16x12.jpg 16w, https:\/\/elsurti.com\/wp-content\/uploads\/2021\/04\/Edelira-020-150x99.jpg 150w, https:\/\/elsurti.com\/wp-content\/uploads\/2021\/04\/Edelira-020.jpg 2000w\" sizes=\"(max-width: 1024px) 100vw, 1024px\" \/><\/figure><\/div>\n\n\n\n<p class=\"has-text-align-center\"><em>Como pas\u00f3 con el DDT, con los fosforados, con los compuestos clorados, la industria qu\u00edmica del agronegocio est\u00e1 cerrando el ciclo del glifosato para reemplazarlo con algo nuevo. El glifosato es conocido por los campesinos como mata-todo, pero Monsanto lo promocion\u00f3 como inocuo para humanos.<\/em><\/p>\n\n\n\n<div class=\"wp-block-image\"><figure class=\"aligncenter size-large\"><img loading=\"lazy\" decoding=\"async\" width=\"1024\" height=\"682\" src=\"https:\/\/elsurti.com\/wp-content\/uploads\/2021\/04\/Edelira-021-1024x682.jpg\" alt=\"\" class=\"wp-image-18501\" srcset=\"https:\/\/elsurti.com\/wp-content\/uploads\/2021\/04\/Edelira-021-1024x682.jpg 1024w, https:\/\/elsurti.com\/wp-content\/uploads\/2021\/04\/Edelira-021-300x200.jpg 300w, https:\/\/elsurti.com\/wp-content\/uploads\/2021\/04\/Edelira-021-768x512.jpg 768w, https:\/\/elsurti.com\/wp-content\/uploads\/2021\/04\/Edelira-021-1536x1024.jpg 1536w, https:\/\/elsurti.com\/wp-content\/uploads\/2021\/04\/Edelira-021-16x12.jpg 16w, https:\/\/elsurti.com\/wp-content\/uploads\/2021\/04\/Edelira-021-150x100.jpg 150w, https:\/\/elsurti.com\/wp-content\/uploads\/2021\/04\/Edelira-021.jpg 2000w\" sizes=\"(max-width: 1024px) 100vw, 1024px\" \/><\/figure><\/div>\n\n\n\n<p class=\"has-text-align-center\"><em>La doctora Stella Ben\u00edtez Leite cita al menos diez estudios que indican que la exposici\u00f3n a plaguicidas causa da\u00f1o genot\u00f3xico \u2013registrado a nivel del material gen\u00e9tico\u2013 y da\u00f1o citot\u00f3xico, o destrucci\u00f3n de c\u00e9lulas.<\/em><\/p>\n\n\n\n<div class=\"wp-block-image\"><figure class=\"aligncenter size-large\"><img loading=\"lazy\" decoding=\"async\" width=\"1024\" height=\"696\" src=\"https:\/\/elsurti.com\/wp-content\/uploads\/2021\/04\/Edelira-022-1024x696.jpg\" alt=\"\" class=\"wp-image-18502\" srcset=\"https:\/\/elsurti.com\/wp-content\/uploads\/2021\/04\/Edelira-022-1024x696.jpg 1024w, https:\/\/elsurti.com\/wp-content\/uploads\/2021\/04\/Edelira-022-300x204.jpg 300w, https:\/\/elsurti.com\/wp-content\/uploads\/2021\/04\/Edelira-022-768x522.jpg 768w, https:\/\/elsurti.com\/wp-content\/uploads\/2021\/04\/Edelira-022-1536x1044.jpg 1536w, https:\/\/elsurti.com\/wp-content\/uploads\/2021\/04\/Edelira-022-16x12.jpg 16w, https:\/\/elsurti.com\/wp-content\/uploads\/2021\/04\/Edelira-022-150x102.jpg 150w, https:\/\/elsurti.com\/wp-content\/uploads\/2021\/04\/Edelira-022.jpg 2000w\" sizes=\"(max-width: 1024px) 100vw, 1024px\" \/><\/figure><\/div>\n\n\n\n<p class=\"has-text-align-center\"><em>En Itap\u00faa muchas familias est\u00e1n expuestas a las fumigaciones en los cultivos de soja. Muchos de los problemas de salud que se presentan en esa zona, tiene una relaci\u00f3n directa con el uso de los agroqu\u00edmicos.<\/em><\/p>\n\n\n\n<div class=\"wp-block-image\"><figure class=\"aligncenter size-large\"><img loading=\"lazy\" decoding=\"async\" width=\"1024\" height=\"667\" src=\"https:\/\/elsurti.com\/wp-content\/uploads\/2021\/04\/Edelira-023-1024x667.jpg\" alt=\"\" class=\"wp-image-18503\" srcset=\"https:\/\/elsurti.com\/wp-content\/uploads\/2021\/04\/Edelira-023-1024x667.jpg 1024w, https:\/\/elsurti.com\/wp-content\/uploads\/2021\/04\/Edelira-023-300x195.jpg 300w, https:\/\/elsurti.com\/wp-content\/uploads\/2021\/04\/Edelira-023-768x500.jpg 768w, https:\/\/elsurti.com\/wp-content\/uploads\/2021\/04\/Edelira-023-1536x1000.jpg 1536w, https:\/\/elsurti.com\/wp-content\/uploads\/2021\/04\/Edelira-023-16x10.jpg 16w, https:\/\/elsurti.com\/wp-content\/uploads\/2021\/04\/Edelira-023-150x98.jpg 150w, https:\/\/elsurti.com\/wp-content\/uploads\/2021\/04\/Edelira-023.jpg 2000w\" sizes=\"(max-width: 1024px) 100vw, 1024px\" \/><\/figure><\/div>\n\n\n\n<p class=\"has-text-align-center\"><em>La mayor\u00eda de los habitantes de Pirapey se dedican a la agricultura familiar. Pero el avance de los cultivos de soja y sus fumigaciones obligan a muchos a migrar a la ciudad, como los hijos de Petrona Villasboa.<\/em><\/p>\n\n\n\n<div class=\"wp-block-image\"><figure class=\"aligncenter size-large\"><img loading=\"lazy\" decoding=\"async\" width=\"1024\" height=\"682\" src=\"https:\/\/elsurti.com\/wp-content\/uploads\/2021\/04\/Edelira-024-3-1024x682.jpg\" alt=\"\" class=\"wp-image-18504\" srcset=\"https:\/\/elsurti.com\/wp-content\/uploads\/2021\/04\/Edelira-024-3-1024x682.jpg 1024w, https:\/\/elsurti.com\/wp-content\/uploads\/2021\/04\/Edelira-024-3-300x200.jpg 300w, https:\/\/elsurti.com\/wp-content\/uploads\/2021\/04\/Edelira-024-3-768x512.jpg 768w, https:\/\/elsurti.com\/wp-content\/uploads\/2021\/04\/Edelira-024-3-1536x1024.jpg 1536w, https:\/\/elsurti.com\/wp-content\/uploads\/2021\/04\/Edelira-024-3-16x12.jpg 16w, https:\/\/elsurti.com\/wp-content\/uploads\/2021\/04\/Edelira-024-3-150x100.jpg 150w, https:\/\/elsurti.com\/wp-content\/uploads\/2021\/04\/Edelira-024-3.jpg 2000w\" sizes=\"(max-width: 1024px) 100vw, 1024px\" \/><\/figure><\/div>\n\n\n\n<p class=\"has-text-align-center\"><em>La lucha de Petrona Villasboa logr\u00f3 que el caso de su hijo Silvino Talavera, sea el primero en producir una condena por una muerte a causa de agroqu\u00edmicos en Paraguay.<\/em><\/p>\n\n\n\n<div class=\"wp-block-image\"><figure class=\"aligncenter size-large\"><img loading=\"lazy\" decoding=\"async\" width=\"1024\" height=\"544\" src=\"https:\/\/elsurti.com\/wp-content\/uploads\/2021\/04\/Edelira-025-1024x544.jpg\" alt=\"\" class=\"wp-image-18505\" srcset=\"https:\/\/elsurti.com\/wp-content\/uploads\/2021\/04\/Edelira-025-1024x544.jpg 1024w, https:\/\/elsurti.com\/wp-content\/uploads\/2021\/04\/Edelira-025-300x159.jpg 300w, https:\/\/elsurti.com\/wp-content\/uploads\/2021\/04\/Edelira-025-768x408.jpg 768w, https:\/\/elsurti.com\/wp-content\/uploads\/2021\/04\/Edelira-025-1536x816.jpg 1536w, https:\/\/elsurti.com\/wp-content\/uploads\/2021\/04\/Edelira-025-16x9.jpg 16w, https:\/\/elsurti.com\/wp-content\/uploads\/2021\/04\/Edelira-025-150x80.jpg 150w, https:\/\/elsurti.com\/wp-content\/uploads\/2021\/04\/Edelira-025.jpg 2000w\" sizes=\"(max-width: 1024px) 100vw, 1024px\" \/><\/figure><\/div>\n\n\n\n<p class=\"has-text-align-center\"><em>En el cementerio de Pirapey hay una zona sembrada de angelitos. Ah\u00ed yace el cuerpo de Silvino Talavera, un ni\u00f1o cuya muerte sigue dando batalla a las fumigaciones.<\/em><\/p>","protected":false},"excerpt":{"rendered":"<p>En el sur de Paraguay, una familia le hace frente a los agroqu\u00edmicos y defiende un modo sustentable que se resiste a morir.<\/p>","protected":false},"author":17,"featured_media":18506,"template":"single-reportaje-derecha.php","tags":[145,149],"fenomeno":[67],"tema":[148,150,250],"acf":[],"_links":{"self":[{"href":"https:\/\/elsurti.com\/pt\/wp-json\/wp\/v2\/reportaje\/18482"}],"collection":[{"href":"https:\/\/elsurti.com\/pt\/wp-json\/wp\/v2\/reportaje"}],"about":[{"href":"https:\/\/elsurti.com\/pt\/wp-json\/wp\/v2\/types\/reportaje"}],"author":[{"embeddable":true,"href":"https:\/\/elsurti.com\/pt\/wp-json\/wp\/v2\/users\/17"}],"version-history":[{"count":8,"href":"https:\/\/elsurti.com\/pt\/wp-json\/wp\/v2\/reportaje\/18482\/revisions"}],"predecessor-version":[{"id":19716,"href":"https:\/\/elsurti.com\/pt\/wp-json\/wp\/v2\/reportaje\/18482\/revisions\/19716"}],"wp:featuredmedia":[{"embeddable":true,"href":"https:\/\/elsurti.com\/pt\/wp-json\/wp\/v2\/media\/18506"}],"wp:attachment":[{"href":"https:\/\/elsurti.com\/pt\/wp-json\/wp\/v2\/media?parent=18482"}],"wp:term":[{"taxonomy":"post_tag","embeddable":true,"href":"https:\/\/elsurti.com\/pt\/wp-json\/wp\/v2\/tags?post=18482"},{"taxonomy":"fenomeno","embeddable":true,"href":"https:\/\/elsurti.com\/pt\/wp-json\/wp\/v2\/fenomeno?post=18482"},{"taxonomy":"tema","embeddable":true,"href":"https:\/\/elsurti.com\/pt\/wp-json\/wp\/v2\/tema?post=18482"}],"curies":[{"name":"wp","href":"https:\/\/api.w.org\/{rel}","templated":true}]}}