{"id":4822,"date":"2019-08-13T18:02:00","date_gmt":"2019-08-13T22:02:00","guid":{"rendered":"https:\/\/elsurti.com\/?post_type=reportaje&#038;p=4822"},"modified":"2022-10-20T11:02:51","modified_gmt":"2022-10-20T15:02:51","slug":"el-plan-de-petta-para-la-salud-mental-de-los-ninos-una-ong-evangelica","status":"publish","type":"reportaje","link":"https:\/\/elsurti.com\/pt\/futuros\/reportaje\/2020\/08\/05\/el-plan-de-petta-para-la-salud-mental-de-los-ninos-una-ong-evangelica\/","title":{"rendered":"El plan de Petta para la salud mental de los ni\u00f1os: una ONG evang\u00e9lica"},"content":{"rendered":"<div class=\"wp-bootstrap-blocks-row row\">\n\t\n\n<div class=\"col-12 col-lg-5\">\n\t\t\t\t<\/div>\n\n\n\n<div class=\"col-12 col-lg-7\">\n\t\t\t\n\n<p>A principios de junio, <a href=\"https:\/\/www.hoy.com.py\/nacionales\/criminal-bullying-alumnos-de-colegio-de-nemby-se-quitan-la-vida\">dos adolescentes de una escuela de \u00d1emby fueron v\u00edctimas de suicidio. Recib\u00edan <em>bullying<\/em> de sus compa\u00f1eros<\/a>. Les hab\u00edan creado una fanpage en Facebook para burlarse de ellos. Dos semanas despu\u00e9s, un <a href=\"https:\/\/www.ultimahora.com\/denuncian-docente-manosear-nina-10-anos-escuela-asuncena-n2825640.html\">docente de una escuela de Asunci\u00f3n fue denunciado por acoso sexual a una ni\u00f1a de diez a\u00f1os<\/a>. En lo que va de 2019, la Fiscal\u00eda registr\u00f3 casi 1.000 denuncias de abuso infantil. El a\u00f1o anterior lleg\u00f3 a 2.608 casos. Al menos 700 ni\u00f1as de entre diez y catorce a\u00f1os fueron madres en 2018 producto de esos abusos, seg\u00fan el Ministerio de la Ni\u00f1ez. En la \u00faltima prueba PISA, un cuarto de los estudiantes de quince a\u00f1os consultados dijo haber tenido sentimientos relacionados a la depresi\u00f3n en la \u00faltima semana. Dos de cada cinco, sentimientos de ansiedad. <a href=\"https:\/\/www.lanacion.com.py\/pais_edicion_impresa\/2019\/07\/02\/paraguay-lidera-la-cantidad-de-discapacitados-por-depresion\/\">El pa\u00eds lidera el ranking latinoamericano de discapacidad por depresi\u00f3n<\/a>. Una persona muere por suicidio al d\u00eda en Paraguay. Ni\u00f1os y adolescentes entre diez y diecinueve a\u00f1os, sobre todo varones, son la poblaci\u00f3n con m\u00e1s v\u00edctimas de suicidio en el pa\u00eds.<\/p>\n\n\n\n<p>La respuesta del Ministerio de Educaci\u00f3n y Ciencias a los problemas de <em>bullying<\/em> escolar, depresi\u00f3n y abuso sexual en ni\u00f1os, ni\u00f1as y adolescentes: <strong>capacitaciones a docentes y charlas a estudiantes a cargo de pastores y capellanes de Funda Joven, una ONG evang\u00e9lica<\/strong>.<\/p>\n\n\n\n<p>Documentos oficiales del Ministerio de Educaci\u00f3n y materiales y audios de Funda Joven proporcionados por cuatro docentes que participaron de sus actividades muestran c\u00f3mo desde 2015, la ONG ha entrado a escuelas y colegios p\u00fablicos de Paraguay a dar charlas a chicos desde los doce a\u00f1os y desde 2017, a capacitar a docentes. Las actividades est\u00e1n a cargo de pastores y capellanes. Algunos casos de adolescentes con los que tratan son derivados a \u00abiglesias cercanas\u00bb, evang\u00e9licas y cat\u00f3licas, contrariando <strong>criterios cient\u00edficos y directrices oficiales sobre salud mental y derechos de la ni\u00f1ez y adolescencia en Paraguay<\/strong>.<\/p>\n\n\n\n<p>Todo con aval y conocimiento del Ministerio de Educaci\u00f3n y Ciencias.<\/p>\n\n\t<\/div>\n\n<\/div>\n\n\n\n<p class=\"has-text-color has-large-font-size\" style=\"color:#fd7274\"><em>Algunos casos de adolescentes con los que tratan son derivados a \u00abiglesias cercanas\u00bb, evang\u00e9licas y cat\u00f3licas, contrariando criterios cient\u00edficos y directrices oficiales sobre salud mental y derechos de la ni\u00f1ez y adolescencia en Paraguay.<\/em><\/p>\n\n\n<div class=\"wp-bootstrap-blocks-row row\">\n\t\n\n<div class=\"col-12 col-lg-5\">\n\t\t\t\t<\/div>\n\n\n\n<div class=\"col-12 col-lg-7\">\n\t\t\t\n\n<h3 class=\"wp-block-heading\"><strong>\u00abLos j\u00f3venes de hoy en d\u00eda\u00bb seg\u00fan los pastores de Funda Joven&nbsp;<\/strong><\/h3>\n\n\n\n<p>La mitad del Teatro Municipal de San Lorenzo estaba lleno el viernes 21 de junio. Unas 500 personas, en su mayor\u00eda profesoras de tercer ciclo y nivel medio de Gran Asunci\u00f3n, se tomaban selfies en medio de una conferencia para docentes realizada por Funda Joven, seg\u00fan el testimonio de dos maestras que estuvieron all\u00ed. La conferencia fue realizada en el marco de un convenio con el Ministerio de Educaci\u00f3n y Ciencias que est\u00e1 vigente desde 2015. El ministro Eduardo Petta no apareci\u00f3, aunque se anunciaba su presencia en el afiche promocional. <a href=\"https:\/\/twitter.com\/petta08\/status\/1134650354698768384?s=09\">A finales de mayo, en una capacitaci\u00f3n similar en Itap\u00faa<\/a>, Petta envi\u00f3 sus cari\u00f1os al equipo de Funda Joven a trav\u00e9s de un video. Se despidi\u00f3 con un saludo especial a Juan Cruz Cellammare, pastor presidente de la ONG, a quien invita a \u00abseguir transformando la educaci\u00f3n\u00bb.<\/p>\n\n\n\n<p>Antes de empezar, las docentes recibieron un sumario con los temas de la conferencia con los emblemas de Funda Joven, el Ministerio de Educaci\u00f3n y la Universidad Cristiana Logos. La Universidad Logos es un instituto evang\u00e9lico norteamericano sin presencia en Paraguay y que seg\u00fan su sitio Web tiene como objetivo ofrecer educaci\u00f3n ministerial a \u00abcada uno de los segmentos de nuestra sociedad, de modo que la Gloria de Dios cubra toda la tierra\u00bb.<\/p>\n\n\n\n<figure class=\"wp-block-image size-large\"><img fetchpriority=\"high\" decoding=\"async\" width=\"960\" height=\"880\" src=\"https:\/\/elsurti.com\/wp-content\/uploads\/2020\/08\/67260347_2947572985383634_7n.jpg\" alt=\"\" class=\"wp-image-4836\" srcset=\"https:\/\/elsurti.com\/wp-content\/uploads\/2020\/08\/67260347_2947572985383634_7n.jpg 960w, https:\/\/elsurti.com\/wp-content\/uploads\/2020\/08\/67260347_2947572985383634_7n-300x275.jpg 300w, https:\/\/elsurti.com\/wp-content\/uploads\/2020\/08\/67260347_2947572985383634_7n-768x704.jpg 768w\" sizes=\"(max-width: 960px) 100vw, 960px\" \/><\/figure>\n\n\n\n<p class=\"has-text-align-center\"><em>Funda Joven planea llegar con su programa \u00abSalvando Vidas\u00bb a 30.000 estudiantes en 2019. Foto con la que la organizaci\u00f3n promociona sus capacitaciones en Facebook<\/em>.<\/p>\n\n\n\n<figure class=\"wp-block-image size-large\"><img decoding=\"async\" width=\"819\" height=\"1024\" src=\"https:\/\/elsurti.com\/wp-content\/uploads\/2020\/08\/docus-1-819x1024.jpg\" alt=\"\" class=\"wp-image-4837\" srcset=\"https:\/\/elsurti.com\/wp-content\/uploads\/2020\/08\/docus-1-819x1024.jpg 819w, https:\/\/elsurti.com\/wp-content\/uploads\/2020\/08\/docus-1-240x300.jpg 240w, https:\/\/elsurti.com\/wp-content\/uploads\/2020\/08\/docus-1-768x960.jpg 768w, https:\/\/elsurti.com\/wp-content\/uploads\/2020\/08\/docus-1.jpg 960w\" sizes=\"(max-width: 819px) 100vw, 819px\" \/><\/figure>\n\n\n\n<p class=\"has-text-align-center\"><em>Fragmentos de los sumarios entregados a docentes en la capacitaci\u00f3n. Aparecen Funda Joven, el Ministerio de Educaci\u00f3n y la Universidad Cristiana Logos.<\/em><\/p>\n\n\n\n<p>Entre la bibliograf\u00eda recomendada por los conferencistas para tratar suicidio aparecen tres libros de Paul Tournier, un consejero pastoral suizo pionero en cruzar salud mental con evangelismo. La <em>Christian Medical &amp; Dental Associations,<\/em> una organizaci\u00f3n norteamericana de m\u00e9dicos y terapeutas religiosos que realiza lobby en contra del aborto y promueve terapias de conversi\u00f3n a personas LGBTI, tiene un instituto con su nombre. Parte de la bibliograf\u00eda sobre violencia dom\u00e9stica de la conferencia es el link a la b\u00fasqueda en Google \u00ab<a href=\"http:\/\/www.google.com\/violenciadom%C3%A9stica\">www.google.com\/violenciadom\u00e9stica<\/a>\u00bb. Mientras que para hablar de liderazgo se recomiendan tres libros del conferencista de autoayuda evang\u00e9lico John Maxwell.&nbsp;<\/p>\n\n\n\n<p>La conferencia estuvo a cargo del pastor Roberto Maureira \u2013habl\u00f3 de abuso sexual y suicidio en la ma\u00f1ana\u2013 y Alejandro P\u00e9rez \u2013habl\u00f3 de <em>bullying<\/em> y suicidio luego del almuerzo\u2013. Maureira es un pastor chileno recibido del Seminario Juan Calvino en Chile, parte del equipo de <a href=\"http:\/\/www.xn--vuelveasoar-9db.org\/equipo\/\">Juan Cruz Cellammare como capell\u00e1n y consejero.<\/a> <a href=\"https:\/\/www.localprayers.com\/PY\/Luque\/454010544637171\/Iglesia-Presbiteriana-El-Renuevo\">Actualmente e<\/a>s pastor en la iglesia El Renuevo en Mariano Roque Alonso.&nbsp;<\/p>\n\n\n\n<p>Alejandro P\u00e9rez es un consejero familiar y capell\u00e1n que comenz\u00f3 hablando al auditorio del caso de los dos adolescentes v\u00edctimas de suicidio en \u00d1emby antes de hacer un repaso por las supuestas caracter\u00edsticas de los <em>baby boomers<\/em> y <em>millennials<\/em> para llegar a los <em>centennials<\/em>. All\u00ed explica por qu\u00e9 estos \u00faltimos ser\u00edan, seg\u00fan su entender, \u00abm\u00e1s susceptibles\u00bb al <em>bullying<\/em>.<\/p>\n\n\t<\/div>\n\n<\/div>\n\n\n\n<div class=\"wp-block-image\"><figure class=\"aligncenter size-large\"><img decoding=\"async\" width=\"1024\" height=\"794\" src=\"https:\/\/elsurti.com\/wp-content\/uploads\/2020\/08\/petta1-1024x794.jpg\" alt=\"\" class=\"wp-image-4838\" srcset=\"https:\/\/elsurti.com\/wp-content\/uploads\/2020\/08\/petta1-1024x794.jpg 1024w, https:\/\/elsurti.com\/wp-content\/uploads\/2020\/08\/petta1-300x233.jpg 300w, https:\/\/elsurti.com\/wp-content\/uploads\/2020\/08\/petta1-768x596.jpg 768w, https:\/\/elsurti.com\/wp-content\/uploads\/2020\/08\/petta1-1536x1191.jpg 1536w, https:\/\/elsurti.com\/wp-content\/uploads\/2020\/08\/petta1.jpg 1906w\" sizes=\"(max-width: 1024px) 100vw, 1024px\" \/><\/figure><\/div>\n\n\n\n<p class=\"has-text-align-center\"><em>Seg\u00fan Pedro Segovia de Funda Joven, el ministro de Educaci\u00f3n Petta conoce a la organizaci\u00f3n desde su tiempo como director de la Caminera. En un tuit en mayo, el ministro mand\u00f3 un saludo cordial a Juan Cruz Cellammare, presidente de la ONG. Tambi\u00e9n lo invit\u00f3 a la la audiencia p\u00fablica para la nueva reforma educativa. Foto: Web de Funda Joven.<\/em><\/p>\n\n\n<div class=\"wp-bootstrap-blocks-row row\">\n\t\n\n<div class=\"col-12 col-lg-5\">\n\t\t\t\t<\/div>\n\n\n\n<div class=\"col-12 col-lg-7\">\n\t\t\t\n\n<p>Aunque se refiri\u00f3 a los ocho pasos que los docentes deben tomar ante casos de acoso y violencia escolar, <a href=\"https:\/\/mec.gov.py\/cms_v4\/documentos\/ver_documento\/?titulo=8353-2012-RIOS1\">seg\u00fan el protocolo oficial<\/a>, sus ejemplos contradijeron totalmente las recomendaciones del Ministerio de Educaci\u00f3n: \u00abSi a nosotros nos hac\u00edan <em>bullying<\/em> lo arregl\u00e1bamos en la salida, como hombres\u00bb, dijo P\u00e9rez, reforzando cada una de sus afirmaciones sin datos pero con muchos testimonios personales. Se\u00f1al\u00f3 que el <em>bullying<\/em> no debe ser minimizado, pero luego opin\u00f3 que \u00able cuesta m\u00e1s a los alumnos que tenemos en nuestras aulas superar el <em>bullying<\/em>, a nosotros no nos costaba nada\u00bb.<\/p>\n\n\n\n<p>Para P\u00e9rez, los ni\u00f1os y adolescentes que est\u00e1n hoy en las aulas \u00abson muy mimados y sobreprotegidos\u00bb. Tambi\u00e9n son \u00abempoderados\u00bb, que es un problema seg\u00fan \u00e9l porque \u00abtoman decisiones que deber\u00edan corresponder a los adultos\u00bb.&nbsp;<\/p>\n\n\n\n<p>Continu\u00f3 con una lista de generalizaciones, asegurando que los ni\u00f1os y adolescentes son consumidores de marcas, poco activos y aventureros, no toman riesgos, tienen poca capacidad de frustraci\u00f3n, se mueven por la gratificaci\u00f3n instant\u00e1nea, etc. Por momentos su discurso se asemejaba a un <a href=\"https:\/\/www.youtube.com\/watch?v=lrKPY7WB2sI\">sketch del grupo humor\u00edstico argentino Les Luthiers: \u00abLos j\u00f3venes de hoy en d\u00eda<\/a>\".<\/p>\n\n\t<\/div>\n\n<\/div>\n\n\n\n<div class=\"wp-block-image\"><figure class=\"aligncenter size-large\"><img loading=\"lazy\" decoding=\"async\" width=\"879\" height=\"646\" src=\"https:\/\/elsurti.com\/wp-content\/uploads\/2020\/08\/alejandro-perez.jpg\" alt=\"\" class=\"wp-image-4839\" srcset=\"https:\/\/elsurti.com\/wp-content\/uploads\/2020\/08\/alejandro-perez.jpg 879w, https:\/\/elsurti.com\/wp-content\/uploads\/2020\/08\/alejandro-perez-300x220.jpg 300w, https:\/\/elsurti.com\/wp-content\/uploads\/2020\/08\/alejandro-perez-768x564.jpg 768w\" sizes=\"(max-width: 879px) 100vw, 879px\" \/><\/figure><\/div>\n\n\n\n<p class=\"has-text-align-center\"><em>El capell\u00e1n Alejandro P\u00e9rez repiti\u00f3 la misma disertaci\u00f3n sobre el bullying en otros sitios como Saltos de Guair\u00e1 y Boquer\u00f3n. Foto: Facebook de Funda Joven.<\/em><\/p>\n\n\n<div class=\"wp-bootstrap-blocks-row row\">\n\t\n\n<div class=\"col-12 col-lg-5\">\n\t\t\t\t<\/div>\n\n\n\n<div class=\"col-12 col-lg-7\">\n\t\t\t\n\n<p>Alejandro P\u00e9rez finaliz\u00f3 su intervenci\u00f3n contando al auditorio de docentes una an\u00e9cdota personal que hace apolog\u00eda de forma indirecta al maltrato infantil. Seg\u00fan su relato, cuando \u00e9l era un ni\u00f1o, tom\u00f3 un cuchillo de la cocina y amenaz\u00f3 a su madre con matarse si no lo dejaba ir al cine con sus hermanos. \u00abMi mam\u00e1 entr\u00f3 en la pieza, sac\u00f3 el cintur\u00f3n de mi pap\u00e1, me dio tres [golpes] con ese (sic) y hasta hoy en d\u00eda me cur\u00f3 que aunque yo pase los peores problemas de mi vida, lo \u00faltimo que pienso es suicidarme\u00bb.<\/p>\n\n\n\n<figure class=\"wp-block-embed is-type-video is-provider-youtube wp-block-embed-youtube wp-embed-aspect-16-9 wp-has-aspect-ratio\"><div class=\"wp-block-embed__wrapper\">\n<iframe title=\"Funda Joven\" width=\"500\" height=\"281\" src=\"https:\/\/www.youtube.com\/embed\/LP35GznXYgo?feature=oembed\" frameborder=\"0\" allow=\"accelerometer; autoplay; clipboard-write; encrypted-media; gyroscope; picture-in-picture; web-share\" referrerpolicy=\"strict-origin-when-cross-origin\" allowfullscreen><\/iframe>\n<\/div><\/figure>\n\n\n\n<p>La an\u00e9cdota termin\u00f3, seguida por el aplauso de los docentes. En la conferencia <a href=\"https:\/\/www.facebook.com\/fundajove\/videos\/1366581476840294\/\">estuvo presente Liza Noem\u00ed L\u00f3pez Vera, supervisora pedag\u00f3gica del MEC.<\/a> Las firmas de los pastores Roberto Moureira y Juan Cruz Cellammare y el de <a href=\"https:\/\/mec.gov.py\/cms_v2\/resoluciones\/288207-1564-2018-petta1\">la directora de Educaci\u00f3n del MEC por el Departamento Central, Florentina Vera<\/a> aparecen en los certificados entregados a las docentes al final de la capacitaci\u00f3n.<\/p>\n\n\t<\/div>\n\n<\/div>\n\n\n\n<div class=\"wp-block-image\"><figure class=\"aligncenter size-large\"><img loading=\"lazy\" decoding=\"async\" width=\"1024\" height=\"769\" src=\"https:\/\/elsurti.com\/wp-content\/uploads\/2020\/08\/photo5073316358057470059-1024x769.jpg\" alt=\"\" class=\"wp-image-4842\" srcset=\"https:\/\/elsurti.com\/wp-content\/uploads\/2020\/08\/photo5073316358057470059-1024x769.jpg 1024w, https:\/\/elsurti.com\/wp-content\/uploads\/2020\/08\/photo5073316358057470059-300x225.jpg 300w, https:\/\/elsurti.com\/wp-content\/uploads\/2020\/08\/photo5073316358057470059-768x577.jpg 768w, https:\/\/elsurti.com\/wp-content\/uploads\/2020\/08\/photo5073316358057470059-1536x1153.jpg 1536w, https:\/\/elsurti.com\/wp-content\/uploads\/2020\/08\/photo5073316358057470059-2048x1538.jpg 2048w\" sizes=\"(max-width: 1024px) 100vw, 1024px\" \/><\/figure><\/div>\n\n\n\n<p class=\"has-text-align-center\"><em>Certificados entregados a docentes al final de la capacitaci\u00f3n, donde firma la directora del MEC por Central, Florentina Vera.<\/em><\/p>\n\n\n<div class=\"wp-bootstrap-blocks-row row\">\n\t\n\n<div class=\"col-12 col-lg-5\">\n\t\t\t\t<\/div>\n\n\n\n<div class=\"col-12 col-lg-7\">\n\t\t\t\n\n<h3 class=\"wp-block-heading\"><strong>Los cristianos que capacitan en salud mental con aval del MEC<\/strong><\/h3>\n\n\n\n<p>Consultado al respecto, Pedro Segovia, el director de proyectos de Funda Joven, dijo que los perfiles de ambos conferencistas fueron enviados al Ministerio de Educaci\u00f3n y aprobados por la Direcci\u00f3n de Curr\u00edculum.&nbsp; Dijo que el ministerio aprueba los perfiles de todos los conferencistas para docentes de su organizaci\u00f3n. Segovia dijo que adem\u00e1s de pastor, Roberto Moureira es psic\u00f3logo y docente en la Universidad Evang\u00e9lica del Paraguay. Confirm\u00f3 que Alejandro P\u00e9rez es capell\u00e1n. La directora de la Direcci\u00f3n de Orientaci\u00f3n del Ministerio, la Licenciada Gricelda Lozantos, neg\u00f3 que a su cartera haya llegado informaci\u00f3n alguna sobre los conferencistas.&nbsp;<\/p>\n\n\n\n<p>\u00abEsto va en contra de todo lo que el Ministerio de Educaci\u00f3n debe hacer al respecto. No condice con nuestras pol\u00edticas, que debe tener un enfoque en los derechos del ni\u00f1o\u00bb, dice la licenciada Leda Palmerolla, psicopedagoga especializada en educaci\u00f3n inclusiva y parte de la Direcci\u00f3n de Orientaci\u00f3n del MEC, luego de escuchar el audio donde el conferencista Alejandro P\u00e9rez hace apolog\u00eda al maltrato infantil como soluci\u00f3n a casos de depresi\u00f3n y suicidio.<\/p>\n\n\n\n<p><a href=\"https:\/\/www.dgeec.gov.py\/Publicaciones\/Biblioteca\/mics2016\/Encuesta%20MICS%20Paraguay%202016.pdf\">A datos de 2016, el Ministerio de Salud y Unicef calculaban que la mitad de los ni\u00f1os y adolescentes paraguayos son v\u00edctimas de maltrato y violencia en el hogar<\/a>. \u00abEl maltrato infantil est\u00e1 relacionado a la aparici\u00f3n de problemas de salud mental que pueden durar toda la vida\u00bb, dice la doctora Lourdes Zelaya, psiquiatra jefa del Departamento de Salud Mental del Hospital Pedi\u00e1trico de Acosta \u00d1u.&nbsp;<\/p>\n\n\n\n<p>La licenciada Diana Lesme, directora de la carrera de Psicolog\u00eda de la Universidad Cat\u00f3lica, concuerda con Zelaya: \u00abQue personas sin la formaci\u00f3n adecuada den capacitaciones sobre temas sensibles pone en riesgo a miles de ni\u00f1os y adolescentes\u00bb. Aunque no hay datos a nivel nacional, en el <a href=\"https:\/\/www.facebook.com\/elsurti\/photos\/a.617655828268526\/2487541327946624\/?type=3&amp;theater\">Hospital Acosta \u00d1u el maltrato, la depresi\u00f3n y la ansiedad son las tres primeras causas de consultas sobre salud mental de ni\u00f1os y adolescentes<\/a>.<\/p>\n\n\n\n<p><a href=\"http:\/\/www.sipi.siteal.iipe.unesco.org\/sites\/default\/files\/sipi_normativa\/ley_5659-2016_prohibicion_castigo_fisico-paraguay.pdf\">La ley contra maltrato infantil, promulgada en 2016<\/a>, obliga en su art\u00edculo 6\u00ba al Ministerio de Educaci\u00f3n a promover h\u00e1bitos de crianza positiva en la educaci\u00f3n formal y no formal, e instruir a sus educadores para que tengan \u00abpr\u00e1cticas pedag\u00f3gicas y disciplinarias no violentas\u00bb. Gricelda Lozantos, directora de Orientaci\u00f3n del MEC, dice que los supervisores departamentales \u00abtienen la obligaci\u00f3n de denunciar estos casos\u00bb.<\/p>\n\n\n\n<p>Los mismos conferencistas de Funda Joven, Moureira y P\u00e9rez, ten\u00edan ya agendada otra capacitaci\u00f3n docente en Saltos del Guair\u00e1 la siguiente semana y luego charlas en Boquer\u00f3n. Todas con presencia de los supervisores departamentales del Ministerio.<\/p>\n\n\n\n<h3 class=\"wp-block-heading\"><strong>De las charlas sobre suicidio en los colegios a las iglesias<\/strong><\/h3>\n\n\n\n<p>\u00abSalvando Vidas\u00bb se llama el programa de charlas con el cual Funda Joven (que hasta 2017 se llamaba Fundaci\u00f3n Volver a So\u00f1ar) busca llegar a estudiantes de m\u00e1s de doce a\u00f1os en sus instituciones educativas con la proyecci\u00f3n en sus aulas de la pel\u00edcula \u00abSalvando una Vida\u00bb&nbsp; (To Save a Life en ingl\u00e9s).<a href=\"https:\/\/www.rottentomatoes.com\/m\/to_save_a_life\/\"> La pel\u00edcula, un drama cristiano adolescente<\/a>, trata de un joven que abandona su vida como chico popular del colegio luego del suicidio de su mejor amigo. Decide ir a la Iglesia y es repudiado por ello por sus compa\u00f1eros y por su novia. La novia, que est\u00e1 embarazada, piensa en abortar y al final se arrepiente, seg\u00fan la sinopsis explicada por un voluntario de Funda Joven a estudiantes de un colegio p\u00fablico asunceno.&nbsp;<\/p>\n\n\n\n<p>La pel\u00edcula es calificada apta para mayores de 13 a\u00f1os con precauci\u00f3n de los padres debido a las escenas sexuales y de uso de drogas. Luego de la proyecci\u00f3n, los estudiantes son \u00abguiados a una oraci\u00f3n\u00bb por los facilitadores entrenados por la ONG. El programa incluye que los estudiantes reciban una revista llamada \u00abEl Libro de la Vida\u00bb que contiene historias b\u00edblicas. Todo esto consta en el proyecto oficial aprobado por el MEC y confirmado por dos docentes donde Funda Joven dio charlas. Los estudiantes tambi\u00e9n otorgan a Funda Joven sus n\u00fameros telef\u00f3nicos y reciben una carta del pastor Juan Cruz Cellammare donde les recuerda \u00ablo importantes que son para Dios\u00bb.<\/p>\n\n\n\n<figure class=\"wp-block-image size-large\"><img loading=\"lazy\" decoding=\"async\" width=\"945\" height=\"1024\" src=\"https:\/\/elsurti.com\/wp-content\/uploads\/2020\/08\/PROYECTO-SALVAR-UNA-VIDA-2019-3-945x1024.jpg\" alt=\"\" class=\"wp-image-4843\" srcset=\"https:\/\/elsurti.com\/wp-content\/uploads\/2020\/08\/PROYECTO-SALVAR-UNA-VIDA-2019-3-945x1024.jpg 945w, https:\/\/elsurti.com\/wp-content\/uploads\/2020\/08\/PROYECTO-SALVAR-UNA-VIDA-2019-3-277x300.jpg 277w, https:\/\/elsurti.com\/wp-content\/uploads\/2020\/08\/PROYECTO-SALVAR-UNA-VIDA-2019-3-768x833.jpg 768w, https:\/\/elsurti.com\/wp-content\/uploads\/2020\/08\/PROYECTO-SALVAR-UNA-VIDA-2019-3.jpg 1071w\" sizes=\"(max-width: 945px) 100vw, 945px\" \/><\/figure>\n\n\n\n<p class=\"has-text-align-center\"><em>Detalle del proyecto para el 2019 presentado por Funda Joven al Ministerio de Educaci\u00f3n.<\/em><\/p>\n\n\n\n<p>Las respuestas de los cuestionarios completados por los estudiantes son enviadas, <a href=\"https:\/\/www.youtube.com\/watch?v=9BGOYKijZBI\">seg\u00fan la ONG, a iglesias cercanas a los colegios \u00abpara el seguimiento de sus casos<\/a>\u00bb. Funda Joven utiliza la base de datos creada con cada estudiante que estuvo en sus charlas y sus n\u00fameros celulares para contactarlos v\u00eda mensaje de texto y ofrecerles \u00abgrupos de apoyo\u00bb en el local de la fundaci\u00f3n, en el Centro Cristiano Internacional La Gracia, que es la iglesia de Juan Cruz Cellammare en Lambar\u00e9. Uno de los objetivos los grupos de apoyo es que sea un lugar donde \u00abse comparte la Palabra de Dios\u00bb.<\/p>\n\n\n\n<p>Este programa de Funda Joven busca llegar a 30.000 estudiantes&nbsp; de escuelas p\u00fablicas y privadas de Gran Asunci\u00f3n en 2019. Pedro Segovia, de la ONG, dice que los charlistas que van a los colegios son formados por la propia organizaci\u00f3n. Todo avalado por el Ministerio de Educaci\u00f3n.<\/p>\n\n\n\n<h3 class=\"wp-block-heading\"><strong>Las empresas que avanzan una agenda evang\u00e9lica en la educaci\u00f3n<\/strong><\/h3>\n\n\n\n<p>A diferencia de <a href=\"https:\/\/elsurti.com\/pt\/decisiones\/\">Decisiones<\/a>, la ONG evang\u00e9lica que llev\u00f3 desinformaci\u00f3n sobre educaci\u00f3n sexual y poblaci\u00f3n LGBTI a miles de estudiantes paraguayos por a\u00f1os con dinero p\u00fablico, se desconoce si Funda Joven recibe dinero p\u00fablico. Pedro Segovia, director de proyectos de la organizaci\u00f3n, niega que haya dinero del Estado y dice que los proyectos se sostienen \u00abcon aportes privados y de la propia fundaci\u00f3n\u00bb.&nbsp;<\/p>\n\n\n\n<p>Las cinco empresas que aparecen en sus materiales como auspiciantes son: Pro-Med, una empresa de medicina prepaga que confirm\u00f3 que tiene un convenio. Andrea Gimenez, de la empresa, prometi\u00f3 facilitar la documentaci\u00f3n al respecto. A cierre de edici\u00f3n no lo ha hecho. Otra empresa es Chacomer, una importadora y ensambladora de veh\u00edculos. Su encargada de responsabilidad social, Daisy Zelaya neg\u00f3 cualquier convenio con Funda Joven. La tercera empresa es Record Electric, una importadora de maquinarias el\u00e9ctricas. Su representante de recursos humanos, Ezequiel Lugo, dijo desconocer la existencia de cualquier financiaci\u00f3n a la ONG.<\/p>\n\n\t<\/div>\n\n<\/div>\n\n\n\n<div class=\"wp-block-image\"><figure class=\"aligncenter size-large\"><img loading=\"lazy\" decoding=\"async\" width=\"1024\" height=\"379\" src=\"https:\/\/elsurti.com\/wp-content\/uploads\/2020\/08\/photo5073316358057470069-1024x379.jpg\" alt=\"\" class=\"wp-image-4844\" srcset=\"https:\/\/elsurti.com\/wp-content\/uploads\/2020\/08\/photo5073316358057470069-1024x379.jpg 1024w, https:\/\/elsurti.com\/wp-content\/uploads\/2020\/08\/photo5073316358057470069-300x111.jpg 300w, https:\/\/elsurti.com\/wp-content\/uploads\/2020\/08\/photo5073316358057470069-768x284.jpg 768w, https:\/\/elsurti.com\/wp-content\/uploads\/2020\/08\/photo5073316358057470069-1536x569.jpg 1536w, https:\/\/elsurti.com\/wp-content\/uploads\/2020\/08\/photo5073316358057470069-2048x758.jpg 2048w\" sizes=\"(max-width: 1024px) 100vw, 1024px\" \/><\/figure><\/div>\n\n\n\n<p class=\"has-text-align-center\"><em>Las empresas que auspician la llegada de Funda Joven a estudiantes en sus colegios.<\/em><\/p>\n\n\n<div class=\"wp-bootstrap-blocks-row row\">\n\t\n\n<div class=\"col-12 col-lg-5\">\n\t\t\t\t<\/div>\n\n\n\n<div class=\"col-12 col-lg-7\">\n\t\t\t\n\n<p>La cuarta empresa asociada a la ONG es Inverf\u00edn, una importadora que tambi\u00e9n financiaba a Decisiones. Su fundador, Ernst Bergen, es hombre de confianza del presidente Mario Abdo y actual director paraguayo en Itaip\u00fa. Bergen tambi\u00e9n es activista de la Conferencia Mundial Menonita y due\u00f1o de la Red Chaque\u00f1a de Comunicaciones, un holding privado de medios donde el director de Funda Joven, Juan Cruz Cellammare, tiene un programa semanal en el cual habla de diferentes temas: desde <em>bullying<\/em> hasta la denominada \u00abideolog\u00eda de g\u00e9nero\u00bb.&nbsp;<\/p>\n\n\n\n<p>Luego de varios intentos y derivaciones v\u00eda telef\u00f3nica, empleados de la empresa indicaron contactar v\u00eda correo electr\u00f3nico con Sonia Pereira, de recursos humanos de Inverfin, para pedir detalles del convenio con Funda Joven.<\/p>\n\n\n\n<p>Media hora despu\u00e9s de realizar el pedido v\u00eda email a Inverf\u00edn, el se\u00f1or Pedro Segovia, director de proyectos de la ONG llam\u00f3 al periodista encargado de esta investigaci\u00f3n consultando la raz\u00f3n de nuestras averiguaciones con las empresas. \u00abUnos amigos me contaron\u00bb, respondi\u00f3 al preguntarle c\u00f3mo supo de las averiguaciones. Al cierre de edici\u00f3n Inverf\u00edn no ha respondido las consultas.&nbsp;<\/p>\n\n\n\n<p>Tambi\u00e9n se intent\u00f3 contactar con la quinta empresa, la Cooperativa Chortitzer, sin \u00e9xito. Estas marcas tambi\u00e9n aparecen como auspiciantes del programa de televisi\u00f3n del presidente de Funda Joven, Cruz Cellammare. A excepci\u00f3n de Pro-Med, todas las empresas tienen en com\u00fan que se definen como cristianas y que est\u00e1n relacionadas a la comunidad menonita de Paraguay.&nbsp;<\/p>\n\n\n\n<h3 class=\"wp-block-heading\"><strong>El Ministerio que promueve una agenda evang\u00e9lica en las escuelas<\/strong><\/h3>\n\n\n\n<p>A diferencia tambi\u00e9n de Decisiones, Funda Joven s\u00ed tiene permiso y convenios con el Ministerio de Educaci\u00f3n para ingresar a instituciones educativas y capacitar a docentes. El programa de charlas a estudiantes \u00abSalvando Una vida \/ Salvando Vidas\u00bb de la organizaci\u00f3n fue declarado de \u00abinter\u00e9s educativo\u00bb en 2015. <a href=\"http:\/\/informacionpublica.paraguay.gov.py\/public\/711335-MEMODGDEN358ACCESOALAINFORMACIN3pdf-MEMODGDEN358ACCESOALAINFORMACIN3.pdf\">La iniciativa fue recomendada por la entonces viceministra Myrian Mello \u2013 tambi\u00e9n fue la funcionaria que recibi\u00f3 las primeras denuncias documentadas sobre Decisiones\u2013 con parecer favorable de la Direcci\u00f3n de Curr\u00edculum y aprobada primero por la ministra Marta Lafuente y luego renovada por el siguiente ministro, Enrique Riera<\/a>. Riera fue quien <a href=\"https:\/\/www.mec.gov.py\/documentos\/documentos_resoluciones\/16992?style=original\">habilit\u00f3 a Funda Joven a capacitar a docentes en un convenio firmado en 2017.<\/a><\/p>\n\n\n\n<p>Ya como senador, Riera impuls\u00f3 <a href=\"http:\/\/silpy.congreso.gov.py\/expediente\/114832\">la declaraci\u00f3n de inter\u00e9s nacional por parte del Congreso paraguayo de otro proyecto de Funda Joven sobre abuso infantil, dirigido a ni\u00f1os de seis a doce a\u00f1os<\/a>. Poco antes, <a href=\"https:\/\/www.facebook.com\/elsurti\/photos\/a.617655828268526\/2030982070269221\/?type=3&amp;theater\">el mismo Congreso hab\u00eda eliminado de la ley de prevenci\u00f3n de abuso sexual los art\u00edculos que permit\u00edan a docentes capacitarse sobre el tema y la inclusi\u00f3n de una c\u00e1tedra sobre sexualidad<\/a> para estudiantes.<\/p>\n\n\t<\/div>\n\n<\/div>\n\n\n\n<p class=\"has-text-color has-large-font-size\" style=\"color:#fd7274\"><em>La Gaceta Cristiana resalt\u00f3 que, como ministro, Riera \u00abfue quien dio la orden de sacar de circulaci\u00f3n todo material que hable de modelos de familia que no se ajusten a lo establecido por Dios\u00bb.<\/em><\/p>\n\n\n<div class=\"wp-bootstrap-blocks-row row\">\n\t\n\n<div class=\"col-12 col-lg-5\">\n\t\t\t\t<\/div>\n\n\n\n<div class=\"col-12 col-lg-7\">\n\t\t\t\n\n<p>En su sitio Web, Funda Joven se define como una organizaci\u00f3n cuyos objetivos principales son \u00abla propagaci\u00f3n de buenos valores a la juventud, y la restauraci\u00f3n de la familia como n\u00facleo fundamental de la sociedad paraguaya\u00bb. La declaraci\u00f3n de inter\u00e9s nacional del proyecto de Funda Joven fue aplaudida por el sitio evang\u00e9lico La Gaceta Cristiana, \u00abmostrando as\u00ed la voluntad pol\u00edtica del pa\u00eds guaran\u00ed en mantener los valores y principios b\u00edblicos en la sociedad\u00bb y resaltando que como ministro, Riera \u00abfue quien dio la orden de sacar de circulaci\u00f3n todo material que hable de modelos de familia que no se ajusten a lo establecido por Dios\u00bb.&nbsp;<\/p>\n\n\n\n<p>Riera hab\u00eda ofrecido en una audiencia p\u00fablica en octubre de 2017 quemar libros sobre g\u00e9nero \u00aben una plaza\u00bb, y prohibi\u00f3 la circulaci\u00f3n de todo material que tenga \u00abideolog\u00eda o teor\u00eda de g\u00e9nero\u00bb. Hasta la fecha, no se pudo corroborar la existencia de los textos denunciados por grupos autodenominados pro-vida y pro-familia en grupos de Whatsapp. El Ministerio de Educaci\u00f3n se neg\u00f3 en tres ocasiones, bajo distintos argumentos, a hacer p\u00fablico el informe al respecto.<\/p>\n\n\n\n<h3 class=\"wp-block-heading\"><strong>Los v\u00ednculos a un lobby internacional cristiano&nbsp;<\/strong><\/h3>\n\n\n\n<p>Despu\u00e9s de firmar la resoluci\u00f3n anti-g\u00e9nero, el ex ministro de Educaci\u00f3n <a href=\"https:\/\/www.youtube.com\/watch?v=sjFqJJz--KA\">Riera particip\u00f3 de la asamblea general de la Alianza Evang\u00e9lica Latina (AEL)<\/a>, que se hizo en Asunci\u00f3n. La AEL, fundada en 2013 en Honduras, aglomera a iglesias evang\u00e9licas de 17 pa\u00edses de Latinoam\u00e9rica, m\u00e1s Estados Unidos y Espa\u00f1a. La Asociaci\u00f3n de Iglesias Evang\u00e9licas de Paraguay es parte. Su trabajo de lobby m\u00e1s importante es en la OEA, donde <a href=\"https:\/\/aelatina.org\/2019\/06\/28\/presencia-positiva-de-la-ael-en-la-asamblea-de-la-oea\/\">son parte del frente que se opone a avances sobre igualdad de g\u00e9nero o derechos<\/a> LGBTI.&nbsp;<\/p>\n\n\n\n<p>Mientras Enrique Riera hablaba en contra de la \u00abideolog\u00eda de g\u00e9nero\u00bb en la asamblea de la AEL en octubre de 2017, a su derecha estaba quien acababa de ser elegido director ejecutivo de la Alianza: Juan Cruz Cellammare.<\/p>\n\n\n\n<p>Juan Cruz Cellammare es un pastor argentino radicado en Paraguay. Adem\u00e1s de ser director ejecutivo de la Alianza Evang\u00e9lica Latina, es presidente de Funda Joven y evangelista del Centro Internacional Cristiano La Gracia. En su programa de televisi\u00f3n en la Red Chaque\u00f1a de Comunicaciones, Cruz Cellammare dedic\u00f3 un cap\u00edtulo entero al \u00abpeligro de la ideolog\u00eda de g\u00e9nero\u00bb y&nbsp; entrevist\u00f3, por ejemplo, <a href=\"https:\/\/www.youtube.com\/watch?v=d2iReI27KnY\">a Nicol\u00e1s M\u00e1rquez<\/a>, coautor junto a Agust\u00edn Laje del \u00abLibro Negro de la Nueva Izquierda\u00bb. All\u00ed, M\u00e1rquez dijo que \u00abla educaci\u00f3n sexual es una trampa para alterar a los ni\u00f1os\u00bb.&nbsp;<\/p>\n\n\n\n<p><a href=\"https:\/\/unesdoc.unesco.org\/ark:\/48223\/pf0000244756\">Seg\u00fan un extenso estudio publicado por Unicef en 2016,<\/a> los datos disponibles de Latinoam\u00e9rica muestran que los estudiantes LGBTI reportan m\u00e1s situaciones de violencia como el <em>bullying<\/em> que sus pares heterosexuales. Carolina Robledo, presidenta del grupo por los derechos de las lesbianas Aireana, dice que no existen datos sistematizados de <em>bullying<\/em> en colegios en Ro Hendu, su l\u00ednea de servicio especializado para que personas LGBTI puedan denunciar violencia y discriminaci\u00f3n. Pero indica que en los casos que tuvo conocimiento \u00bbmuchas veces el <em>bullying<\/em> viene m\u00e1s que de los compa\u00f1eros, de los propios docentes\u00bb.&nbsp;<\/p>\n\n\n\n<p>La psic\u00f3loga Diana Lesme explica que para que se considere <em>bullying<\/em>, deben haber tres aspectos: una relaci\u00f3n de poder desigual entre los pares, una constancia en las agresiones y una intenci\u00f3n de herir. \u00abCuando se trata de docentes a estudiantes, no es <em>bullying<\/em>, es directamente maltrato\u00bb, subraya.<\/p>\n\n\n\n<p>Pedro Segovia dice que Funda Joven \u00abtrabaja sobre el <em>bullying<\/em> de manera objetiva, no subjetiva\u00bb. Segovia sostiene que ellos \u00abno discriminan si es por gay, por negro o por tener la nariz grande (sic)\u00bb, todo <em>bullying<\/em> es cuestionable. Pero al ser consultado sobre su posici\u00f3n y la de Juan Cruz Cellammare sobre la llamada \u00abideolog\u00eda de g\u00e9nero\u00bb, Segovia evit\u00f3 responder.&nbsp;<\/p>\n\n\n\n<p>Con Petta como ministro de Educaci\u00f3n, Funda Joven no solo ampli\u00f3 su presencia en colegios y capacitaciones para docentes: Cruz Cellammare <a href=\"https:\/\/aelatina.org\/2019\/05\/08\/el-director-ejecutivo-de-ael-fue-invitado-por-el-ministro-de-educacion-de-paraguay\/\">fue invitado por Petta a asistir a la audiencia p\u00fablica para discutir la nueva reforma educativa del pa\u00eds.<\/a><\/p>\n\n\n\n<h3 class=\"wp-block-heading\"><strong>El peligro de la pseudociencia en salud mental&nbsp;<\/strong><\/h3>\n\n\n\n<p>En ninguna parte de los proyectos de Funda Joven aprobados por el Ministerio de Educaci\u00f3n se consigna si los facilitadores que hablar\u00e1n de salud mental, suicidio, abuso y <em>bullying<\/em> a miles de ni\u00f1os y adolescentes tienen alguna formaci\u00f3n cient\u00edfica correspondiente a esos temas.&nbsp;<\/p>\n\n\n\n<p>M\u00e1s all\u00e1 de los videos producidos por la propia ONG, tampoco se sabe el posible impacto o da\u00f1o que pueden producir las charlas de Funda Joven a estudiantes.<\/p>\n\n\n\n<p>Una docente de un colegio p\u00fablico de Asunci\u00f3n denunci\u00f3 a El Surtidor que en 2018 la intervenci\u00f3n de Funda Joven en el aula de un estudiante adolescente que se autolesionaba no solo no fue positiva, sino que multiplic\u00f3 los casos en el colegio. \u00abA esa edad hay que tener mucho cuidado\u00bb, dice la docente que prefiere no revelar su identidad por temor a represalias. \u00abEllos les movieron cosas [a los chicos], les generaron pensamientos que antes no ten\u00edan\u00bb. Al final, de la situaci\u00f3n se tuvo que hacer cargo el departamento de psicolog\u00eda del colegio. Seg\u00fan la denuncia, varios estudiantes debieron empezar terapia.&nbsp;<\/p>\n\n\n\n<p>La denuncia de la docente es an\u00f3nima por la misma raz\u00f3n por la que el colegio minti\u00f3 para rechazar otro a\u00f1o de charlas de Funda Joven, aduciendo falta de tiempo. Con el aval del Ministerio de Educaci\u00f3n a la organizaci\u00f3n, los profesores temen sanciones por no querer acceder a sus actividades.<\/p>\n\n\t<\/div>\n\n<\/div>\n\n\n\n<div class=\"wp-block-image\"><figure class=\"aligncenter size-large\"><img loading=\"lazy\" decoding=\"async\" width=\"960\" height=\"720\" src=\"https:\/\/elsurti.com\/wp-content\/uploads\/2020\/08\/67707316_2964374273703505_1914506419793559552_n.jpg\" alt=\"\" class=\"wp-image-4849\" srcset=\"https:\/\/elsurti.com\/wp-content\/uploads\/2020\/08\/67707316_2964374273703505_1914506419793559552_n.jpg 960w, https:\/\/elsurti.com\/wp-content\/uploads\/2020\/08\/67707316_2964374273703505_1914506419793559552_n-300x225.jpg 300w, https:\/\/elsurti.com\/wp-content\/uploads\/2020\/08\/67707316_2964374273703505_1914506419793559552_n-768x576.jpg 768w\" sizes=\"(max-width: 960px) 100vw, 960px\" \/><\/figure><\/div>\n\n\n\n<p class=\"has-text-align-center\"><em>Esta es una de las fotos que la ONG evang\u00e9lica Funda Joven publicita en su perfil en Facebook sobre sus charlas sobre suicidio y bullying en escuelas.<\/em><\/p>\n\n\n<div class=\"wp-bootstrap-blocks-row row\">\n\t\n\n<div class=\"col-12 col-lg-5\">\n\t\t\t\t<\/div>\n\n\n\n<div class=\"col-12 col-lg-7\">\n\t\t\t\n\n<p>Gricelda Lozantos de Orientaci\u00f3n del MEC se\u00f1ala que es una posibilidad: \u00abComo tiene el sellito del Ministerio, es posible que les dejen entrar pensando que es la pol\u00edtica oficial del Ministerio\u00bb.<\/p>\n\n\n\n<p>La doctora Lourdes Zelaya, vicepresidenta de la Sociedad de Psiquiatr\u00eda de Paraguay y jefa del Departamento de Salud Mental del Hospital Pedi\u00e1trico de Acosta \u00d1u dice que \u00abun psic\u00f3logo que tiene que dar una charla en una escuela debe tener un perfil que no es el mismo que el que tiene que llevar terapia con un ni\u00f1o, adem\u00e1s de las credenciales \u00e9ticas y morales\u00bb. Zelaya se\u00f1ala que no es lo mismo hablar de estos temas con un ni\u00f1o de seis a\u00f1os que como un adolescente de doce. Da como ejemplo c\u00f3mo hablar con un ni\u00f1o o adolescente que pas\u00f3 por un trauma, como un abuso: \u00abTiene que hacerse con mucho cuidado porque un ni\u00f1o no puede ser llevado por veinte interrogatorios sobre ese trauma por diferentes personas\u00bb.<\/p>\n\n\n\n<p>Zelaya lamenta que en Paraguay todav\u00eda existan pocas regulaciones y apertura a la salud mental en las aulas. El Ministerio de Educaci\u00f3n y el de Salud reci\u00e9n acaban de firmar un compromiso para empezar a trabajar de manera conjunta. \u00abNo invertir y preocuparnos por la salud mental hoy nos puede afectar a quienes deben ser los l\u00edderes de ma\u00f1ana en el pa\u00eds.\u00bb<\/p>\n\n\t<\/div>\n\n<\/div>","protected":false},"excerpt":{"rendered":"<p>Para tratar el bullying y el abuso sexual infantil en escuelas, el MEC promueve charlas y capacitaciones a cargo de pastores y capellanes evang\u00e9licos.<\/p>","protected":false},"author":8,"featured_media":4823,"template":"single-reportaje-derecha.php","tags":[45,62],"fenomeno":[67],"tema":[59,250],"acf":[],"_links":{"self":[{"href":"https:\/\/elsurti.com\/pt\/wp-json\/wp\/v2\/reportaje\/4822"}],"collection":[{"href":"https:\/\/elsurti.com\/pt\/wp-json\/wp\/v2\/reportaje"}],"about":[{"href":"https:\/\/elsurti.com\/pt\/wp-json\/wp\/v2\/types\/reportaje"}],"author":[{"embeddable":true,"href":"https:\/\/elsurti.com\/pt\/wp-json\/wp\/v2\/users\/8"}],"version-history":[{"count":23,"href":"https:\/\/elsurti.com\/pt\/wp-json\/wp\/v2\/reportaje\/4822\/revisions"}],"predecessor-version":[{"id":20728,"href":"https:\/\/elsurti.com\/pt\/wp-json\/wp\/v2\/reportaje\/4822\/revisions\/20728"}],"wp:featuredmedia":[{"embeddable":true,"href":"https:\/\/elsurti.com\/pt\/wp-json\/wp\/v2\/media\/4823"}],"wp:attachment":[{"href":"https:\/\/elsurti.com\/pt\/wp-json\/wp\/v2\/media?parent=4822"}],"wp:term":[{"taxonomy":"post_tag","embeddable":true,"href":"https:\/\/elsurti.com\/pt\/wp-json\/wp\/v2\/tags?post=4822"},{"taxonomy":"fenomeno","embeddable":true,"href":"https:\/\/elsurti.com\/pt\/wp-json\/wp\/v2\/fenomeno?post=4822"},{"taxonomy":"tema","embeddable":true,"href":"https:\/\/elsurti.com\/pt\/wp-json\/wp\/v2\/tema?post=4822"}],"curies":[{"name":"wp","href":"https:\/\/api.w.org\/{rel}","templated":true}]}}