{"id":59142,"date":"2022-07-15T16:55:41","date_gmt":"2022-07-15T20:55:41","guid":{"rendered":"https:\/\/elsurti.com\/?post_type=reportaje&#038;p=59142"},"modified":"2024-03-09T11:42:40","modified_gmt":"2024-03-09T15:42:40","slug":"ley-de-promocion-al-transporte-electrico-que-era-y-por-que-se-veto","status":"publish","type":"reportaje","link":"https:\/\/elsurti.com\/pt\/futuros\/reportaje\/2022\/07\/15\/ley-de-promocion-al-transporte-electrico-que-era-y-por-que-se-veto\/","title":{"rendered":"Ley de promoci\u00f3n al transporte el\u00e9ctrico: qu\u00e9 era y por qu\u00e9 se vet\u00f3"},"content":{"rendered":"<p class=\"has-text-align-center has-small-font-size\"><em><strong>Este art\u00edculo ha sido actualizado el 07\/09\/2022 para reflejar el rechazo de la C\u00e1mara de Senadores al veto de Mario Abdo.<\/strong><\/em><\/p>\n\n\n\n<p>Paraguay tiene una contradicci\u00f3n: por un lado es el pa\u00eds con mayor acceso per c\u00e1pita a energ\u00eda renovable del mundo, gracias a las hidroel\u00e9ctricas Itaip\u00fa y Yacyret\u00e1. Pero hoy usa combustibles f\u00f3siles, con precios internacionales vol\u00e1tiles, no renovables y contaminantes <a rel=\"noreferrer noopener\" href=\"https:\/\/www.baseis.org.py\/wp-content\/uploads\/2021\/10\/Informe-especial-50-BASE.pdf\" target=\"_blank\">que debe importar para moverse<\/a>. Es el 41% de nuestra matriz energ\u00e9tica y est\u00e1 casi exclusivamente dirigida al transporte.&nbsp;<\/p>\n\n\n\n<p>Esa situaci\u00f3n, sumada a la dependencia de veh\u00edculos individuales &#8211; primera causa de emisiones de gases de efecto invernadero en Asunci\u00f3n &#8211; creada por ciudades desorganizadas, <a href=\"https:\/\/elsurti.com\/pt\/futuros\/reportaje\/2020\/08\/26\/cinco-puntos-para-entender-el-conflicto-con-los-viaductos-del-botanico\/\" target=\"_blank\" rel=\"noreferrer noopener\">obras viales<\/a> que no contemplan peatones, ciclistas o buses, falta de pol\u00edticas de vivienda, y <a rel=\"noreferrer noopener\" href=\"https:\/\/elsurti.com\/pt\/futuros\/reportaje\/2021\/10\/06\/cartismo-aditivado-las-estaciones-de-combustible-que-peligran-el-agua-que-tomas\/\" target=\"_blank\">proliferaci\u00f3n de estaciones de combustible<\/a> violando criterios ambientales, <a rel=\"noreferrer noopener\" href=\"https:\/\/marketdata.com.py\/laboratorio\/analisis\/economia\/la-crisis-de-los-precios-del-petroleo-en-el-2022-y-su-impacto-en-la-inflacion-77486\/\" target=\"_blank\">traslada las subas de combustible de m\u00e1s del 50% en el \u00faltimo a\u00f1o directamente al bolsillo de la gente.<\/a><\/p>\n\n\n\n<p>Pese a todo esto, el presidente Mario Abdo Ben\u00edtez vet\u00f3 el 8 de julio la ley de promoci\u00f3n e incentivos al transporte el\u00e9ctrico.<\/p>\n\n\n\n<p>\u00bfPor qu\u00e9?<\/p>\n\n\n\n<h3 class=\"wp-block-heading\">Primero: Qu\u00e9 exactamente dec\u00eda la ley<\/h3>\n\n\n\n<p>El proyecto de movilidad el\u00e9ctrica data de 2020 y fue impulsado por el senador Derlis Osorio (Fuerza Republicana &#8211; ANR).&nbsp;<\/p>\n\n\n\n<p><a rel=\"noreferrer noopener\" href=\"http:\/\/silpy.congreso.gov.py\/expediente\/122269\" target=\"_blank\">La versi\u00f3n aprobada por el Congreso<\/a> contempla <strong>eximir de pago de IVA y aranceles aduaneros a la importaci\u00f3n y comercializaci\u00f3n de veh\u00edculos el\u00e9ctricos e h\u00edbridos<\/strong>, sus repuestos y el equipamiento necesario para instalar estaciones de carga. Otorgaba una exoneraci\u00f3n de patentes del 100% en el primer a\u00f1o a un piso del 20% a partir del quinto a\u00f1o, creaba un fondo de promoci\u00f3n al transporte el\u00e9ctrico con el 10% de lo recaudado del impuesto selectivo al consumo de combustibles f\u00f3siles.<\/p>\n\n\n\n<p>Otras medidas <strong>incluyen imponer una cuota de veh\u00edculos el\u00e9ctricos en las compras para flotas del Estado, la obligaci\u00f3n de instalar dos centros de carga en cualquier ciudad con m\u00e1s de 60 mil habitantes y estacionamientos p\u00fablicos y privados reservados para veh\u00edculos el\u00e9ctricos.<\/strong><\/p>\n\n\n\n<p>Adem\u00e1s, obliga al Ministerio de Obras P\u00fablicas y Comunicaciones (MOPC), gobernaciones y municipios a dirigir el 20% de sus presupuestos en obras viales pensadas para transporte el\u00e9ctrico de cargas y de pasajeros,<strong> con menci\u00f3n espec\u00edfica de trenes, trolebuses, ferrov\u00edas, tranv\u00edas y metros.<\/strong> Otra obligaci\u00f3n del MOPC es crear un Plan Nacional de Transporte El\u00e9ctrico para reemplazar cada dos a\u00f1os un m\u00ednimo del 5% de la flota de transporte p\u00fablico por veh\u00edculos el\u00e9ctricos.&nbsp;<\/p>\n\n\n\n<p>El Ministerio de Industria y Comercio (MIC), por su parte, queda obligado a mantener una lista de los modelos ofrecidos por importadores, controlar que se ajusten a \u201cest\u00e1ndares mundiales pertinentes\u201d y que sean \u201clos modelos m\u00e1s recientes\u201d. Los importadores de veh\u00edculos deber\u00edan gestionar un \u201cdistintivo\u201d para los veh\u00edculos el\u00e9ctricos ante el Estado y <strong>adecuar el manejo de las bater\u00edas a la ley de residuos.&nbsp;<\/strong><\/p>\n\n\n\n<p>Por \u00faltimo, instruye al Banco Central del Paraguay (BCP) para que a trav\u00e9s de la Agencia Financiera de Desarrollo (AFD) y el Banco Nacional de Fomento (BNF) otorgue <strong>l\u00edneas de cr\u00e9dito preferenciales para veh\u00edculos el\u00e9ctricos<\/strong>, financiadas con el fondo creado a trav\u00e9s del impuesto selectivo a combustibles. Tambi\u00e9n da facultades al BCP para establecer lineamientos para cr\u00e9ditos especiales en la banca privada.<\/p>\n\n\n\n<p>Estos beneficios son todos los que terminaron en la versi\u00f3n aprobada por ambas c\u00e1maras del Congreso en junio de 2022. Pero otros puntos, que estaban en la versi\u00f3n original, quedaron en el camino.<\/p>\n\n\n<div id=\"gutenslider-78acz797a\" class=\"wp-block-eedee-block-gutenslider gs-frontend content-change alignnone adaptive-height adaptive-height-md adaptive-height-sm arrow-style-1 arrow-position-sides arrow-mb-none arrows-lg arrows-md arrows-sm dot-style-1 dots-lg dots-md dots-sm dot-position-bottom is-position-center-center mb-none wrap-auto-height\" data-parallax-direction=\"down\" data-parallax-amount=\"1.3\" data-lg-transition=\"lg-slide\" data-hash=\"\" ><div class=\"eedee-swiper-outer\" style=\"--gutenslider-min-height: 50vh;--gutenslider-arrow-size: 30px;--gutenslider-dot-size: 25px;--gutenslider-arrow-color: #ffffff;--gutenslider-dot-color: #ffffff;--gutenslider-padding-y-mobile: 40px;--gutenslider-padding-x-mobile: 40px;--gutenslider-padding-y-tablet: 40px;--gutenslider-padding-x-tablet: 40px;--gutenslider-padding-y-desktop: 40px;--gutenslider-padding-x-desktop: 40px;--gutenslider-bg-image: url();--gutenslider-min-height-md: 50vh;--gutenslider-min-height-sm: 50vh;--gutenslider-padding-x: 40px;--gutenslider-padding-x-md: 40px;--gutenslider-padding-x-sm: 20px;--gutenslider-padding-y: 40px;--gutenslider-padding-y-md: 40px;--gutenslider-padding-y-sm: 20px;--gutenslider-arrow-size-md: 30px;--gutenslider-arrow-size-sm: 30px;--gutenslider-dot-size-md: 25px;--gutenslider-dot-size-sm: 25px;--gutenslider-arrow-bg-color: transparent;--gutenslider-arrow-hover-color: #eeeeee;--gutenslider-arrow-bg-hover-color: transparent;--gutenslider-arrow-x-offset: 10px;--gutenslider-arrow-x-offset-md: 10px;--gutenslider-arrow-x-offset-sm: 10px;--gutenslider-arrow-y-offset: 0px;--gutenslider-arrow-y-offset-md: 0px;--gutenslider-arrow-y-offset-sm: 0px;--gutenslider-arrow-x-spacing: 0px;--gutenslider-dot-y-offset: 10px;--gutenslider-dot-y-offset-md: 10px;--gutenslider-dot-y-offset-sm: 10px;--gutenslider-margin-x: 0px;--gutenslider-margin-x-md: 0px;--gutenslider-margin-x-sm: 0px;--gutenslider-margin-y: 0px;--gutenslider-margin-y-md: 0px;--gutenslider-margin-y-sm: 0px;--gutenslider-divider-top: 60px;--gutenslider-divider-bottom: 60px;--gutenslider-lightgallery-bg: #ffffff;--gutenslider-lightgallery-font: #000000;--gs-first-pos: 50% 50%;--gs-gap-vertical: var( --wp--style--gallery-gap-default, var( --gallery-block--gutter-size, var( --wp--style--block-gap, 0.5em ) ) );--gs-gap-horizontal: var( --wp--style--gallery-gap-default, var( --gallery-block--gutter-size, var( --wp--style--block-gap, 0.5em ) ) );\"><div class=\"gutenslider-divider-top\" style=\"color:#fff;\"><\/div><div class=\"swiper\" data-settings='{\"autoplay\":{\"delay\":3000,\"pauseOnMouseEnter\":true,\"disableOnInteraction\":false},\"speed\":700,\"direction\":\"horizontal\",\"autoHeight\":\"1\",\"loop\":true,\"centeredSlides\":true,\"spaceBetween\":0,\"slidesPerView\":1,\"slidesPerGroup\":1,\"effect\":\"slide\",\"coverflowEffect\":{\"rotate\":30,\"slideShadows\":false,\"depth\":100,\"stretch\":50,\"modifier\":1},\"fadeEffect\":{\"crossFade\":true},\"zoom\":\"\",\"navigation\":{\"nextEl\":\"#gutenslider-78acz797a .eedee-gutenslider-next\",\"prevEl\":\"#gutenslider-78acz797a .eedee-gutenslider-prev\"},\"pagination\":{\"type\":\"bullets\",\"clickable\":true,\"dynamicBullets\":false,\"el\":\"#gutenslider-78acz797a .eedee-gutenslider-pagination\"},\"pauseOnHover\":\"1\",\"watchSlidesProgress\":true,\"watchSlidesVisibility\":true,\"settingsMd\":{\"autoHeight\":\"1\",\"slidesPerView\":1,\"slidesPerGroup\":1,\"spaceBetween\":0,\"loop\":true},\"settingsLg\":{\"autoHeight\":\"1\",\"slidesPerView\":1,\"slidesPerGroup\":1,\"spaceBetween\":0,\"loop\":true},\"hasLg\":false,\"hasLgCounter\":true,\"isFullScreen\":false,\"arrowsFollowMouse\":false,\"lgTitle\":\"none\",\"lgCaption\":\"none\",\"lgThumbnails\":true,\"lgZoomEnabled\":false,\"keyboard\":{\"keyboard\":{\"enabled\":true,\"onlyInViewport\":true}},\"hashNavigation\":false,\"dividers\":false}'><div class=\"swiper-wrapper\">\n<div class=\"swiper-slide wp-block-eedee-block-gutenslide is-position-center-center ed-bg-image\" style=\"--ed-vw:300;--ed-vh:161;\" data-hash=\"\"><div class=\"eedee-background-div bg-image\"><img fetchpriority=\"high\" width=\"840\" height=\"452\" class=\"wp-image-59143\" src=\"https:\/\/elsurti.com\/wp-content\/uploads\/2022\/07\/slide1.jpg\" alt=\"\" decoding=\"async\" style=\"object-fit: cover; object-position: 50% 50%;\"  data-title=\"slide1\" srcset=\"https:\/\/elsurti.com\/wp-content\/uploads\/2022\/07\/slide1.jpg 840w, https:\/\/elsurti.com\/wp-content\/uploads\/2022\/07\/slide1-300x161.jpg 300w, https:\/\/elsurti.com\/wp-content\/uploads\/2022\/07\/slide1-768x413.jpg 768w, https:\/\/elsurti.com\/wp-content\/uploads\/2022\/07\/slide1-18x10.jpg 18w\" sizes=\"(max-width: 840px) 100vw, 840px\" \/><div class=\"eedee-background-div__overlay\" style=\"opacity:1;\"><\/div><\/div><div class=\"slide-content\">\n\n<p class=\"has-text-align-center gutenslider-content-initial has-larger-font-size\"><\/p>\n\n<\/div><\/div>\n\n<div class=\"swiper-slide wp-block-eedee-block-gutenslide is-position-center-center ed-bg-image\" style=\"--ed-vw:300;--ed-vh:143;\" data-hash=\"\"><div class=\"eedee-background-div bg-image\"><img width=\"1022\" height=\"487\" class=\"wp-image-59144\" src=\"https:\/\/elsurti.com\/wp-content\/uploads\/2022\/07\/slide2.jpg\" alt=\"\" decoding=\"async\" style=\"object-fit: cover; object-position: 50% 50%;\"  data-title=\"slide2\" srcset=\"https:\/\/elsurti.com\/wp-content\/uploads\/2022\/07\/slide2.jpg 1022w, https:\/\/elsurti.com\/wp-content\/uploads\/2022\/07\/slide2-300x143.jpg 300w, https:\/\/elsurti.com\/wp-content\/uploads\/2022\/07\/slide2-768x366.jpg 768w, https:\/\/elsurti.com\/wp-content\/uploads\/2022\/07\/slide2-18x9.jpg 18w\" sizes=\"(max-width: 1022px) 100vw, 1022px\" \/><div class=\"eedee-background-div__overlay\" style=\"opacity:1;\"><\/div><\/div><div class=\"slide-content\">\n\n<p class=\"has-text-align-center gutenslider-content-initial has-larger-font-size\"><\/p>\n\n<\/div><\/div>\n\n<div class=\"swiper-slide wp-block-eedee-block-gutenslide is-position-center-center ed-bg-image\" style=\"--ed-vw:300;--ed-vh:174;\" data-hash=\"\"><div class=\"eedee-background-div bg-image\"><img width=\"815\" height=\"472\" class=\"wp-image-59145\" src=\"https:\/\/elsurti.com\/wp-content\/uploads\/2022\/07\/slide3.jpg\" alt=\"\" decoding=\"async\" style=\"object-fit: cover; object-position: 50% 50%;\"  data-title=\"slide3\" srcset=\"https:\/\/elsurti.com\/wp-content\/uploads\/2022\/07\/slide3.jpg 815w, https:\/\/elsurti.com\/wp-content\/uploads\/2022\/07\/slide3-300x174.jpg 300w, https:\/\/elsurti.com\/wp-content\/uploads\/2022\/07\/slide3-768x445.jpg 768w, https:\/\/elsurti.com\/wp-content\/uploads\/2022\/07\/slide3-18x10.jpg 18w\" sizes=\"(max-width: 815px) 100vw, 815px\" \/><div class=\"eedee-background-div__overlay\" style=\"opacity:1;\"><\/div><\/div><div class=\"slide-content\">\n\n<p class=\"has-text-align-center gutenslider-content-initial has-larger-font-size\"><\/p>\n\n<\/div><\/div>\n<\/div><\/div><button class=\"eedee-gutenslider-nav eedee-gutenslider-prev\"><svg xmlns=\"http:\/\/www.w3.org\/2000\/svg\" viewbox=\"0 0 24 24\" width=\"24\" height=\"24\"><circle class=\"bg\" cx=\"13\" cy=\"12\" r=\"11\" \/><path fill=\"none\" d=\"M0 0h24v24H0z\"\/><path class=\"arrow\" d=\"M10.828 12l4.95 4.95-1.414 1.414L8 12l6.364-6.364 1.414 1.414z\"\/><\/svg><\/button><button class=\"eedee-gutenslider-nav eedee-gutenslider-next\"><svg xmlns=\"http:\/\/www.w3.org\/2000\/svg\" viewbox=\"0 0 24 24\" width=\"24\" height=\"24\"><circle class=\"bg\" cx=\"11\" cy=\"12\" r=\"11\" \/><path fill=\"none\" d=\"M0 0h24v24H0z\"\/><path class=\"arrow\" d=\"M13.172 12l-4.95-4.95 1.414-1.414L16 12l-6.364 6.364-1.414-1.414z\"\/><\/svg><\/button><div class=\"eedee-gutenslider-pagination\"><\/div><div class=\"gutenslider-divider-bottom\" style=\"color:#fff;\"><\/div><\/div><\/div>\n\n\n<p class=\"has-text-align-center\"><em>Modificaciones planteadas por Patria Querida a la ley. La eliminaci\u00f3n del mandato de transicionar hacia motos el\u00e9ctricas fue incluida tras nota de CIPAMA<\/em><\/p>\n\n\n\n<p>La ley original contemplaba, por ejemplo, que los beneficios solo fueran para veh\u00edculos impulsados con \u201cenerg\u00eda cien por ciento el\u00e9ctrica, o con tecnolog\u00eda de cero emisiones y que no contenga motor de combusti\u00f3n\u201d. Esto fue modificado a instancias de la bancada de Patria Querida en diciembre de 2021 antes de su aprobaci\u00f3n en el Senado, donde se incluy\u00f3 como beneficiarios tambi\u00e9n a los \u201cveh\u00edculos h\u00edbridos que poseen como una de sus fuentes de movilidad un motor a energ\u00eda el\u00e9ctrica, adem\u00e1s del motor a combusti\u00f3n\u201d.&nbsp;<\/p>\n\n\n\n<p>Esta modificaci\u00f3n se bas\u00f3, por un lado, en el inter\u00e9s de la C\u00e1mara de Distribuidores de Automotores y Maquinarias (CADAM) pero tambi\u00e9n en recomendaciones producidas por el Centro de Recursos Naturales, Energ\u00eda y Desarrollo (CRECE), un think tank especializado en el tema &#8211; y cercano a Patria Querida a trav\u00e9s de uno de sus miembros, Sebasti\u00e1n Acha.<\/p>\n\n\n\n<p>En una nota dirigida al Senado en octubre de 2021, Cecilia Llamosas, investigadora y directora de CRECE, recomendaba la inclusi\u00f3n de h\u00edbridos argumentando la necesidad de crear en el mercado \u201cfamiliaridad con la tecnolog\u00eda\u201d, <strong>disminuir el impacto para las empresas que hoy comercializan combustibles f\u00f3siles <\/strong>y<strong> que un aumento s\u00fabito en veh\u00edculos el\u00e9ctricos no podr\u00eda ser soportado por nuestra infraestructura actual.&nbsp;<\/strong><\/p>\n\n\n\n<p>Patria Querida tambi\u00e9n modific\u00f3 detalles que hab\u00edan sido consensuados en comisiones del Senado, agregando entre beneficiarios a veh\u00edculos de alta gama y eliminando todo un cap\u00edtulo que obligaba a la sustituci\u00f3n progresiva de la importaci\u00f3n y fabricaci\u00f3n de motocicletas movidas por combustibles f\u00f3siles a aquellas movidas a electricidad. Esta \u00faltima modificaci\u00f3n benefici\u00f3 a la C\u00e1mara de Industrial Paraguaya de Motocicletas y Automotores (CIPAMA) que una semana antes hab\u00eda exigido la eliminaci\u00f3n de esos art\u00edculos en una nota al Senado.<\/p>\n\n\n\n<h3 class=\"wp-block-heading\">\u00bfQu\u00e9 tan v\u00e1lidas son las razones de Abdo para vetar la ley?<\/h3>\n\n\n\n<p>A trav\u00e9s del <a href=\"http:\/\/www.gacetaoficial.gov.py\/index\/getDocumento\/76218\" target=\"_blank\" rel=\"noreferrer noopener\">decreto 7364 del 8 de julio de 2022<\/a>, Mario Abdo vet\u00f3 totalmente la ley de promoci\u00f3n a movilidad el\u00e9ctrica. El presidente bas\u00f3 su veto en opiniones de distintos entes del Ejecutivo sobre varios art\u00edculos. La primera objeci\u00f3n dada por la Subsecretar\u00eda de Estado de Tributaci\u00f3n (SET) <strong>es que al incluir a veh\u00edculos h\u00edbridos \u201cse va contra la finalidad de la misma ley, puesto que estos veh\u00edculos (&#8230;) cuentan con motores que emiten gases de efecto invernadero\u201d.&nbsp;<\/strong><\/p>\n\n\n\n<p>La SET argumenta que tambi\u00e9n contraviene lo dispuesto por la reforma tributaria de 2020, que busc\u00f3 eliminar los beneficios fiscales a \u201cdeterminados sectores o actividades\u201d, en concordancia con lo que varios organismos internacionales, como el <a rel=\"noreferrer noopener\" href=\"https:\/\/www.economia.gov.py\/application\/files\/7515\/6641\/5140\/BIRF_Diagnostico_Sistematico_de_Paraguay-2018.pdf\" target=\"_blank\">Banco Mundial<\/a> y el <a rel=\"noreferrer noopener\" href=\"https:\/\/www.imf.org\/en\/Publications\/CR\/Issues\/2022\/06\/16\/Paraguay-2022-Article-IV-Consultation-Press-Release-and-Staff-Report-519691\" target=\"_blank\">Fondo Monetario Internacional<\/a>, vienen recomendando: el Estado paraguayo ya tiene los impuestos m\u00e1s bajos de la regi\u00f3n y pierde demasiada plata en beneficios tributarios dispuestos sin un verdadero an\u00e1lisis de si funcionan.<\/p>\n\n\n<div id=\"gutenslider-qar3e9byv\" class=\"wp-block-eedee-block-gutenslider gs-frontend content-change alignnone adaptive-height adaptive-height-md adaptive-height-sm arrow-style-1 arrow-position-sides arrow-mb-none arrows-lg arrows-md arrows-sm dot-style-1 dots-lg dots-md dots-sm dot-position-bottom is-position-center-center mb-none wrap-auto-height\" data-parallax-direction=\"down\" data-parallax-amount=\"1.3\" data-lg-transition=\"lg-slide\" data-hash=\"\" ><div class=\"eedee-swiper-outer\" style=\"--gutenslider-min-height: 50vh;--gutenslider-arrow-size: 30px;--gutenslider-dot-size: 25px;--gutenslider-arrow-color: #ffffff;--gutenslider-dot-color: #ffffff;--gutenslider-padding-y-mobile: 40px;--gutenslider-padding-x-mobile: 40px;--gutenslider-padding-y-tablet: 40px;--gutenslider-padding-x-tablet: 40px;--gutenslider-padding-y-desktop: 40px;--gutenslider-padding-x-desktop: 40px;--gutenslider-bg-image: url();--gutenslider-min-height-md: 50vh;--gutenslider-min-height-sm: 50vh;--gutenslider-padding-x: 40px;--gutenslider-padding-x-md: 40px;--gutenslider-padding-x-sm: 20px;--gutenslider-padding-y: 40px;--gutenslider-padding-y-md: 40px;--gutenslider-padding-y-sm: 20px;--gutenslider-arrow-size-md: 30px;--gutenslider-arrow-size-sm: 30px;--gutenslider-dot-size-md: 25px;--gutenslider-dot-size-sm: 25px;--gutenslider-arrow-bg-color: transparent;--gutenslider-arrow-hover-color: #eeeeee;--gutenslider-arrow-bg-hover-color: transparent;--gutenslider-arrow-x-offset: 10px;--gutenslider-arrow-x-offset-md: 10px;--gutenslider-arrow-x-offset-sm: 10px;--gutenslider-arrow-y-offset: 0px;--gutenslider-arrow-y-offset-md: 0px;--gutenslider-arrow-y-offset-sm: 0px;--gutenslider-arrow-x-spacing: 0px;--gutenslider-dot-y-offset: 10px;--gutenslider-dot-y-offset-md: 10px;--gutenslider-dot-y-offset-sm: 10px;--gutenslider-margin-x: 0px;--gutenslider-margin-x-md: 0px;--gutenslider-margin-x-sm: 0px;--gutenslider-margin-y: 0px;--gutenslider-margin-y-md: 0px;--gutenslider-margin-y-sm: 0px;--gutenslider-divider-top: 60px;--gutenslider-divider-bottom: 60px;--gutenslider-lightgallery-bg: #ffffff;--gutenslider-lightgallery-font: #000000;--gs-first-pos: 50% 50%;--gs-gap-vertical: var( --wp--style--gallery-gap-default, var( --gallery-block--gutter-size, var( --wp--style--block-gap, 0.5em ) ) );--gs-gap-horizontal: var( --wp--style--gallery-gap-default, var( --gallery-block--gutter-size, var( --wp--style--block-gap, 0.5em ) ) );\"><div class=\"gutenslider-divider-top\" style=\"color:#fff;\"><\/div><div class=\"swiper\" data-settings='{\"autoplay\":{\"delay\":3000,\"pauseOnMouseEnter\":true,\"disableOnInteraction\":false},\"speed\":700,\"direction\":\"horizontal\",\"autoHeight\":\"1\",\"loop\":true,\"centeredSlides\":true,\"spaceBetween\":0,\"slidesPerView\":1,\"slidesPerGroup\":1,\"effect\":\"slide\",\"coverflowEffect\":{\"rotate\":30,\"slideShadows\":false,\"depth\":100,\"stretch\":50,\"modifier\":1},\"fadeEffect\":{\"crossFade\":true},\"zoom\":\"\",\"navigation\":{\"nextEl\":\"#gutenslider-qar3e9byv .eedee-gutenslider-next\",\"prevEl\":\"#gutenslider-qar3e9byv .eedee-gutenslider-prev\"},\"pagination\":{\"type\":\"bullets\",\"clickable\":true,\"dynamicBullets\":false,\"el\":\"#gutenslider-qar3e9byv .eedee-gutenslider-pagination\"},\"pauseOnHover\":\"1\",\"watchSlidesProgress\":true,\"watchSlidesVisibility\":true,\"settingsMd\":{\"autoHeight\":\"1\",\"slidesPerView\":1,\"slidesPerGroup\":1,\"spaceBetween\":0,\"loop\":true},\"settingsLg\":{\"autoHeight\":\"1\",\"slidesPerView\":1,\"slidesPerGroup\":1,\"spaceBetween\":0,\"loop\":true},\"hasLg\":false,\"hasLgCounter\":true,\"isFullScreen\":false,\"arrowsFollowMouse\":false,\"lgTitle\":\"none\",\"lgCaption\":\"none\",\"lgThumbnails\":true,\"lgZoomEnabled\":false,\"keyboard\":{\"keyboard\":{\"enabled\":true,\"onlyInViewport\":true}},\"hashNavigation\":false,\"dividers\":false}'><div class=\"swiper-wrapper\">\n<div class=\"swiper-slide wp-block-eedee-block-gutenslide is-position-center-center ed-bg-image\" style=\"--ed-vw:300;--ed-vh:209;\" data-hash=\"\"><div class=\"eedee-background-div bg-image\"><img loading=\"lazy\" width=\"790\" height=\"551\" class=\"wp-image-59146\" src=\"https:\/\/elsurti.com\/wp-content\/uploads\/2022\/07\/slide4.jpg\" alt=\"\" decoding=\"async\" style=\"object-fit: cover; object-position: 50% 50%;\"  data-title=\"slide4\" srcset=\"https:\/\/elsurti.com\/wp-content\/uploads\/2022\/07\/slide4.jpg 790w, https:\/\/elsurti.com\/wp-content\/uploads\/2022\/07\/slide4-300x209.jpg 300w, https:\/\/elsurti.com\/wp-content\/uploads\/2022\/07\/slide4-768x536.jpg 768w, https:\/\/elsurti.com\/wp-content\/uploads\/2022\/07\/slide4-18x12.jpg 18w\" sizes=\"(max-width: 790px) 100vw, 790px\" \/><div class=\"eedee-background-div__overlay\" style=\"opacity:1;\"><\/div><\/div><div class=\"slide-content\">\n\n<p class=\"has-text-align-center gutenslider-content-initial has-larger-font-size\"><\/p>\n\n<\/div><\/div>\n\n<div class=\"swiper-slide wp-block-eedee-block-gutenslide is-position-center-center ed-bg-image\" style=\"--ed-vw:300;--ed-vh:212;\" data-hash=\"\"><div class=\"eedee-background-div bg-image\"><img loading=\"lazy\" width=\"769\" height=\"543\" class=\"wp-image-59147\" src=\"https:\/\/elsurti.com\/wp-content\/uploads\/2022\/07\/slide5.jpg\" alt=\"\" decoding=\"async\" style=\"object-fit: cover; object-position: 50% 50%;\"  data-title=\"slide5\" srcset=\"https:\/\/elsurti.com\/wp-content\/uploads\/2022\/07\/slide5.jpg 769w, https:\/\/elsurti.com\/wp-content\/uploads\/2022\/07\/slide5-300x212.jpg 300w, https:\/\/elsurti.com\/wp-content\/uploads\/2022\/07\/slide5-18x12.jpg 18w\" sizes=\"(max-width: 769px) 100vw, 769px\" \/><div class=\"eedee-background-div__overlay\" style=\"opacity:1;\"><\/div><\/div><div class=\"slide-content\">\n\n<p class=\"has-text-align-center gutenslider-content-initial has-larger-font-size\"><\/p>\n\n<\/div><\/div>\n<\/div><\/div><button class=\"eedee-gutenslider-nav eedee-gutenslider-prev\"><svg xmlns=\"http:\/\/www.w3.org\/2000\/svg\" viewbox=\"0 0 24 24\" width=\"24\" height=\"24\"><circle class=\"bg\" cx=\"13\" cy=\"12\" r=\"11\" \/><path fill=\"none\" d=\"M0 0h24v24H0z\"\/><path class=\"arrow\" d=\"M10.828 12l4.95 4.95-1.414 1.414L8 12l6.364-6.364 1.414 1.414z\"\/><\/svg><\/button><button class=\"eedee-gutenslider-nav eedee-gutenslider-next\"><svg xmlns=\"http:\/\/www.w3.org\/2000\/svg\" viewbox=\"0 0 24 24\" width=\"24\" height=\"24\"><circle class=\"bg\" cx=\"11\" cy=\"12\" r=\"11\" \/><path fill=\"none\" d=\"M0 0h24v24H0z\"\/><path class=\"arrow\" d=\"M13.172 12l-4.95-4.95 1.414-1.414L16 12l-6.364 6.364-1.414-1.414z\"\/><\/svg><\/button><div class=\"eedee-gutenslider-pagination\"><\/div><div class=\"gutenslider-divider-bottom\" style=\"color:#fff;\"><\/div><\/div><\/div>\n\n\n<p class=\"has-text-align-center\"><em>Argumentos del Centro de Recursos Naturales, Energ\u00eda y Desarrollo para incluir veh\u00edculos h\u00edbridos<\/em><\/p>\n\n\n\n<p>La economista Ver\u00f3nica Serafini cita que un ejemplo de esto es la reducci\u00f3n de impuestos a combustibles, que no se tradujo en bajas significativas al consumidor final. \u201cLas reducciones de IVA son regresivas y en este caso benefician a importadores, no necesariamente a consumidores\u201d. Sin embargo, se\u00f1ala que&nbsp; siguen existiendo en Paraguay otros sectores beneficiados con exenciones espec\u00edficas, como la ley de incentivo a inversiones extranjeras, <a href=\"https:\/\/www.decidamos.org.py\/wp-content\/uploads\/2020\/05\/INCENTIVOS-A-LA-INVERSIO%CC%81N-19mayo.pdf\" target=\"_blank\" rel=\"noreferrer noopener\">seg\u00fan explica en un informe en coautor\u00eda con la investigadora Clara de Iturbe<\/a>. All\u00ed, ambas autoras se\u00f1alan que los impuestos no son solo mecanismos para recaudar<strong>, sino modos genuinos del Estado para incentivar o no actividades<\/strong>, siendo un ejemplo claro el consumo de tabaco.<\/p>\n\n\n\n<p>Otra instituci\u00f3n que argument\u00f3 a favor del veto es el Banco Central del Paraguay, quen rechaz\u00f3 la intenci\u00f3n del Congreso de decidir en qu\u00e9 sectores instituciones como la AFD y el BNF deben dar cr\u00e9ditos blandos. Seg\u00fan el BCP, ambas entidades de la banca p\u00fablica son \u201csoberanas en la determinaci\u00f3n de las condiciones de financiamiento\u201d&nbsp; y que las tasas de intereses para pr\u00e9stamos \u201cest\u00e1n libradas a la oferta y la demanda\u201d.<\/p>\n\n\n\n<p>Serafini est\u00e1 en desacuerdo con el BCP. Para la economista \u201cel Estado puede definir acciones estrat\u00e9gicas que pueden ser financiadas por la banca p\u00fablica, as\u00ed como de hecho se definen las prioridades de AFD\u201d que por ejemplo, <a href=\"https:\/\/www.afd.gov.py\/producto\/procampo\" target=\"_blank\" rel=\"noreferrer noopener\">si da cr\u00e9ditos blandos a ganaderos.<\/a><\/p>\n\n\n\n<p>Por \u00faltimo, el Ministerio de Industria y Comercio critica que los beneficios al ser exclusivos para importadores &#8211; como el Grupo Timbo, de Alejandro Zuccolillo &#8211;&nbsp; \u201cdesalentar\u00e1n toda posibilidad de una industria nacional automotriz el\u00e9ctrica\u201d, el MOPC se niega a ser la entidad rectora de la ley y la Secretar\u00eda T\u00e9cnica de Planificaci\u00f3n (STP) se queja de no haber sido considerada.<\/p>\n\n\n\n<h3 class=\"wp-block-heading\">Oposici\u00f3n buscar\u00e1 revertir veto. Ejecutivo anuncia proyecto alternativo<\/h3>\n\n\n\n<p>En entrevista con El Surti, el diputado Sebasti\u00e1n Garc\u00eda (PQ) <strong>afirm\u00f3 que buscar\u00e1n revertir el veto del presidente Abdo en el Congreso<\/strong>. \u201cCre\u00edamos que esta ley era una posibilidad para Abdo de cerrar con una buena nota su \u00faltimo a\u00f1o. Pero parece que primaron los mismos intereses que sostuvieron todo su gobierno\u201d. Consultado sobre si cre\u00eda que lobbies como el de importadoras de combustibles u obras p\u00fablicas podr\u00edan haber influenciado la decisi\u00f3n del presidente, Garc\u00eda respondi\u00f3 que \u201cpuede ser, ahora mismo no me son\u00f3 todav\u00eda ninguna alarma, pero no me extra\u00f1ar\u00eda\u201d.&nbsp;<\/p>\n\n\n\n<p>El diputado defendi\u00f3 la inclusi\u00f3n de veh\u00edculos h\u00edbridos dispuesta por su partido citando los argumentos de CRECE y critic\u00f3 adem\u00e1s la posici\u00f3n de la STP que \u201cestuvo ausente en todo el proceso\u201d. \u201cPens\u00e1bamos que al ser un proyecto propuesto por un senador colorado el gobierno iba a aprobar. <strong>Esto era un peque\u00f1o paso sobre todo para avanzar en el transporte p\u00fablico el\u00e9ctrico, que era el principal objetivo<\/strong>\u201d.<\/p>\n\n\n\n<figure class=\"wp-block-image size-full is-resized\"><img loading=\"lazy\" decoding=\"async\" src=\"https:\/\/elsurti.com\/wp-content\/uploads\/2022\/07\/veto.jpg\" alt=\"\" class=\"wp-image-59157\" width=\"841\" height=\"503\" srcset=\"https:\/\/elsurti.com\/wp-content\/uploads\/2022\/07\/veto.jpg 953w, https:\/\/elsurti.com\/wp-content\/uploads\/2022\/07\/veto-300x179.jpg 300w, https:\/\/elsurti.com\/wp-content\/uploads\/2022\/07\/veto-768x459.jpg 768w, https:\/\/elsurti.com\/wp-content\/uploads\/2022\/07\/veto-18x12.jpg 18w\" sizes=\"(max-width: 841px) 100vw, 841px\" \/><\/figure>\n\n\n\n<figure class=\"wp-block-image size-full is-resized\"><img loading=\"lazy\" decoding=\"async\" src=\"https:\/\/elsurti.com\/wp-content\/uploads\/2022\/07\/veto2.jpg\" alt=\"\" class=\"wp-image-59158\" width=\"892\" height=\"611\" srcset=\"https:\/\/elsurti.com\/wp-content\/uploads\/2022\/07\/veto2.jpg 771w, https:\/\/elsurti.com\/wp-content\/uploads\/2022\/07\/veto2-300x205.jpg 300w, https:\/\/elsurti.com\/wp-content\/uploads\/2022\/07\/veto2-768x526.jpg 768w, https:\/\/elsurti.com\/wp-content\/uploads\/2022\/07\/veto2-18x12.jpg 18w\" sizes=\"(max-width: 892px) 100vw, 892px\" \/><\/figure>\n\n\n\n<p class=\"has-text-align-center\"><em>Fragmento del veto de Abdo.<\/em><\/p>\n\n\n\n<p>Consultada sobre el veto, la senadora por el Frente Guas\u00fa y presidenta de la Concertaci\u00f3n, Esperanza Mart\u00ednez, dijo que los argumentos del veto de Abdo \u201cconfirman lo que ya sabemos. En m\u00e1s de 75 a\u00f1os de gobierno de esta c\u00fapula mafiosa que domina a la ANR no ha hecho nada para que usemos nuestra energ\u00eda y tengamos un transporte de calidad para la ciudadan\u00eda\u201d. Tambi\u00e9n critic\u00f3 que si el problema eran los beneficios tributarios \u201cse hubiera hecho un veto parcial\u201d. <a href=\"http:\/\/silpy.congreso.gov.py\/expediente\/122269\" data-type=\"URL\" data-id=\"http:\/\/silpy.congreso.gov.py\/expediente\/122269\" target=\"_blank\" rel=\"noreferrer noopener\">El Frente Guas\u00fa y Patria Querida lograron que el Senado rechace el veto de Abdo en la sesi\u00f3n del 06\/09.<\/a><\/p>\n\n\n\n<p>Los precandidatos a diputados por Asunci\u00f3n por la Concertaci\u00f3n Johanna Ortega y Federico Enciso tambi\u00e9n criticaron el veto. Ortega (Pa\u00eds Solidario), considera que el veto \u201cdemuestra el poco inter\u00e9s del Ejecutivo en plantear pol\u00edticas alternativas\u201d ante la crisis econ\u00f3mica y clim\u00e1tica que tiene como una de sus causas la dependencia a combustibles f\u00f3siles. \u201cEntiendo que hay sectores que tienen inter\u00e9s econ\u00f3mico, pero esto es algo que tiene que convocar a toda la ciudadan\u00eda, a los municipios\u201d. Para Ortega, la clave m\u00e1s all\u00e1 de la ley es <strong>\u201capostar por proyectos de movilidad el\u00e9ctrica colectiva, no individual, como lo fue en su momento el Metrob\u00fas\u201d.<\/strong><\/p>\n\n\n\n<p>Federico Enciso (PLRA) dijo que \u201csi hab\u00eda cr\u00edticas o detalles a mejorar en la ley, se deber\u00eda haber dado un veto parcial, no total\u201d sobre todo por el impacto en la poblaci\u00f3n m\u00e1s joven del costo y servicio actual de transporte. \u201cM\u00e1s all\u00e1 de las posiciones comunes de la Concertaci\u00f3n,<strong> mis propuestas como candidato van a ser centradas en lograr un transporte p\u00fablico el\u00e9ctrico\u201d.<\/strong><\/p>\n\n\n\n<p>Por su parte, en entrevista con <a rel=\"noreferrer noopener\" href=\"https:\/\/monumental.com.py\/va-con-onda\/13\/07\/2022\/ministra-justifica-veto-del-ejecutivo-a-ley-de-incentivo-del-transporte-electrico\/\" target=\"_blank\">Radio Monumental<\/a>, la ministra de la STP Viviana Casco, defendi\u00f3 el veto aduciendo que \u201cse hab\u00eda trabajado (con el Congreso) sobre las dificultades identificadas en el proyecto\u201d pero que \u201cestas consideraciones no fueron incorporadas\u201d. Casco tambi\u00e9n se\u00f1al\u00f3 que varios beneficios impositivos ya est\u00e1n considerados en leyes anteriores. La ministra tambi\u00e9n dijo que \u201ccon el MIC estamos trabajando en un proyecto con t\u00e9cnicos de Corea\u201d y que la idea es que <strong>el Ejecutivo lo presente en agosto.<\/strong><\/p>\n\n\n\n<p class=\"has-text-align-center\" style=\"font-size:16px\"><em>Este reportaje se hizo con la colaboraci\u00f3n de la <\/em><a href=\"http:\/\/surti.do\/sumate-a-futuros\"><em>Comunidad #Futuros en Discord<\/em><\/a>.<br><em>Agradecimientos a fede#7635, Shiro#9113 y Shinken_otacon#2479<\/em>.<\/p>","protected":false},"excerpt":{"rendered":"<p>Las razones v\u00e1lidas, las mentiras, los lobbies detr\u00e1s de la ley de promoci\u00f3n de transporte el\u00e9ctrico y el veto de Abdo.<\/p>","protected":false},"author":8,"featured_media":59150,"template":"single-reportaje.php","tags":[183],"fenomeno":[67],"tema":[76,250],"acf":[],"_links":{"self":[{"href":"https:\/\/elsurti.com\/pt\/wp-json\/wp\/v2\/reportaje\/59142"}],"collection":[{"href":"https:\/\/elsurti.com\/pt\/wp-json\/wp\/v2\/reportaje"}],"about":[{"href":"https:\/\/elsurti.com\/pt\/wp-json\/wp\/v2\/types\/reportaje"}],"author":[{"embeddable":true,"href":"https:\/\/elsurti.com\/pt\/wp-json\/wp\/v2\/users\/8"}],"version-history":[{"count":11,"href":"https:\/\/elsurti.com\/pt\/wp-json\/wp\/v2\/reportaje\/59142\/revisions"}],"predecessor-version":[{"id":64881,"href":"https:\/\/elsurti.com\/pt\/wp-json\/wp\/v2\/reportaje\/59142\/revisions\/64881"}],"wp:featuredmedia":[{"embeddable":true,"href":"https:\/\/elsurti.com\/pt\/wp-json\/wp\/v2\/media\/59150"}],"wp:attachment":[{"href":"https:\/\/elsurti.com\/pt\/wp-json\/wp\/v2\/media?parent=59142"}],"wp:term":[{"taxonomy":"post_tag","embeddable":true,"href":"https:\/\/elsurti.com\/pt\/wp-json\/wp\/v2\/tags?post=59142"},{"taxonomy":"fenomeno","embeddable":true,"href":"https:\/\/elsurti.com\/pt\/wp-json\/wp\/v2\/fenomeno?post=59142"},{"taxonomy":"tema","embeddable":true,"href":"https:\/\/elsurti.com\/pt\/wp-json\/wp\/v2\/tema?post=59142"}],"curies":[{"name":"wp","href":"https:\/\/api.w.org\/{rel}","templated":true}]}}