{"id":65420,"date":"2024-06-11T17:36:13","date_gmt":"2024-06-11T21:36:13","guid":{"rendered":"https:\/\/elsurti.com\/?post_type=reportaje&#038;p=65420"},"modified":"2024-06-12T08:24:50","modified_gmt":"2024-06-12T12:24:50","slug":"la-pista-clandestina-en-una-reserva-natural-del-chaco","status":"publish","type":"reportaje","link":"https:\/\/elsurti.com\/pt\/futuros\/reportaje\/2024\/06\/12\/la-pista-clandestina-de-ultranza-py\/","title":{"rendered":"La pista clandestina en una reserva natural del Chaco\u00a0"},"content":{"rendered":"<p>El mayor operativo contra el narcotr\u00e1fico en Paraguay inici\u00f3 hace m\u00e1s de dos a\u00f1os y sacudi\u00f3 la pol\u00edtica local al revelar c\u00f3mo el crimen organizado ha penetrado lugares comunes como el f\u00fatbol hasta las m\u00e1s altas esferas de gobierno. Un diputado colorado, Juan Carlos Ozorio, y el ex ministro de Emergencia, Joaqu\u00edn Roa, fueron procesados en el marco de este operativo conocido como <em>A Ultranza Py<\/em>. La justicia apunta al senador Erico Galeano como colaborador del esquema criminal investigado. Pero la acusaci\u00f3n m\u00e1s reciente de la Fiscal\u00eda paraguaya muestra una faceta hasta ahora poco conocida del caso: <strong>el uso de una reserva natural en el Chaco para instalar una pista clandestina por donde se mov\u00edan cargamentos de droga.&nbsp;<\/strong><\/p>\n\n\n\n<p>Seg\u00fan la acusaci\u00f3n del fiscal Deny Pak, el grupo liderado por Miguel \u00c1ngel Insfr\u00e1n Galeano, alias T\u00edo Rico, y el uruguayo Sebasti\u00e1n Marset, <strong>ingresaba coca\u00edna al territorio paraguayo a trav\u00e9s de la Reserva Natural Cerro Cabrera<\/strong> <strong>&#8211; Timane,<\/strong> un remanente boscoso de unas 125.061 hect\u00e1reas en la regi\u00f3n Occidental. El establecimiento est\u00e1 ubicado en el distrito de Bah\u00eda Negra, en el departamento de Alto Paraguay, a unos pocos kil\u00f3metros de la frontera con Bolivia.&nbsp;<\/p>\n\n\n\n<figure class=\"wp-block-image size-large\"><img fetchpriority=\"high\" decoding=\"async\" width=\"1024\" height=\"663\" src=\"https:\/\/elsurti.com\/wp-content\/uploads\/2024\/06\/WhatsApp-Image-2024-06-04-at-13.15.40-1-1-1-1024x663.jpeg\" alt=\"\" class=\"wp-image-65425\" srcset=\"https:\/\/elsurti.com\/wp-content\/uploads\/2024\/06\/WhatsApp-Image-2024-06-04-at-13.15.40-1-1-1-1024x663.jpeg 1024w, https:\/\/elsurti.com\/wp-content\/uploads\/2024\/06\/WhatsApp-Image-2024-06-04-at-13.15.40-1-1-1-300x194.jpeg 300w, https:\/\/elsurti.com\/wp-content\/uploads\/2024\/06\/WhatsApp-Image-2024-06-04-at-13.15.40-1-1-1-768x497.jpeg 768w, https:\/\/elsurti.com\/wp-content\/uploads\/2024\/06\/WhatsApp-Image-2024-06-04-at-13.15.40-1-1-1-50x32.jpeg 50w, https:\/\/elsurti.com\/wp-content\/uploads\/2024\/06\/WhatsApp-Image-2024-06-04-at-13.15.40-1-1-1-18x12.jpeg 18w, https:\/\/elsurti.com\/wp-content\/uploads\/2024\/06\/WhatsApp-Image-2024-06-04-at-13.15.40-1-1-1.jpeg 1083w\" sizes=\"(max-width: 1024px) 100vw, 1024px\" \/><figcaption class=\"wp-element-caption\"><em>Imagen de la pista clandestina en la Reserva Cerro Cabrera &#8211; Timane en el Chaco paraguayo<\/em>.<\/figcaption><\/figure>\n\n\n\n<p>Seg\u00fan la Fiscal\u00eda, entre 2020 y 2021 se registraron al menos <strong>961 vuelos desde la pista <\/strong>en la reserva a diferentes puntos registrados en el esquema criminal montado, como empresas, establecimientos ganaderos y estancias.&nbsp;<\/p>\n\n\n\n<p>En la \u00faltima acusaci\u00f3n, el fiscal Pak asegura que el senador Erico Galeano facilit\u00f3 las operaciones del grupo de Insfr\u00e1n Galeano varias veces. Para Pak, el cartista inyect\u00f3 al sistema financiero paraguayo los millones de d\u00f3lares que el grupo recib\u00eda por la venta de drogas.<strong> Tambi\u00e9n prest\u00f3 su avioneta para trasladar varias veces a Marset, el l\u00edder del Primer Cartel Uruguayo (PCU).<\/strong><\/p>\n\n\n\n<h3 class=\"wp-block-heading\">Los antecedentes de la mayor operaci\u00f3n contra el narco en Paraguay<\/h3>\n\n\n\n<p>De forma oficial los operativos de <em>A Ultranza Py<\/em> arrancaron en febrero de 2022 con una serie de allanamientos simult\u00e1neos, pero la investigaci\u00f3n se origin\u00f3 a\u00f1os antes. El caso que le da inicio sucedi\u00f3 el 18 de junio de 2020, cuando un cargamento de poco m\u00e1s de 1.000 kilos de coca\u00edna fue decomisado en el puerto de Amberes, B\u00e9lgica, dentro de un contenedor que sali\u00f3 de puerto Seguro, en Villeta.&nbsp;<\/p>\n\n\n\n<p>Tras esta incautaci\u00f3n, autoridades paraguayas, en coordinaci\u00f3n con agentes de la Interpol, de la Polic\u00eda Europea y agentes antinarc\u00f3ticos de la DEA, hicieron un seguimiento a las conexiones de las empresas encargadas del cargamento de Amberes.&nbsp;<\/p>\n\n\n\n<p>Las autoridades lograron incautar otros <a href=\"https:\/\/www.abc.com.py\/nacionales\/2024\/05\/26\/enviaban-cocaina-entre-arroz-soja-cuero-y-carbon\/\">19.898 kilos de cargas de coca\u00edna en distintos lugares<\/a>. Las incautaciones se dieron en el puerto de Amberes; en el puerto de Rotterdam en Pa\u00edses Bajos; en una estancia llamada El Tigre en el Chaco paraguayo; y en un dep\u00f3sito de la Zona Norte de la ciudad de Fernando de la Mora.&nbsp;<\/p>\n\n\n\n<p>Todas las personas, empresas, puertos, importadores y exportadores que estuvieron de alguna manera involucrados con estas cargas fueron analizados para que, finalmente, se proceda a los allanamientos y al inicio de <em>A Ultranza Py<\/em> en febrero de 2022.&nbsp;<\/p>\n\n\n\n<p>Seg\u00fan la investigaci\u00f3n, atendiendo al valor que tiene la coca\u00edna en el mercado europeo, los cargamentos incautados estar\u00edan valorados en <strong>433.500.000 d\u00f3lares. <\/strong>La Fiscal\u00eda asegura que la pista ubicada en la Reserva Natural Cerro Cabrera &#8211; Timane fue una de las&nbsp; principales rutas de acceso a Paraguay de gran parte de los miles de kilos de coca\u00edna que moviliz\u00f3 el grupo criminal hasta Europa.<\/p>\n\n\n\n<h3 class=\"wp-block-heading\">Otra reserva desprotegida por el Estado<\/h3>\n\n\n\n<p>La situaci\u00f3n de la Reserva Cabrera no es novedad para el Chaco paraguayo. Al igual que otras \u00e1reas protegidas de esta regi\u00f3n, la reserva no tiene protecci\u00f3n adecuada. Si bien figura dentro del <a href=\"https:\/\/www.mades.gov.py\/areas-tematicas\/biodiversidad\/areas-silvestres-protegidas\/sinasip\/#:~:text=El%20Sistema%20Nacional%20de%20%C3%81reas,conservaci%C3%B3n%20establecidos%20por%20el%20gobierno\">Sistema Nacional de \u00c1reas Protegidas (SINAP)<\/a> desde 2001, El Surtidor pudo comprobar que <strong>no cuenta con guardaparques designados.<\/strong><\/p>\n\n\n\n<p>El\u00ed Francisco Le\u00f3n, director de \u00e1reas silvestres protegidas del Ministerio del Ambiente (MADES), explic\u00f3 que la instituci\u00f3n no tiene cubierto el \u00e1rea donde se encuentra la pista porque a\u00fan falta definir la mensura judicial para asegurar la titulaci\u00f3n. Por esta raz\u00f3n no han intervenido en los operativos de la Fiscal\u00eda. El director tambi\u00e9n coment\u00f3 que tienen identificada otra pista en el interior de la Reserva. Asegura que est\u00e1 inactiva desde hace 40 a\u00f1os y que el acceso a ella es imposible.&nbsp;<\/p>\n\n\n\n<p>Las \u00e1reas protegidas del Chaco no son las \u00fanicas afectadas por el narcotr\u00e1fico. En julio de 2022, la SENAD inform\u00f3 de la destrucci\u00f3n de cuatro pistas clandestinas operativas en el Parque Nacional Paso Bravo, en Concepci\u00f3n. En febrero de 2024, en otro <a href=\"https:\/\/www.ultimahora.com\/chaco-caen-10-extranjeros-con-fusiles-y-avioneta-en-un-hangar-en-alto-paraguay\">operativo<\/a>, intervino una pista clandestina que estaba ubicada muy cerca de la Reserva Cerro Cabrera \u2013 Timane. Esa vez, los intervinientes decomisaron una avioneta y detuvieron a diez personas extranjeras que estaban en el lugar.&nbsp;<\/p>\n\n\n\n<p>Para el MADES, la Reserva Cerro Cabrera tiene como objetivo proteger y conservar una zona representativa de la ecorregi\u00f3n conocida como Chaco Seco, sus comunidades naturales y las especies que albergan.&nbsp;&nbsp;<\/p>\n\n\n\n<p>Como su nombre insin\u00faa, en esta \u00e1rea protegida se forma un cerro &#8211; declarado por el Estado como monumento natural &#8211; que llega a su pico m\u00e1ximo a los 623 metros sobre el nivel del mar. La zona se destaca por sus praderas, elevaciones rocosas y la cantidad de especies end\u00e9micas (especies que solo viven en esa zona).&nbsp;<\/p>\n\n\n\n<p><a href=\"https:\/\/parquesnacionalesdelparaguay.blogspot.com\/2021\/03\/descubriendo-la-reserva-natural-cabrera.html?view=flipcard#:~:text=Especies%20de%20fauna%20silvestre%20que,%2C%20zorro%2C%20armadillos%20y%20otras.\">Especialistas<\/a> cuentan que all\u00ed se puede apreciar la mayor cantidad de poblaciones de tat\u00fa carreta (<em>Priodontes maximus<\/em>). Tambi\u00e9n merodean jaguaret\u00e9s (<em>Pantera onca<\/em>) o pumas (<em>Puma concolor<\/em>) como en el resto del Chaco.&nbsp;&nbsp;<\/p>\n\n\n\n<p>La Reserva Cerro Cabrera se encuentra en el n\u00facleo mismo de lo que se conoce como Reserva de la Bi\u00f3sfera del Chaco, un \u00e1rea de 7,4 millones de hect\u00e1reas que integra, desde el 2005, la lista mundial de reservas de biosferas que la UNESCO reconoce como patrimonio natural.<\/p>\n\n\n\n<p>Dentro de esta biosfera est\u00e1 el Parque Nacional Defensores del Chaco, el \u00e1rea protegida m\u00e1s grande de Paraguay, con unas 700.000 hect\u00e1reas. El parque tiene apenas cuatro guardaparques para cuidar el per\u00edmetro. La Uni\u00f3n Internacional para la Conservaci\u00f3n de la Naturaleza (UICN) recomienda que haya un guardaparque por cada 500 hect\u00e1reas como m\u00ednimo. El <a href=\"https:\/\/www.mades.gov.py\/2022\/07\/31\/dia-mundial-del-guardaparque-solo-83-para-cuidar-mas-de-dos-millones-de-hectareas\/\">MADES admite<\/a> que el pa\u00eds tiene solo 83 guardaparques para 2.446.769 hect\u00e1reas de \u00e1reas silvestres protegidas.&nbsp;<\/p>\n\n\n\n<p><\/p>","protected":false},"excerpt":{"rendered":"<p>El operativo A Ultranza Py revela la conexi\u00f3n entre narcotr\u00e1fico y cr\u00edmenes ambientales <\/p>","protected":false},"author":4,"featured_media":65441,"template":"","tags":[183,175],"fenomeno":[67],"tema":[],"acf":[],"_links":{"self":[{"href":"https:\/\/elsurti.com\/pt\/wp-json\/wp\/v2\/reportaje\/65420"}],"collection":[{"href":"https:\/\/elsurti.com\/pt\/wp-json\/wp\/v2\/reportaje"}],"about":[{"href":"https:\/\/elsurti.com\/pt\/wp-json\/wp\/v2\/types\/reportaje"}],"author":[{"embeddable":true,"href":"https:\/\/elsurti.com\/pt\/wp-json\/wp\/v2\/users\/4"}],"version-history":[{"count":19,"href":"https:\/\/elsurti.com\/pt\/wp-json\/wp\/v2\/reportaje\/65420\/revisions"}],"predecessor-version":[{"id":65454,"href":"https:\/\/elsurti.com\/pt\/wp-json\/wp\/v2\/reportaje\/65420\/revisions\/65454"}],"wp:featuredmedia":[{"embeddable":true,"href":"https:\/\/elsurti.com\/pt\/wp-json\/wp\/v2\/media\/65441"}],"wp:attachment":[{"href":"https:\/\/elsurti.com\/pt\/wp-json\/wp\/v2\/media?parent=65420"}],"wp:term":[{"taxonomy":"post_tag","embeddable":true,"href":"https:\/\/elsurti.com\/pt\/wp-json\/wp\/v2\/tags?post=65420"},{"taxonomy":"fenomeno","embeddable":true,"href":"https:\/\/elsurti.com\/pt\/wp-json\/wp\/v2\/fenomeno?post=65420"},{"taxonomy":"tema","embeddable":true,"href":"https:\/\/elsurti.com\/pt\/wp-json\/wp\/v2\/tema?post=65420"}],"curies":[{"name":"wp","href":"https:\/\/api.w.org\/{rel}","templated":true}]}}