{"id":16760,"date":"2021-04-13T17:27:55","date_gmt":"2021-04-13T21:27:55","guid":{"rendered":"https:\/\/elsurti.com\/?post_type=scroll&#038;p=16760"},"modified":"2021-04-16T11:12:32","modified_gmt":"2021-04-16T15:12:32","slug":"el-recuerdo-de-quienes-se-fueron","status":"publish","type":"scroll","link":"https:\/\/elsurti.com\/pt\/coronavirus\/scroll\/2021\/04\/13\/el-recuerdo-de-quienes-se-fueron\/","title":{"rendered":"El recuerdo de quienes se fueron"},"content":{"rendered":"<div class=\"wp-block-group scroll-screen\"><div class=\"wp-block-group__inner-container is-layout-flow wp-block-group-is-layout-flow\">\n<p class=\"has-text-align-center\">Jorge Ver\u00f3n, 39 a\u00f1os, animaba a sus compa\u00f1eros del Hospital de Cl\u00ednicas en medio de los peores d\u00edas de la pandemia. \u201cJa\u2019u va\u2019er\u00e3 ja\u2019us\u00e9a\u201d &#8211; tenemos que comer lo que queremos- les dec\u00eda para atravesar con los mejores \u00e1nimos la tragedia. El enfermero de Itacurub\u00ed de la Cordillera era padre de una ni\u00f1a de 7 a\u00f1os.<\/p>\n<\/div><\/div>\n\n\n\n<div class=\"wp-block-group scroll-screen\"><div class=\"wp-block-group__inner-container is-layout-flow wp-block-group-is-layout-flow\">\n<div class=\"wp-block-image\"><figure class=\"aligncenter size-large\"><img fetchpriority=\"high\" decoding=\"async\" width=\"500\" height=\"500\" src=\"https:\/\/elsurti.com\/wp-content\/uploads\/2021\/04\/922_scroll4.jpg\" alt=\"\" class=\"wp-image-16853\" srcset=\"https:\/\/elsurti.com\/wp-content\/uploads\/2021\/04\/922_scroll4.jpg 500w, https:\/\/elsurti.com\/wp-content\/uploads\/2021\/04\/922_scroll4-300x300.jpg 300w, https:\/\/elsurti.com\/wp-content\/uploads\/2021\/04\/922_scroll4-200x200.jpg 200w, https:\/\/elsurti.com\/wp-content\/uploads\/2021\/04\/922_scroll4-150x150.jpg 150w, https:\/\/elsurti.com\/wp-content\/uploads\/2021\/04\/922_scroll4-96x96.jpg 96w\" sizes=\"(max-width: 500px) 100vw, 500px\" \/><\/figure><\/div>\n<\/div><\/div>\n\n\n\n<div class=\"wp-block-group scroll-screen\"><div class=\"wp-block-group__inner-container is-layout-flow wp-block-group-is-layout-flow\">\n<p class=\"has-text-align-center\">Evelyn Noguera, 34 a\u00f1os, cri\u00f3 sola a sus hijos de 7 y 14 a\u00f1os. Era la organizadora oficial de los cumplea\u00f1os de la familia. Le encantaba bailar y hacer bromas a sus t\u00edas cuando iban a misa: \u201c\u00bfndodispar\u00e1i pio pendehegui la santo?\u201d &#8211; \u00bfNo corrieron de ustedes los santos?- les sol\u00eda preguntar. Como enfermera en el Hospital de Cl\u00ednicas, a ella le tocaba correr detr\u00e1s de sus pacientes.<\/p>\n<\/div><\/div>\n\n\n\n<div class=\"wp-block-group scroll-screen\"><div class=\"wp-block-group__inner-container is-layout-flow wp-block-group-is-layout-flow\">\n<div class=\"wp-block-image\"><figure class=\"aligncenter size-large\"><img decoding=\"async\" width=\"500\" height=\"500\" src=\"https:\/\/elsurti.com\/wp-content\/uploads\/2021\/04\/922_scroll5.jpg\" alt=\"\" class=\"wp-image-16909\" srcset=\"https:\/\/elsurti.com\/wp-content\/uploads\/2021\/04\/922_scroll5.jpg 500w, https:\/\/elsurti.com\/wp-content\/uploads\/2021\/04\/922_scroll5-300x300.jpg 300w, https:\/\/elsurti.com\/wp-content\/uploads\/2021\/04\/922_scroll5-200x200.jpg 200w, https:\/\/elsurti.com\/wp-content\/uploads\/2021\/04\/922_scroll5-150x150.jpg 150w, https:\/\/elsurti.com\/wp-content\/uploads\/2021\/04\/922_scroll5-96x96.jpg 96w\" sizes=\"(max-width: 500px) 100vw, 500px\" \/><\/figure><\/div>\n<\/div><\/div>\n\n\n\n<div class=\"wp-block-group scroll-screen\"><div class=\"wp-block-group__inner-container is-layout-flow wp-block-group-is-layout-flow\">\n<p class=\"has-text-align-center\">Nilce Centuri\u00f3n o <em>Peque<\/em> trabaj\u00f3 como enfermera durante casi 30 a\u00f1os en el Hospital de Cl\u00ednicas. Era quien estaba \u201csiempre para todo\u201d.<\/p>\n<\/div><\/div>\n\n\n\n<div class=\"wp-block-group scroll-screen\"><div class=\"wp-block-group__inner-container is-layout-flow wp-block-group-is-layout-flow\">\n<p class=\"has-text-align-center\">Hasta el 6 de abril de 2021, un total de 35 enfermeras y enfermeros murieron debido a complicaciones de covid-19. Ocho prestaban servicio en Cl\u00ednicas.<\/p>\n<\/div><\/div>\n\n\n\n<div class=\"wp-block-group scroll-screen\"><div class=\"wp-block-group__inner-container is-layout-flow wp-block-group-is-layout-flow\">\n<div class=\"wp-block-image\"><figure class=\"aligncenter size-large\"><img decoding=\"async\" width=\"500\" height=\"500\" src=\"https:\/\/elsurti.com\/wp-content\/uploads\/2021\/04\/922_scroll6.jpg\" alt=\"\" class=\"wp-image-16923\" srcset=\"https:\/\/elsurti.com\/wp-content\/uploads\/2021\/04\/922_scroll6.jpg 500w, https:\/\/elsurti.com\/wp-content\/uploads\/2021\/04\/922_scroll6-300x300.jpg 300w, https:\/\/elsurti.com\/wp-content\/uploads\/2021\/04\/922_scroll6-200x200.jpg 200w, https:\/\/elsurti.com\/wp-content\/uploads\/2021\/04\/922_scroll6-150x150.jpg 150w, https:\/\/elsurti.com\/wp-content\/uploads\/2021\/04\/922_scroll6-96x96.jpg 96w\" sizes=\"(max-width: 500px) 100vw, 500px\" \/><\/figure><\/div>\n<\/div><\/div>\n\n\n\n<div class=\"wp-block-group scroll-screen\"><div class=\"wp-block-group__inner-container is-layout-flow wp-block-group-is-layout-flow\">\n<p class=\"has-text-align-center\">Jorge Ver\u00f3n, Dolly Barreto, Tania Buri\u00e1n, Evelyn Noguera, Odonia Gonz\u00e1lez, Antonia Gonz\u00e1lez, Nilce Centuri\u00f3n y Edgard Mar\u00edn.<\/p>\n<\/div><\/div>\n\n\n\n<div class=\"wp-block-group scroll-screen\"><div class=\"wp-block-group__inner-container is-layout-flow wp-block-group-is-layout-flow\">\n<div class=\"wp-block-image\"><figure class=\"aligncenter size-large\"><img loading=\"lazy\" decoding=\"async\" width=\"500\" height=\"500\" src=\"https:\/\/elsurti.com\/wp-content\/uploads\/2021\/04\/922_scroll7.jpg\" alt=\"\" class=\"wp-image-16935\" srcset=\"https:\/\/elsurti.com\/wp-content\/uploads\/2021\/04\/922_scroll7.jpg 500w, https:\/\/elsurti.com\/wp-content\/uploads\/2021\/04\/922_scroll7-300x300.jpg 300w, https:\/\/elsurti.com\/wp-content\/uploads\/2021\/04\/922_scroll7-200x200.jpg 200w, https:\/\/elsurti.com\/wp-content\/uploads\/2021\/04\/922_scroll7-150x150.jpg 150w, https:\/\/elsurti.com\/wp-content\/uploads\/2021\/04\/922_scroll7-96x96.jpg 96w\" sizes=\"(max-width: 500px) 100vw, 500px\" \/><\/figure><\/div>\n<\/div><\/div>\n\n\n\n<div class=\"wp-block-group scroll-screen\"><div class=\"wp-block-group__inner-container is-layout-flow wp-block-group-is-layout-flow\">\n<p class=\"has-text-align-center\">Zunilda Mareco, <em>Zuni<\/em>, transmit\u00eda energ\u00eda con su sonrisa. Como trabajadora social dedic\u00f3 su vida al servicio de las personas m\u00e1s vulnerables. Era coordinadora en el oratorio y centro juvenil salesiano San Luis.<\/p>\n<\/div><\/div>\n\n\n\n<div class=\"wp-block-group scroll-screen\"><div class=\"wp-block-group__inner-container is-layout-flow wp-block-group-is-layout-flow\">\n<div class=\"wp-block-image\"><figure class=\"aligncenter size-large\"><img loading=\"lazy\" decoding=\"async\" width=\"500\" height=\"500\" src=\"https:\/\/elsurti.com\/wp-content\/uploads\/2021\/04\/922_scroll9.jpg\" alt=\"\" class=\"wp-image-16939\" srcset=\"https:\/\/elsurti.com\/wp-content\/uploads\/2021\/04\/922_scroll9.jpg 500w, https:\/\/elsurti.com\/wp-content\/uploads\/2021\/04\/922_scroll9-300x300.jpg 300w, https:\/\/elsurti.com\/wp-content\/uploads\/2021\/04\/922_scroll9-200x200.jpg 200w, https:\/\/elsurti.com\/wp-content\/uploads\/2021\/04\/922_scroll9-150x150.jpg 150w, https:\/\/elsurti.com\/wp-content\/uploads\/2021\/04\/922_scroll9-96x96.jpg 96w\" sizes=\"(max-width: 500px) 100vw, 500px\" \/><\/figure><\/div>\n<\/div><\/div>\n\n\n\n<div class=\"wp-block-group scroll-screen\"><div class=\"wp-block-group__inner-container is-layout-flow wp-block-group-is-layout-flow\">\n<p class=\"has-text-align-center\">Don Claudio Llano, 101 a\u00f1os, fue el abuelo m\u00e1s querido. Tanto que las compa\u00f1eras de su nieta Sonia Guti\u00e9rrez lo recordaron en el acto del Duelo Social Paraguay frente al Ministerio de Salud.<\/p>\n<\/div><\/div>\n\n\n\n<div class=\"wp-block-group scroll-screen\"><div class=\"wp-block-group__inner-container is-layout-flow wp-block-group-is-layout-flow\">\n<div class=\"wp-block-image\"><figure class=\"aligncenter size-large\"><img loading=\"lazy\" decoding=\"async\" width=\"500\" height=\"500\" src=\"https:\/\/elsurti.com\/wp-content\/uploads\/2021\/04\/922_scroll10.jpg\" alt=\"\" class=\"wp-image-16941\" srcset=\"https:\/\/elsurti.com\/wp-content\/uploads\/2021\/04\/922_scroll10.jpg 500w, https:\/\/elsurti.com\/wp-content\/uploads\/2021\/04\/922_scroll10-300x300.jpg 300w, https:\/\/elsurti.com\/wp-content\/uploads\/2021\/04\/922_scroll10-200x200.jpg 200w, https:\/\/elsurti.com\/wp-content\/uploads\/2021\/04\/922_scroll10-150x150.jpg 150w, https:\/\/elsurti.com\/wp-content\/uploads\/2021\/04\/922_scroll10-96x96.jpg 96w\" sizes=\"(max-width: 500px) 100vw, 500px\" \/><\/figure><\/div>\n<\/div><\/div>\n\n\n\n<div class=\"wp-block-group scroll-screen\"><div class=\"wp-block-group__inner-container is-layout-flow wp-block-group-is-layout-flow\">\n<p class=\"has-text-align-center\">En ese mismo acto estuvo la hermana de Marcos Benito Garc\u00eda R\u00edos, 66 a\u00f1os, que tambi\u00e9n fue padre y abuelo. Tuvo cinco hijos. Lo recordaron con un pa\u00f1o de cruz blanco con encajes.<\/p>\n<\/div><\/div>\n\n\n\n<div class=\"wp-block-group scroll-screen\"><div class=\"wp-block-group__inner-container is-layout-flow wp-block-group-is-layout-flow\">\n<div class=\"wp-block-image\"><figure class=\"aligncenter size-large\"><img loading=\"lazy\" decoding=\"async\" width=\"500\" height=\"500\" src=\"https:\/\/elsurti.com\/wp-content\/uploads\/2021\/04\/922_scroll11.jpg\" alt=\"\" class=\"wp-image-16942\" srcset=\"https:\/\/elsurti.com\/wp-content\/uploads\/2021\/04\/922_scroll11.jpg 500w, https:\/\/elsurti.com\/wp-content\/uploads\/2021\/04\/922_scroll11-300x300.jpg 300w, https:\/\/elsurti.com\/wp-content\/uploads\/2021\/04\/922_scroll11-200x200.jpg 200w, https:\/\/elsurti.com\/wp-content\/uploads\/2021\/04\/922_scroll11-150x150.jpg 150w, https:\/\/elsurti.com\/wp-content\/uploads\/2021\/04\/922_scroll11-96x96.jpg 96w\" sizes=\"(max-width: 500px) 100vw, 500px\" \/><\/figure><\/div>\n<\/div><\/div>\n\n\n\n<div class=\"wp-block-group scroll-screen\"><div class=\"wp-block-group__inner-container is-layout-flow wp-block-group-is-layout-flow\">\n<p class=\"has-text-align-center\">Nancy Cardozo, 35 a\u00f1os, ten\u00eda dos ni\u00f1os. Era de Itap\u00e9. Hace seis a\u00f1os que trabajaba como enfermera en el Hospital de Villarrica, Guair\u00e1. Sus compa\u00f1eros cuentan que era muy querida por su don de servicio con los pacientes.<\/p>\n<\/div><\/div>\n\n\n\n<div class=\"wp-block-group scroll-screen\"><div class=\"wp-block-group__inner-container is-layout-flow wp-block-group-is-layout-flow\">\n<div class=\"wp-block-image\"><figure class=\"aligncenter size-large\"><img loading=\"lazy\" decoding=\"async\" width=\"500\" height=\"500\" src=\"https:\/\/elsurti.com\/wp-content\/uploads\/2021\/04\/922_scroll8-1.jpg\" alt=\"\" class=\"wp-image-16943\" srcset=\"https:\/\/elsurti.com\/wp-content\/uploads\/2021\/04\/922_scroll8-1.jpg 500w, https:\/\/elsurti.com\/wp-content\/uploads\/2021\/04\/922_scroll8-1-300x300.jpg 300w, https:\/\/elsurti.com\/wp-content\/uploads\/2021\/04\/922_scroll8-1-200x200.jpg 200w, https:\/\/elsurti.com\/wp-content\/uploads\/2021\/04\/922_scroll8-1-150x150.jpg 150w, https:\/\/elsurti.com\/wp-content\/uploads\/2021\/04\/922_scroll8-1-96x96.jpg 96w\" sizes=\"(max-width: 500px) 100vw, 500px\" \/><\/figure><\/div>\n<\/div><\/div>\n\n\n\n<div class=\"wp-block-group scroll-screen\"><div class=\"wp-block-group__inner-container is-layout-flow wp-block-group-is-layout-flow\">\n<p class=\"has-text-align-center\">Julio Paredes, 61 a\u00f1os, era conocido por ser hincha del club Cerro Porte\u00f1o y porque ten\u00eda una memoria prodigiosa: sab\u00eda&nbsp; el nombre de cada estudiante que buscaba un libro en la facultad de Filosof\u00eda de la UNA donde trabajaba. La facultad no ser\u00e1 lo mismo sin el amable don Julio, dicen.<\/p>\n<\/div><\/div>\n\n\n\n<div class=\"wp-block-group scroll-screen\"><div class=\"wp-block-group__inner-container is-layout-flow wp-block-group-is-layout-flow\">\n<div class=\"wp-block-image\"><figure class=\"aligncenter size-large\"><img loading=\"lazy\" decoding=\"async\" width=\"500\" height=\"500\" src=\"https:\/\/elsurti.com\/wp-content\/uploads\/2021\/04\/922_scroll12.jpg\" alt=\"\" class=\"wp-image-16944\" srcset=\"https:\/\/elsurti.com\/wp-content\/uploads\/2021\/04\/922_scroll12.jpg 500w, https:\/\/elsurti.com\/wp-content\/uploads\/2021\/04\/922_scroll12-300x300.jpg 300w, https:\/\/elsurti.com\/wp-content\/uploads\/2021\/04\/922_scroll12-200x200.jpg 200w, https:\/\/elsurti.com\/wp-content\/uploads\/2021\/04\/922_scroll12-150x150.jpg 150w, https:\/\/elsurti.com\/wp-content\/uploads\/2021\/04\/922_scroll12-96x96.jpg 96w\" sizes=\"(max-width: 500px) 100vw, 500px\" \/><\/figure><\/div>\n<\/div><\/div>\n\n\n\n<div class=\"wp-block-group scroll-screen\"><div class=\"wp-block-group__inner-container is-layout-flow wp-block-group-is-layout-flow\">\n<p class=\"has-text-align-center\">A Manuel Gonz\u00e1lez sus compa\u00f1eros lo recuerdan como el mozo que atend\u00eda siempre con una sonrisa.<\/p>\n<\/div><\/div>\n\n\n\n<div class=\"wp-block-group scroll-screen\"><div class=\"wp-block-group__inner-container is-layout-flow wp-block-group-is-layout-flow\">\n<div class=\"wp-block-image\"><figure class=\"aligncenter size-large\"><img loading=\"lazy\" decoding=\"async\" width=\"500\" height=\"500\" src=\"https:\/\/elsurti.com\/wp-content\/uploads\/2021\/04\/922_scroll13.jpg\" alt=\"\" class=\"wp-image-16946\" srcset=\"https:\/\/elsurti.com\/wp-content\/uploads\/2021\/04\/922_scroll13.jpg 500w, https:\/\/elsurti.com\/wp-content\/uploads\/2021\/04\/922_scroll13-300x300.jpg 300w, https:\/\/elsurti.com\/wp-content\/uploads\/2021\/04\/922_scroll13-200x200.jpg 200w, https:\/\/elsurti.com\/wp-content\/uploads\/2021\/04\/922_scroll13-150x150.jpg 150w, https:\/\/elsurti.com\/wp-content\/uploads\/2021\/04\/922_scroll13-96x96.jpg 96w\" sizes=\"(max-width: 500px) 100vw, 500px\" \/><\/figure><\/div>\n<\/div><\/div>\n\n\n\n<div class=\"wp-block-group scroll-screen\"><div class=\"wp-block-group__inner-container is-layout-flow wp-block-group-is-layout-flow\">\n<p class=\"has-text-align-center\">Hugo D\u00edez P\u00e9rez, 69 a\u00f1os, fue neurocirujano. Amaba las reuniones familiares, a Cerro Porte\u00f1o y ayudar a la gente. El m\u00e9dico fue el primer fallecido a causa del covid-19 en Paraguay el 20 de marzo de 2020, a pocos d\u00edas de confirmarse los primeros casos de infecci\u00f3n.<\/p>\n<\/div><\/div>\n\n\n\n<div class=\"wp-block-group scroll-screen\"><div class=\"wp-block-group__inner-container is-layout-flow wp-block-group-is-layout-flow\">\n<div class=\"wp-block-image\"><figure class=\"aligncenter size-large\"><img loading=\"lazy\" decoding=\"async\" width=\"500\" height=\"500\" src=\"https:\/\/elsurti.com\/wp-content\/uploads\/2021\/04\/922_scroll14.jpg\" alt=\"\" class=\"wp-image-16947\" srcset=\"https:\/\/elsurti.com\/wp-content\/uploads\/2021\/04\/922_scroll14.jpg 500w, https:\/\/elsurti.com\/wp-content\/uploads\/2021\/04\/922_scroll14-300x300.jpg 300w, https:\/\/elsurti.com\/wp-content\/uploads\/2021\/04\/922_scroll14-200x200.jpg 200w, https:\/\/elsurti.com\/wp-content\/uploads\/2021\/04\/922_scroll14-150x150.jpg 150w, https:\/\/elsurti.com\/wp-content\/uploads\/2021\/04\/922_scroll14-96x96.jpg 96w\" sizes=\"(max-width: 500px) 100vw, 500px\" \/><\/figure><\/div>\n<\/div><\/div>\n\n\n\n<div class=\"wp-block-group scroll-screen\"><div class=\"wp-block-group__inner-container is-layout-flow wp-block-group-is-layout-flow\">\n<p class=\"has-text-align-center\">Hasta el 7 de abril de 2021, 40 m\u00e9dicos y m\u00e9dicas murieron a causa de la enfermedad.<\/p>\n<\/div><\/div>\n\n\n\n<div class=\"wp-block-group scroll-screen\"><div class=\"wp-block-group__inner-container is-layout-flow wp-block-group-is-layout-flow\">\n<p class=\"has-text-align-center\">Hugo D\u00edez P\u00e9rez, Benito N\u00fa\u00f1ez, Carlos Dom\u00ednguez, Jorge Bord\u00f3n, Augusto Recalde, Christian Valenzuela, Javier Pescador, Liberato Codas, Rub\u00e9n Maciel, Miguel Aguilar, Miguel \u00c1ngel Gamarra, Kenny Cede\u00f1o, N\u00e9stor Nicolicchia, Gustavo Arias, Gustavo Britos, Luis Sald\u00edvar, Porfirio Notario, Nemesio Fiandro, Julio Cuquejo, Pedro Gonz\u00e1lez, Mirian Riveros, C\u00e9sar Escobar, Mart\u00edn Gonz\u00e1lez, Delia Figueredo, C\u00e9sar Arriola, Fabio Franco, Lourdes Barrios, Jos\u00e9 Cabrera, Raquel Valdovinos, \u00c9dgar Alcaraz, Eliodoro Samudio, Antonio R\u00edos, Mabel Valdovinos, Joaqu\u00edn Fari\u00f1a, Mirtha Villalba, Manuel Pati\u00f1o, Federico Arguello, Alba Narv\u00e1ez, Irene Ruiz D\u00edaz y Regis Vel\u00e1zquez.<\/p>\n<\/div><\/div>","protected":false},"excerpt":{"rendered":"<p>Paraguay se acerca a contar 5000 personas fallecidas a causa de la covid-19. \u00bfQui\u00e9nes son? En las palabras de sus afectos, recordamos algunas de estas vidas. <\/p>","protected":false},"author":5,"featured_media":16852,"template":"","tags":[],"fenomeno":[21],"tema":[],"acf":[],"_links":{"self":[{"href":"https:\/\/elsurti.com\/pt\/wp-json\/wp\/v2\/scroll\/16760"}],"collection":[{"href":"https:\/\/elsurti.com\/pt\/wp-json\/wp\/v2\/scroll"}],"about":[{"href":"https:\/\/elsurti.com\/pt\/wp-json\/wp\/v2\/types\/scroll"}],"author":[{"embeddable":true,"href":"https:\/\/elsurti.com\/pt\/wp-json\/wp\/v2\/users\/5"}],"version-history":[{"count":40,"href":"https:\/\/elsurti.com\/pt\/wp-json\/wp\/v2\/scroll\/16760\/revisions"}],"predecessor-version":[{"id":17002,"href":"https:\/\/elsurti.com\/pt\/wp-json\/wp\/v2\/scroll\/16760\/revisions\/17002"}],"wp:featuredmedia":[{"embeddable":true,"href":"https:\/\/elsurti.com\/pt\/wp-json\/wp\/v2\/media\/16852"}],"wp:attachment":[{"href":"https:\/\/elsurti.com\/pt\/wp-json\/wp\/v2\/media?parent=16760"}],"wp:term":[{"taxonomy":"post_tag","embeddable":true,"href":"https:\/\/elsurti.com\/pt\/wp-json\/wp\/v2\/tags?post=16760"},{"taxonomy":"fenomeno","embeddable":true,"href":"https:\/\/elsurti.com\/pt\/wp-json\/wp\/v2\/fenomeno?post=16760"},{"taxonomy":"tema","embeddable":true,"href":"https:\/\/elsurti.com\/pt\/wp-json\/wp\/v2\/tema?post=16760"}],"curies":[{"name":"wp","href":"https:\/\/api.w.org\/{rel}","templated":true}]}}