{"id":9548,"date":"2020-11-18T13:32:41","date_gmt":"2020-11-18T17:32:41","guid":{"rendered":"https:\/\/elsurti.com\/?post_type=scroll&#038;p=9548"},"modified":"2022-10-20T11:17:54","modified_gmt":"2022-10-20T15:17:54","slug":"4-pasos-para-detectar-casos-de-depresion-y-actuar-a-tiempo","status":"publish","type":"scroll","link":"https:\/\/elsurti.com\/pt\/futuros\/scroll\/2020\/11\/18\/4-pasos-para-detectar-casos-de-depresion-y-actuar-a-tiempo\/","title":{"rendered":"4 pasos para detectar casos de depresi\u00f3n y actuar a tiempo"},"content":{"rendered":"<div class=\"wp-block-group\"><div class=\"wp-block-group__inner-container is-layout-flow wp-block-group-is-layout-flow\">\n<div class=\"wp-block-group scroll-screen\"><div class=\"wp-block-group__inner-container is-layout-flow wp-block-group-is-layout-flow\">\n<p class=\"has-text-align-center\"><strong>1. Percibir las se\u00f1ales.<\/strong> Si interrumpe su rutina por al menos 2 semanas. Si ya no muestra placer ni alegr\u00eda ante cosas que antes s\u00ed las provocaban.\u00a0Si le resulta dif\u00edcil tomar decisiones en asuntos poco importantes. Tambi\u00e9n si tiene dificultad para dormir.<\/p>\n<\/div><\/div>\n\n\n\n<div class=\"wp-block-group\"><div class=\"wp-block-group__inner-container is-layout-flow wp-block-group-is-layout-flow\">\n<div class=\"wp-block-group scroll-screen\"><div class=\"wp-block-group__inner-container is-layout-flow wp-block-group-is-layout-flow\">\n<div class=\"wp-block-image\"><figure class=\"aligncenter size-large\"><img fetchpriority=\"high\" decoding=\"async\" width=\"850\" height=\"640\" src=\"https:\/\/elsurti.com\/wp-content\/uploads\/2020\/11\/scroll4-2.jpg\" alt=\"\" class=\"wp-image-9555\" srcset=\"https:\/\/elsurti.com\/wp-content\/uploads\/2020\/11\/scroll4-2.jpg 850w, https:\/\/elsurti.com\/wp-content\/uploads\/2020\/11\/scroll4-2-300x226.jpg 300w, https:\/\/elsurti.com\/wp-content\/uploads\/2020\/11\/scroll4-2-768x578.jpg 768w, https:\/\/elsurti.com\/wp-content\/uploads\/2020\/11\/scroll4-2-150x113.jpg 150w\" sizes=\"(max-width: 850px) 100vw, 850px\" \/><\/figure><\/div>\n<\/div><\/div>\n<\/div><\/div>\n\n\n\n<div class=\"wp-block-group\"><div class=\"wp-block-group__inner-container is-layout-flow wp-block-group-is-layout-flow\">\n<div class=\"wp-block-group scroll-screen\"><div class=\"wp-block-group__inner-container is-layout-flow wp-block-group-is-layout-flow\">\n<p class=\"has-text-align-center\"><strong>2. Conversar.<\/strong> Si a los cambios de conducta se suma que la persona se mueve m\u00e1s lento, est\u00e1 irritable y se a\u00edsla; es tiempo de hablar. En privado, largo, sin juzgar ni ser complaciente.<\/p>\n<\/div><\/div>\n<\/div><\/div>\n\n\n\n<div class=\"wp-block-group\"><div class=\"wp-block-group__inner-container is-layout-flow wp-block-group-is-layout-flow\">\n<div class=\"wp-block-group scroll-screen\"><div class=\"wp-block-group__inner-container is-layout-flow wp-block-group-is-layout-flow\">\n<div class=\"wp-block-image\"><figure class=\"aligncenter size-large\"><img decoding=\"async\" width=\"850\" height=\"740\" src=\"https:\/\/elsurti.com\/wp-content\/uploads\/2020\/11\/scroll5-2.jpg\" alt=\"\" class=\"wp-image-9564\" srcset=\"https:\/\/elsurti.com\/wp-content\/uploads\/2020\/11\/scroll5-2.jpg 850w, https:\/\/elsurti.com\/wp-content\/uploads\/2020\/11\/scroll5-2-300x261.jpg 300w, https:\/\/elsurti.com\/wp-content\/uploads\/2020\/11\/scroll5-2-768x669.jpg 768w, https:\/\/elsurti.com\/wp-content\/uploads\/2020\/11\/scroll5-2-150x131.jpg 150w\" sizes=\"(max-width: 850px) 100vw, 850px\" \/><\/figure><\/div>\n\n\n\n<div class=\"wp-block-group\"><div class=\"wp-block-group__inner-container is-layout-flow wp-block-group-is-layout-flow\">\n<div class=\"wp-block-group scroll-screen\"><div class=\"wp-block-group__inner-container is-layout-flow wp-block-group-is-layout-flow\">\n<p class=\"has-text-align-center\"><strong>3. Hacer la pregunta dif\u00edcil.<\/strong> En caso de percibir gravedad, muchas personas no preguntan sobre el suicidio, porque lo creen inapropiado o que pueden plantar la idea. Es un error. La idea estar\u00e1 o no, pero s\u00f3lo haciendo esa pregunta es posible actuar para su prevenci\u00f3n.<\/p>\n<\/div><\/div>\n\n\n\n<div class=\"wp-block-group\"><div class=\"wp-block-group__inner-container is-layout-flow wp-block-group-is-layout-flow\">\n<div class=\"wp-block-group scroll-screen\"><div class=\"wp-block-group__inner-container is-layout-flow wp-block-group-is-layout-flow\">\n<div class=\"wp-block-image\"><figure class=\"aligncenter size-large\"><img decoding=\"async\" width=\"850\" height=\"640\" src=\"https:\/\/elsurti.com\/wp-content\/uploads\/2020\/11\/scroll6-2.jpg\" alt=\"\" class=\"wp-image-9569\" srcset=\"https:\/\/elsurti.com\/wp-content\/uploads\/2020\/11\/scroll6-2.jpg 850w, https:\/\/elsurti.com\/wp-content\/uploads\/2020\/11\/scroll6-2-300x226.jpg 300w, https:\/\/elsurti.com\/wp-content\/uploads\/2020\/11\/scroll6-2-768x578.jpg 768w, https:\/\/elsurti.com\/wp-content\/uploads\/2020\/11\/scroll6-2-150x113.jpg 150w\" sizes=\"(max-width: 850px) 100vw, 850px\" \/><\/figure><\/div>\n\n\n\n<div class=\"wp-block-group\"><div class=\"wp-block-group__inner-container is-layout-flow wp-block-group-is-layout-flow\">\n<div class=\"wp-block-group scroll-screen\"><div class=\"wp-block-group__inner-container is-layout-flow wp-block-group-is-layout-flow\">\n<p class=\"has-text-align-center\"><strong>4. Acompa\u00f1ar.<\/strong> Si la respuesta es afirmativa, no se debe dejar sola a la persona y es necesario llevarla al centro de salud m\u00e1s cercano de manera inmediata. Si tiene menos de 19 a\u00f1os, a pediatr\u00eda. Si es mayor, con el profesional cl\u00ednico de Urgencias. \u00c9ste har\u00e1 la primera contenci\u00f3n y le derivar\u00e1 al especialista de salud mental.<\/p>\n<\/div><\/div>\n\n\n\n<div class=\"wp-block-group\"><div class=\"wp-block-group__inner-container is-layout-flow wp-block-group-is-layout-flow\">\n<div class=\"wp-block-group scroll-screen\"><div class=\"wp-block-group__inner-container is-layout-flow wp-block-group-is-layout-flow\">\n<div class=\"wp-block-image\"><figure class=\"aligncenter size-large\"><img loading=\"lazy\" decoding=\"async\" width=\"850\" height=\"600\" src=\"https:\/\/elsurti.com\/wp-content\/uploads\/2020\/11\/scroll7-2.jpg\" alt=\"\" class=\"wp-image-9574\" srcset=\"https:\/\/elsurti.com\/wp-content\/uploads\/2020\/11\/scroll7-2.jpg 850w, https:\/\/elsurti.com\/wp-content\/uploads\/2020\/11\/scroll7-2-300x212.jpg 300w, https:\/\/elsurti.com\/wp-content\/uploads\/2020\/11\/scroll7-2-768x542.jpg 768w, https:\/\/elsurti.com\/wp-content\/uploads\/2020\/11\/scroll7-2-150x106.jpg 150w\" sizes=\"(max-width: 850px) 100vw, 850px\" \/><\/figure><\/div>\n\n\n\n<div class=\"wp-block-group\"><div class=\"wp-block-group__inner-container is-layout-flow wp-block-group-is-layout-flow\">\n<div class=\"wp-block-group\"><div class=\"wp-block-group__inner-container is-layout-flow wp-block-group-is-layout-flow\">\n<p class=\"has-text-align-center scroll-screen\">La depresi\u00f3n es la causa principal de suicidio en Paraguay. Las personas con m\u00e1s riesgo son adolescentes, j\u00f3venes y mayores de 60 a\u00f1os.<\/p>\n<\/div><\/div>\n<\/div><\/div>\n<\/div><\/div>\n<\/div><\/div>\n<\/div><\/div>\n<\/div><\/div>\n<\/div><\/div>\n<\/div><\/div>\n<\/div><\/div>\n<\/div><\/div>\n<\/div><\/div>","protected":false},"excerpt":{"rendered":"<p>1. Percibir las se\u00f1ales. Si interrumpe su rutina por al menos 2 semanas. Si ya no muestra placer ni alegr\u00eda ante cosas que antes s\u00ed las provocaban.\u00a0Si le resulta dif\u00edcil tomar decisiones en asuntos poco importantes. Tambi\u00e9n si tiene dificultad para dormir. 2. Conversar. Si a los cambios de conducta se suma que la persona [&hellip;]<\/p>","protected":false},"author":8,"featured_media":9549,"template":"","tags":[],"fenomeno":[67],"tema":[250],"acf":[],"_links":{"self":[{"href":"https:\/\/elsurti.com\/pt\/wp-json\/wp\/v2\/scroll\/9548"}],"collection":[{"href":"https:\/\/elsurti.com\/pt\/wp-json\/wp\/v2\/scroll"}],"about":[{"href":"https:\/\/elsurti.com\/pt\/wp-json\/wp\/v2\/types\/scroll"}],"author":[{"embeddable":true,"href":"https:\/\/elsurti.com\/pt\/wp-json\/wp\/v2\/users\/8"}],"version-history":[{"count":24,"href":"https:\/\/elsurti.com\/pt\/wp-json\/wp\/v2\/scroll\/9548\/revisions"}],"predecessor-version":[{"id":9579,"href":"https:\/\/elsurti.com\/pt\/wp-json\/wp\/v2\/scroll\/9548\/revisions\/9579"}],"wp:featuredmedia":[{"embeddable":true,"href":"https:\/\/elsurti.com\/pt\/wp-json\/wp\/v2\/media\/9549"}],"wp:attachment":[{"href":"https:\/\/elsurti.com\/pt\/wp-json\/wp\/v2\/media?parent=9548"}],"wp:term":[{"taxonomy":"post_tag","embeddable":true,"href":"https:\/\/elsurti.com\/pt\/wp-json\/wp\/v2\/tags?post=9548"},{"taxonomy":"fenomeno","embeddable":true,"href":"https:\/\/elsurti.com\/pt\/wp-json\/wp\/v2\/fenomeno?post=9548"},{"taxonomy":"tema","embeddable":true,"href":"https:\/\/elsurti.com\/pt\/wp-json\/wp\/v2\/tema?post=9548"}],"curies":[{"name":"wp","href":"https:\/\/api.w.org\/{rel}","templated":true}]}}